{"id":30,"date":"2022-10-20T16:41:44","date_gmt":"2022-10-20T19:41:44","guid":{"rendered":"https:\/\/educacaointegral.org.br\/especiais\/seminario-educacao-integral-em-debate-2022\/?post_type=participantes&#038;p=30"},"modified":"2022-10-25T10:52:10","modified_gmt":"2022-10-25T13:52:10","slug":"natacha-costa","status":"publish","type":"participantes","link":"https:\/\/educacaointegral.org.br\/especiais\/seminario-educacao-integral-em-debate-2022\/participantes\/natacha-costa\/","title":{"rendered":"Natacha Costa"},"content":{"rendered":"\n<p>\u00c9 diretora geral da Associa\u00e7\u00e3o Cidade Escola Aprendiz desde 2006. Psic\u00f3loga formada e licenciada pela PUC-SP e mestranda na Faculdade de Educa\u00e7\u00e3o da USP. Atualmente \u00e9 membro do Conselho Estrat\u00e9gico Universidade-Sociedade da Unifesp, do Movimento de Inova\u00e7\u00e3o na Educa\u00e7\u00e3o, do conselho gestor do Observat\u00f3rio Nacional de Educa\u00e7\u00e3o Integral da UFBA, do conselho consultivo do programa Escolas 2030 no Brasil , do Coletivo Articulador do Centro de Refer\u00eancias em Educa\u00e7\u00e3o Integral e do Grupo de Coordena\u00e7\u00e3o e Articula\u00e7\u00e3o da Agenda 227.<\/p>\n","protected":false},"excerpt":{"rendered":"<p>\u00c9 diretora geral da Associa\u00e7\u00e3o Cidade Escola Aprendiz desde 2006. Psic\u00f3loga formada e licenciada pela PUC-SP e mestranda na Faculdade de Educa\u00e7\u00e3o da USP. Atualmente \u00e9 membro do Conselho Estrat\u00e9gico Universidade-Sociedade da Unifesp, do Movimento de Inova\u00e7\u00e3o na Educa\u00e7\u00e3o, do conselho gestor do Observat\u00f3rio Nacional de Educa\u00e7\u00e3o Integral da UFBA, do conselho consultivo do programa [&hellip;]<\/p>\n","protected":false},"featured_media":52,"template":"","yoast_head":"<!-- This site is optimized with the Yoast SEO plugin v19.13 - https:\/\/yoast.com\/wordpress\/plugins\/seo\/ -->\n<title>Natacha Costa - Semin\u00e1rio Educa\u00e7\u00e3o Integral em Debate 2022<\/title>\n<meta name=\"robots\" content=\"index, follow, max-snippet:-1, max-image-preview:large, max-video-preview:-1\" \/>\n<link rel=\"canonical\" href=\"https:\/\/educacaointegral.org.br\/especiais\/seminario-educacao-integral-em-debate-2022\/participantes\/natacha-costa\/\" \/>\n<meta property=\"og:locale\" content=\"pt_BR\" \/>\n<meta property=\"og:type\" content=\"article\" \/>\n<meta property=\"og:title\" content=\"Natacha Costa - Semin\u00e1rio Educa\u00e7\u00e3o Integral em Debate 2022\" \/>\n<meta property=\"og:description\" content=\"\u00c9 diretora geral da Associa\u00e7\u00e3o Cidade Escola Aprendiz desde 2006. Psic\u00f3loga formada e licenciada pela PUC-SP e mestranda na Faculdade de Educa\u00e7\u00e3o da USP. Atualmente \u00e9 membro do Conselho Estrat\u00e9gico Universidade-Sociedade da Unifesp, do Movimento de Inova\u00e7\u00e3o na Educa\u00e7\u00e3o, do conselho gestor do Observat\u00f3rio Nacional de Educa\u00e7\u00e3o Integral da UFBA, do conselho consultivo do programa [&hellip;]\" \/>\n<meta property=\"og:url\" content=\"https:\/\/educacaointegral.org.br\/especiais\/seminario-educacao-integral-em-debate-2022\/participantes\/natacha-costa\/\" \/>\n<meta property=\"og:site_name\" content=\"Semin\u00e1rio Educa\u00e7\u00e3o Integral em Debate 2022\" \/>\n<meta property=\"article:modified_time\" content=\"2022-10-25T13:52:10+00:00\" \/>\n<meta property=\"og:image\" content=\"https:\/\/educacaointegral.org.br\/especiais\/seminario-educacao-integral-em-debate-2022\/wp-content\/uploads\/sites\/10\/2022\/10\/natacha.png\" \/>\n\t<meta property=\"og:image:width\" content=\"150\" \/>\n\t<meta property=\"og:image:height\" content=\"150\" \/>\n\t<meta property=\"og:image:type\" content=\"image\/png\" \/>\n<meta name=\"twitter:card\" content=\"summary_large_image\" \/>\n<meta name=\"twitter:label1\" content=\"Est. tempo de leitura\" \/>\n\t<meta name=\"twitter:data1\" content=\"1 minuto\" \/>\n<script type=\"application\/ld+json\" class=\"yoast-schema-graph\">{\"@context\":\"https:\/\/schema.org\",\"@graph\":[{\"@type\":\"WebPage\",\"@id\":\"https:\/\/educacaointegral.org.br\/especiais\/seminario-educacao-integral-em-debate-2022\/participantes\/natacha-costa\/\",\"url\":\"https:\/\/educacaointegral.org.br\/especiais\/seminario-educacao-integral-em-debate-2022\/participantes\/natacha-costa\/\",\"name\":\"Natacha Costa - Semin\u00e1rio Educa\u00e7\u00e3o Integral em Debate 2022\",\"isPartOf\":{\"@id\":\"https:\/\/educacaointegral.org.br\/especiais\/seminario-educacao-integral-em-debate-2022\/#website\"},\"datePublished\":\"2022-10-20T19:41:44+00:00\",\"dateModified\":\"2022-10-25T13:52:10+00:00\",\"breadcrumb\":{\"@id\":\"https:\/\/educacaointegral.org.br\/especiais\/seminario-educacao-integral-em-debate-2022\/participantes\/natacha-costa\/#breadcrumb\"},\"inLanguage\":\"pt-BR\",\"potentialAction\":[{\"@type\":\"ReadAction\",\"target\":[\"https:\/\/educacaointegral.org.br\/especiais\/seminario-educacao-integral-em-debate-2022\/participantes\/natacha-costa\/\"]}]},{\"@type\":\"BreadcrumbList\",\"@id\":\"https:\/\/educacaointegral.org.br\/especiais\/seminario-educacao-integral-em-debate-2022\/participantes\/natacha-costa\/#breadcrumb\",\"itemListElement\":[{\"@type\":\"ListItem\",\"position\":1,\"name\":\"In\u00edcio\",\"item\":\"https:\/\/educacaointegral.org.br\/especiais\/seminario-educacao-integral-em-debate-2022\/\"},{\"@type\":\"ListItem\",\"position\":2,\"name\":\"Participantes\",\"item\":\"https:\/\/educacaointegral.org.br\/especiais\/seminario-educacao-integral-em-debate-2022\/participantes\/\"},{\"@type\":\"ListItem\",\"position\":3,\"name\":\"Natacha Costa\"}]},{\"@type\":\"WebSite\",\"@id\":\"https:\/\/educacaointegral.org.br\/especiais\/seminario-educacao-integral-em-debate-2022\/#website\",\"url\":\"https:\/\/educacaointegral.org.br\/especiais\/seminario-educacao-integral-em-debate-2022\/\",\"name\":\"Semin\u00e1rio Educa\u00e7\u00e3o Integral em Debate 2022\",\"description\":\"Semin\u00e1rio Educa\u00e7\u00e3o Integral em Debate 2022\",\"potentialAction\":[{\"@type\":\"SearchAction\",\"target\":{\"@type\":\"EntryPoint\",\"urlTemplate\":\"https:\/\/educacaointegral.org.br\/especiais\/seminario-educacao-integral-em-debate-2022\/?s={search_term_string}\"},\"query-input\":\"required name=search_term_string\"}],\"inLanguage\":\"pt-BR\"}]}<\/script>\n<!-- \/ Yoast SEO plugin. -->","yoast_head_json":{"title":"Natacha Costa - Semin\u00e1rio Educa\u00e7\u00e3o Integral em Debate 2022","robots":{"index":"index","follow":"follow","max-snippet":"max-snippet:-1","max-image-preview":"max-image-preview:large","max-video-preview":"max-video-preview:-1"},"canonical":"https:\/\/educacaointegral.org.br\/especiais\/seminario-educacao-integral-em-debate-2022\/participantes\/natacha-costa\/","og_locale":"pt_BR","og_type":"article","og_title":"Natacha Costa - Semin\u00e1rio Educa\u00e7\u00e3o Integral em Debate 2022","og_description":"\u00c9 diretora geral da Associa\u00e7\u00e3o Cidade Escola Aprendiz desde 2006. Psic\u00f3loga formada e licenciada pela PUC-SP e mestranda na Faculdade de Educa\u00e7\u00e3o da USP. Atualmente \u00e9 membro do Conselho Estrat\u00e9gico Universidade-Sociedade da Unifesp, do Movimento de Inova\u00e7\u00e3o na Educa\u00e7\u00e3o, do conselho gestor do Observat\u00f3rio Nacional de Educa\u00e7\u00e3o Integral da UFBA, do conselho consultivo do programa [&hellip;]","og_url":"https:\/\/educacaointegral.org.br\/especiais\/seminario-educacao-integral-em-debate-2022\/participantes\/natacha-costa\/","og_site_name":"Semin\u00e1rio Educa\u00e7\u00e3o Integral em Debate 2022","article_modified_time":"2022-10-25T13:52:10+00:00","og_image":[{"width":150,"height":150,"url":"https:\/\/educacaointegral.org.br\/especiais\/seminario-educacao-integral-em-debate-2022\/wp-content\/uploads\/sites\/10\/2022\/10\/natacha.png","type":"image\/png"}],"twitter_card":"summary_large_image","twitter_misc":{"Est. tempo de leitura":"1 minuto"},"schema":{"@context":"https:\/\/schema.org","@graph":[{"@type":"WebPage","@id":"https:\/\/educacaointegral.org.br\/especiais\/seminario-educacao-integral-em-debate-2022\/participantes\/natacha-costa\/","url":"https:\/\/educacaointegral.org.br\/especiais\/seminario-educacao-integral-em-debate-2022\/participantes\/natacha-costa\/","name":"Natacha Costa - Semin\u00e1rio Educa\u00e7\u00e3o Integral em Debate 2022","isPartOf":{"@id":"https:\/\/educacaointegral.org.br\/especiais\/seminario-educacao-integral-em-debate-2022\/#website"},"datePublished":"2022-10-20T19:41:44+00:00","dateModified":"2022-10-25T13:52:10+00:00","breadcrumb":{"@id":"https:\/\/educacaointegral.org.br\/especiais\/seminario-educacao-integral-em-debate-2022\/participantes\/natacha-costa\/#breadcrumb"},"inLanguage":"pt-BR","potentialAction":[{"@type":"ReadAction","target":["https:\/\/educacaointegral.org.br\/especiais\/seminario-educacao-integral-em-debate-2022\/participantes\/natacha-costa\/"]}]},{"@type":"BreadcrumbList","@id":"https:\/\/educacaointegral.org.br\/especiais\/seminario-educacao-integral-em-debate-2022\/participantes\/natacha-costa\/#breadcrumb","itemListElement":[{"@type":"ListItem","position":1,"name":"In\u00edcio","item":"https:\/\/educacaointegral.org.br\/especiais\/seminario-educacao-integral-em-debate-2022\/"},{"@type":"ListItem","position":2,"name":"Participantes","item":"https:\/\/educacaointegral.org.br\/especiais\/seminario-educacao-integral-em-debate-2022\/participantes\/"},{"@type":"ListItem","position":3,"name":"Natacha Costa"}]},{"@type":"WebSite","@id":"https:\/\/educacaointegral.org.br\/especiais\/seminario-educacao-integral-em-debate-2022\/#website","url":"https:\/\/educacaointegral.org.br\/especiais\/seminario-educacao-integral-em-debate-2022\/","name":"Semin\u00e1rio Educa\u00e7\u00e3o Integral em Debate 2022","description":"Semin\u00e1rio Educa\u00e7\u00e3o Integral em Debate 2022","potentialAction":[{"@type":"SearchAction","target":{"@type":"EntryPoint","urlTemplate":"https:\/\/educacaointegral.org.br\/especiais\/seminario-educacao-integral-em-debate-2022\/?s={search_term_string}"},"query-input":"required name=search_term_string"}],"inLanguage":"pt-BR"}]}},"_links":{"self":[{"href":"https:\/\/educacaointegral.org.br\/especiais\/seminario-educacao-integral-em-debate-2022\/wp-json\/wp\/v2\/participantes\/30"}],"collection":[{"href":"https:\/\/educacaointegral.org.br\/especiais\/seminario-educacao-integral-em-debate-2022\/wp-json\/wp\/v2\/participantes"}],"about":[{"href":"https:\/\/educacaointegral.org.br\/especiais\/seminario-educacao-integral-em-debate-2022\/wp-json\/wp\/v2\/types\/participantes"}],"wp:featuredmedia":[{"embeddable":true,"href":"https:\/\/educacaointegral.org.br\/especiais\/seminario-educacao-integral-em-debate-2022\/wp-json\/wp\/v2\/media\/52"}],"wp:attachment":[{"href":"https:\/\/educacaointegral.org.br\/especiais\/seminario-educacao-integral-em-debate-2022\/wp-json\/wp\/v2\/media?parent=30"}],"curies":[{"name":"wp","href":"https:\/\/api.w.org\/{rel}","templated":true}]}}