{"id":27,"date":"2022-10-20T16:40:16","date_gmt":"2022-10-20T19:40:16","guid":{"rendered":"https:\/\/educacaointegral.org.br\/especiais\/seminario-educacao-integral-em-debate-2022\/?post_type=participantes&#038;p=27"},"modified":"2022-10-20T17:57:32","modified_gmt":"2022-10-20T20:57:32","slug":"liliane-garcez","status":"publish","type":"participantes","link":"https:\/\/educacaointegral.org.br\/especiais\/seminario-educacao-integral-em-debate-2022\/participantes\/liliane-garcez\/","title":{"rendered":"Liliane Garcez"},"content":{"rendered":"\n<p>Mestre em Educa\u00e7\u00e3o pela Faculdade de Educa\u00e7\u00e3o da Universidade de S\u00e3o Paulo, psic\u00f3loga pelo Instituto de Psicologia da mesma universidade e administradora p\u00fablica pela Escola de Administra\u00e7\u00e3o da Funda\u00e7\u00e3o Get\u00falio Vargas. Tem especializa\u00e7\u00e3o em Pol\u00edticas P\u00fablicas para a Igualdade na Am\u00e9rica Latina pelo Conselho Latino \u2013 Americano de Ci\u00eancias Sociais. Trabalhou em projetos internacionais para Unesco, Banco Mundial e Unicef, com destaque \u00e0 consultoria internacional para elabora\u00e7\u00e3o da Pol\u00edtica Nacional de Educa\u00e7\u00e3o Especial orientada para a Inclus\u00e3o Escolar, do Plano Nacional de Desenvolvimento da Educa\u00e7\u00e3o Especial na perspectiva Inclusiva e respectivo Plano de Dissemina\u00e7\u00e3o da Rep\u00fablica de Angola. Especialista contratada para elabora\u00e7\u00e3o de relat\u00f3rio sobre o progresso brasileiro em rela\u00e7\u00e3o ao monitoramento do Objetivo do Desenvolvimento Sustent\u00e1vel 4, componente base do Relat\u00f3rio Global de Monitoramento da Educa\u00e7\u00e3o 2020 (GEM 2020). Atuou na Secretaria de Educa\u00e7\u00e3o Continuada, Alfabetiza\u00e7\u00e3o, Diversidade e Inclus\u00e3o do Minist\u00e9rio da Educa\u00e7\u00e3o e na Secretaria Nacional de Promo\u00e7\u00e3o dos Direitos das Pessoas com Defici\u00eancia da Presid\u00eancia da Rep\u00fablica. Foi coordenadora geral da Secretaria Municipal da Pessoa com Defici\u00eancia e Mobilidade Reduzida na cidade de S\u00e3o Paulo. Desenvolveu projetos em v\u00e1rias organiza\u00e7\u00f5es da sociedade civil. Produtora de conte\u00fado do Guia COVID-19 \u2013 Educa\u00e7\u00e3o Especial na perspectiva de Educa\u00e7\u00e3o Inclusiva. Autora de diversos artigos e cap\u00edtulos em livros e do livro \u201cEduca\u00e7\u00e3o Inclusiva de Bolso\u201d pela Editora do Brasil, S\u00e3o Paulo. \u00c9 idealizadora e articuladora do COLETIVXS e fez parte da comiss\u00e3o executiva do F\u00f3rum Permanente de Educa\u00e7\u00e3o Inclusiva. Integrou o grupo de especialistas que contribuiu com a elabora\u00e7\u00e3o da Pol\u00edtica de Educa\u00e7\u00e3o Especial do Estado de S\u00e3o Paulo e da Pol\u00edtica Municipal de Educa\u00e7\u00e3o Especial a Servi\u00e7o da Educa\u00e7\u00e3o Inclusiva do munic\u00edpio de S\u00e3o Caetano do Sul. Em 2022, recebeu medalha de m\u00e9rito da Pr\u00f3-Inclus\u00e3o (Portugal) pelas contribui\u00e7\u00f5es para uma educa\u00e7\u00e3o escolar culturalmente mais desafiante e socialmente mais justa e equitativa.<\/p>\n","protected":false},"excerpt":{"rendered":"<p>Mestre em Educa\u00e7\u00e3o pela Faculdade de Educa\u00e7\u00e3o da Universidade de S\u00e3o Paulo, psic\u00f3loga pelo Instituto de Psicologia da mesma universidade e administradora p\u00fablica pela Escola de Administra\u00e7\u00e3o da Funda\u00e7\u00e3o Get\u00falio Vargas. Tem especializa\u00e7\u00e3o em Pol\u00edticas P\u00fablicas para a Igualdade na Am\u00e9rica Latina pelo Conselho Latino \u2013 Americano de Ci\u00eancias Sociais. Trabalhou em projetos internacionais para [&hellip;]<\/p>\n","protected":false},"featured_media":43,"template":"","yoast_head":"<!-- This site is optimized with the Yoast SEO plugin v19.13 - https:\/\/yoast.com\/wordpress\/plugins\/seo\/ -->\n<title>Liliane Garcez - Semin\u00e1rio Educa\u00e7\u00e3o Integral em Debate 2022<\/title>\n<meta name=\"robots\" content=\"index, follow, max-snippet:-1, max-image-preview:large, max-video-preview:-1\" \/>\n<link rel=\"canonical\" href=\"https:\/\/educacaointegral.org.br\/especiais\/seminario-educacao-integral-em-debate-2022\/participantes\/liliane-garcez\/\" \/>\n<meta property=\"og:locale\" content=\"pt_BR\" \/>\n<meta property=\"og:type\" content=\"article\" \/>\n<meta property=\"og:title\" content=\"Liliane Garcez - Semin\u00e1rio Educa\u00e7\u00e3o Integral em Debate 2022\" \/>\n<meta property=\"og:description\" content=\"Mestre em Educa\u00e7\u00e3o pela Faculdade de Educa\u00e7\u00e3o da Universidade de S\u00e3o Paulo, psic\u00f3loga pelo Instituto de Psicologia da mesma universidade e administradora p\u00fablica pela Escola de Administra\u00e7\u00e3o da Funda\u00e7\u00e3o Get\u00falio Vargas. Tem especializa\u00e7\u00e3o em Pol\u00edticas P\u00fablicas para a Igualdade na Am\u00e9rica Latina pelo Conselho Latino \u2013 Americano de Ci\u00eancias Sociais. Trabalhou em projetos internacionais para [&hellip;]\" \/>\n<meta property=\"og:url\" content=\"https:\/\/educacaointegral.org.br\/especiais\/seminario-educacao-integral-em-debate-2022\/participantes\/liliane-garcez\/\" \/>\n<meta property=\"og:site_name\" content=\"Semin\u00e1rio Educa\u00e7\u00e3o Integral em Debate 2022\" \/>\n<meta property=\"article:modified_time\" content=\"2022-10-20T20:57:32+00:00\" \/>\n<meta property=\"og:image\" content=\"https:\/\/educacaointegral.org.br\/especiais\/seminario-educacao-integral-em-debate-2022\/wp-content\/uploads\/sites\/10\/2022\/10\/liliane.png\" \/>\n\t<meta property=\"og:image:width\" content=\"150\" \/>\n\t<meta property=\"og:image:height\" content=\"150\" \/>\n\t<meta property=\"og:image:type\" content=\"image\/png\" \/>\n<meta name=\"twitter:card\" content=\"summary_large_image\" \/>\n<meta name=\"twitter:label1\" content=\"Est. tempo de leitura\" \/>\n\t<meta name=\"twitter:data1\" content=\"2 minutos\" \/>\n<script type=\"application\/ld+json\" class=\"yoast-schema-graph\">{\"@context\":\"https:\/\/schema.org\",\"@graph\":[{\"@type\":\"WebPage\",\"@id\":\"https:\/\/educacaointegral.org.br\/especiais\/seminario-educacao-integral-em-debate-2022\/participantes\/liliane-garcez\/\",\"url\":\"https:\/\/educacaointegral.org.br\/especiais\/seminario-educacao-integral-em-debate-2022\/participantes\/liliane-garcez\/\",\"name\":\"Liliane Garcez - Semin\u00e1rio Educa\u00e7\u00e3o Integral em Debate 2022\",\"isPartOf\":{\"@id\":\"https:\/\/educacaointegral.org.br\/especiais\/seminario-educacao-integral-em-debate-2022\/#website\"},\"datePublished\":\"2022-10-20T19:40:16+00:00\",\"dateModified\":\"2022-10-20T20:57:32+00:00\",\"breadcrumb\":{\"@id\":\"https:\/\/educacaointegral.org.br\/especiais\/seminario-educacao-integral-em-debate-2022\/participantes\/liliane-garcez\/#breadcrumb\"},\"inLanguage\":\"pt-BR\",\"potentialAction\":[{\"@type\":\"ReadAction\",\"target\":[\"https:\/\/educacaointegral.org.br\/especiais\/seminario-educacao-integral-em-debate-2022\/participantes\/liliane-garcez\/\"]}]},{\"@type\":\"BreadcrumbList\",\"@id\":\"https:\/\/educacaointegral.org.br\/especiais\/seminario-educacao-integral-em-debate-2022\/participantes\/liliane-garcez\/#breadcrumb\",\"itemListElement\":[{\"@type\":\"ListItem\",\"position\":1,\"name\":\"In\u00edcio\",\"item\":\"https:\/\/educacaointegral.org.br\/especiais\/seminario-educacao-integral-em-debate-2022\/\"},{\"@type\":\"ListItem\",\"position\":2,\"name\":\"Participantes\",\"item\":\"https:\/\/educacaointegral.org.br\/especiais\/seminario-educacao-integral-em-debate-2022\/participantes\/\"},{\"@type\":\"ListItem\",\"position\":3,\"name\":\"Liliane Garcez\"}]},{\"@type\":\"WebSite\",\"@id\":\"https:\/\/educacaointegral.org.br\/especiais\/seminario-educacao-integral-em-debate-2022\/#website\",\"url\":\"https:\/\/educacaointegral.org.br\/especiais\/seminario-educacao-integral-em-debate-2022\/\",\"name\":\"Semin\u00e1rio Educa\u00e7\u00e3o Integral em Debate 2022\",\"description\":\"Semin\u00e1rio Educa\u00e7\u00e3o Integral em Debate 2022\",\"potentialAction\":[{\"@type\":\"SearchAction\",\"target\":{\"@type\":\"EntryPoint\",\"urlTemplate\":\"https:\/\/educacaointegral.org.br\/especiais\/seminario-educacao-integral-em-debate-2022\/?s={search_term_string}\"},\"query-input\":\"required name=search_term_string\"}],\"inLanguage\":\"pt-BR\"}]}<\/script>\n<!-- \/ Yoast SEO plugin. -->","yoast_head_json":{"title":"Liliane Garcez - Semin\u00e1rio Educa\u00e7\u00e3o Integral em Debate 2022","robots":{"index":"index","follow":"follow","max-snippet":"max-snippet:-1","max-image-preview":"max-image-preview:large","max-video-preview":"max-video-preview:-1"},"canonical":"https:\/\/educacaointegral.org.br\/especiais\/seminario-educacao-integral-em-debate-2022\/participantes\/liliane-garcez\/","og_locale":"pt_BR","og_type":"article","og_title":"Liliane Garcez - Semin\u00e1rio Educa\u00e7\u00e3o Integral em Debate 2022","og_description":"Mestre em Educa\u00e7\u00e3o pela Faculdade de Educa\u00e7\u00e3o da Universidade de S\u00e3o Paulo, psic\u00f3loga pelo Instituto de Psicologia da mesma universidade e administradora p\u00fablica pela Escola de Administra\u00e7\u00e3o da Funda\u00e7\u00e3o Get\u00falio Vargas. Tem especializa\u00e7\u00e3o em Pol\u00edticas P\u00fablicas para a Igualdade na Am\u00e9rica Latina pelo Conselho Latino \u2013 Americano de Ci\u00eancias Sociais. Trabalhou em projetos internacionais para [&hellip;]","og_url":"https:\/\/educacaointegral.org.br\/especiais\/seminario-educacao-integral-em-debate-2022\/participantes\/liliane-garcez\/","og_site_name":"Semin\u00e1rio Educa\u00e7\u00e3o Integral em Debate 2022","article_modified_time":"2022-10-20T20:57:32+00:00","og_image":[{"width":150,"height":150,"url":"https:\/\/educacaointegral.org.br\/especiais\/seminario-educacao-integral-em-debate-2022\/wp-content\/uploads\/sites\/10\/2022\/10\/liliane.png","type":"image\/png"}],"twitter_card":"summary_large_image","twitter_misc":{"Est. tempo de leitura":"2 minutos"},"schema":{"@context":"https:\/\/schema.org","@graph":[{"@type":"WebPage","@id":"https:\/\/educacaointegral.org.br\/especiais\/seminario-educacao-integral-em-debate-2022\/participantes\/liliane-garcez\/","url":"https:\/\/educacaointegral.org.br\/especiais\/seminario-educacao-integral-em-debate-2022\/participantes\/liliane-garcez\/","name":"Liliane Garcez - Semin\u00e1rio Educa\u00e7\u00e3o Integral em Debate 2022","isPartOf":{"@id":"https:\/\/educacaointegral.org.br\/especiais\/seminario-educacao-integral-em-debate-2022\/#website"},"datePublished":"2022-10-20T19:40:16+00:00","dateModified":"2022-10-20T20:57:32+00:00","breadcrumb":{"@id":"https:\/\/educacaointegral.org.br\/especiais\/seminario-educacao-integral-em-debate-2022\/participantes\/liliane-garcez\/#breadcrumb"},"inLanguage":"pt-BR","potentialAction":[{"@type":"ReadAction","target":["https:\/\/educacaointegral.org.br\/especiais\/seminario-educacao-integral-em-debate-2022\/participantes\/liliane-garcez\/"]}]},{"@type":"BreadcrumbList","@id":"https:\/\/educacaointegral.org.br\/especiais\/seminario-educacao-integral-em-debate-2022\/participantes\/liliane-garcez\/#breadcrumb","itemListElement":[{"@type":"ListItem","position":1,"name":"In\u00edcio","item":"https:\/\/educacaointegral.org.br\/especiais\/seminario-educacao-integral-em-debate-2022\/"},{"@type":"ListItem","position":2,"name":"Participantes","item":"https:\/\/educacaointegral.org.br\/especiais\/seminario-educacao-integral-em-debate-2022\/participantes\/"},{"@type":"ListItem","position":3,"name":"Liliane Garcez"}]},{"@type":"WebSite","@id":"https:\/\/educacaointegral.org.br\/especiais\/seminario-educacao-integral-em-debate-2022\/#website","url":"https:\/\/educacaointegral.org.br\/especiais\/seminario-educacao-integral-em-debate-2022\/","name":"Semin\u00e1rio Educa\u00e7\u00e3o Integral em Debate 2022","description":"Semin\u00e1rio Educa\u00e7\u00e3o Integral em Debate 2022","potentialAction":[{"@type":"SearchAction","target":{"@type":"EntryPoint","urlTemplate":"https:\/\/educacaointegral.org.br\/especiais\/seminario-educacao-integral-em-debate-2022\/?s={search_term_string}"},"query-input":"required name=search_term_string"}],"inLanguage":"pt-BR"}]}},"_links":{"self":[{"href":"https:\/\/educacaointegral.org.br\/especiais\/seminario-educacao-integral-em-debate-2022\/wp-json\/wp\/v2\/participantes\/27"}],"collection":[{"href":"https:\/\/educacaointegral.org.br\/especiais\/seminario-educacao-integral-em-debate-2022\/wp-json\/wp\/v2\/participantes"}],"about":[{"href":"https:\/\/educacaointegral.org.br\/especiais\/seminario-educacao-integral-em-debate-2022\/wp-json\/wp\/v2\/types\/participantes"}],"wp:featuredmedia":[{"embeddable":true,"href":"https:\/\/educacaointegral.org.br\/especiais\/seminario-educacao-integral-em-debate-2022\/wp-json\/wp\/v2\/media\/43"}],"wp:attachment":[{"href":"https:\/\/educacaointegral.org.br\/especiais\/seminario-educacao-integral-em-debate-2022\/wp-json\/wp\/v2\/media?parent=27"}],"curies":[{"name":"wp","href":"https:\/\/api.w.org\/{rel}","templated":true}]}}