{"id":24,"date":"2022-10-20T16:38:49","date_gmt":"2022-10-20T19:38:49","guid":{"rendered":"https:\/\/educacaointegral.org.br\/especiais\/seminario-educacao-integral-em-debate-2022\/?post_type=participantes&#038;p=24"},"modified":"2022-10-20T18:12:43","modified_gmt":"2022-10-20T21:12:43","slug":"joao-paulo-araujo","status":"publish","type":"participantes","link":"https:\/\/educacaointegral.org.br\/especiais\/seminario-educacao-integral-em-debate-2022\/participantes\/joao-paulo-araujo\/","title":{"rendered":"Jo\u00e3o Paulo Ara\u00fajo"},"content":{"rendered":"\n<p>Graduado em Hist\u00f3ria pelas Faculdades Integradas de Cataguases, p\u00f3s-graduado em Hist\u00f3ria do Brasil pela Funda\u00e7\u00e3o Educacional de Al\u00e9m Para\u00edba e em Educa\u00e7\u00e3o Tecnol\u00f3gica pelo Centro Federal de Educa\u00e7\u00e3o Tecnol\u00f3gica Celso Suckow da Fonseca (CEFET\/RJ), \u00e9 tamb\u00e9m Engenheiro de Controle e Automa\u00e7\u00e3o pelo CEFET\/MG &#8211; Unidade Leopoldina. Atualmente \u00e9 mestrando em Educa\u00e7\u00e3o pela Universidade Federal de Juiz de Fora. Diretor Escolar da Escola Estadual Dr. Pomp\u00edlio Guimar\u00e3es em Leopoldina-MG desde 2019, j\u00e1 atuou em v\u00e1rias escolas da rede estadual de ensino como professor convocado, assim como tamb\u00e9m na rede privada de ensino como professor de Hist\u00f3ria. Tornou-se professor efetivo da rede estadual nos anos de 2015 e 2017, respectivamente. \u00c9 formado como t\u00e9cnico em Inform\u00e1tica Industrial\/Automa\u00e7\u00e3o pelo Cefet-MG\/Leopoldina. Em 2013 recebeu o Pr\u00eamio Victor Civita Educador Nota 10 16\u00b0 Edi\u00e7\u00e3o com o projeto \u201cNos Caminhos da Escravid\u00e3o\u201d. Atua ainda como coordenador do N\u00facleo Leopoldina da Rede Conectando Saberes &#8211; rede nacional de professores. Integra o Time de Formadores Nova Escola, que busca levar forma\u00e7\u00e3o continuada a todo o Brasil. Em 2021, recebeu o 5\u00b0 Pr\u00eamio Territ\u00f3rios com o projeto de gest\u00e3o \u201cEscola Fechada, Educa\u00e7\u00e3o em Movimento\u201d desenvolvido em sua Escola. Em 2022, recebeu o Pr\u00eamio Educador Nota 24\u00b0 Edi\u00e7\u00e3o tamb\u00e9m com o projeto \u201cEscola Fechada, Educa\u00e7\u00e3o em Movimento\u201d.<\/p>\n","protected":false},"excerpt":{"rendered":"<p>Graduado em Hist\u00f3ria pelas Faculdades Integradas de Cataguases, p\u00f3s-graduado em Hist\u00f3ria do Brasil pela Funda\u00e7\u00e3o Educacional de Al\u00e9m Para\u00edba e em Educa\u00e7\u00e3o Tecnol\u00f3gica pelo Centro Federal de Educa\u00e7\u00e3o Tecnol\u00f3gica Celso Suckow da Fonseca (CEFET\/RJ), \u00e9 tamb\u00e9m Engenheiro de Controle e Automa\u00e7\u00e3o pelo CEFET\/MG &#8211; Unidade Leopoldina. Atualmente \u00e9 mestrando em Educa\u00e7\u00e3o pela Universidade Federal de [&hellip;]<\/p>\n","protected":false},"featured_media":48,"template":"","yoast_head":"<!-- This site is optimized with the Yoast SEO plugin v19.13 - https:\/\/yoast.com\/wordpress\/plugins\/seo\/ -->\n<title>Jo\u00e3o Paulo Ara\u00fajo - Semin\u00e1rio Educa\u00e7\u00e3o Integral em Debate 2022<\/title>\n<meta name=\"robots\" content=\"index, follow, max-snippet:-1, max-image-preview:large, max-video-preview:-1\" \/>\n<link rel=\"canonical\" href=\"https:\/\/educacaointegral.org.br\/especiais\/seminario-educacao-integral-em-debate-2022\/participantes\/joao-paulo-araujo\/\" \/>\n<meta property=\"og:locale\" content=\"pt_BR\" \/>\n<meta property=\"og:type\" content=\"article\" \/>\n<meta property=\"og:title\" content=\"Jo\u00e3o Paulo Ara\u00fajo - Semin\u00e1rio Educa\u00e7\u00e3o Integral em Debate 2022\" \/>\n<meta property=\"og:description\" content=\"Graduado em Hist\u00f3ria pelas Faculdades Integradas de Cataguases, p\u00f3s-graduado em Hist\u00f3ria do Brasil pela Funda\u00e7\u00e3o Educacional de Al\u00e9m Para\u00edba e em Educa\u00e7\u00e3o Tecnol\u00f3gica pelo Centro Federal de Educa\u00e7\u00e3o Tecnol\u00f3gica Celso Suckow da Fonseca (CEFET\/RJ), \u00e9 tamb\u00e9m Engenheiro de Controle e Automa\u00e7\u00e3o pelo CEFET\/MG &#8211; Unidade Leopoldina. Atualmente \u00e9 mestrando em Educa\u00e7\u00e3o pela Universidade Federal de [&hellip;]\" \/>\n<meta property=\"og:url\" content=\"https:\/\/educacaointegral.org.br\/especiais\/seminario-educacao-integral-em-debate-2022\/participantes\/joao-paulo-araujo\/\" \/>\n<meta property=\"og:site_name\" content=\"Semin\u00e1rio Educa\u00e7\u00e3o Integral em Debate 2022\" \/>\n<meta property=\"article:modified_time\" content=\"2022-10-20T21:12:43+00:00\" \/>\n<meta property=\"og:image\" content=\"https:\/\/educacaointegral.org.br\/especiais\/seminario-educacao-integral-em-debate-2022\/wp-content\/uploads\/sites\/10\/2022\/10\/joaopaulo-1.png\" \/>\n\t<meta property=\"og:image:width\" content=\"150\" \/>\n\t<meta property=\"og:image:height\" content=\"150\" \/>\n\t<meta property=\"og:image:type\" content=\"image\/png\" \/>\n<meta name=\"twitter:card\" content=\"summary_large_image\" \/>\n<meta name=\"twitter:label1\" content=\"Est. tempo de leitura\" \/>\n\t<meta name=\"twitter:data1\" content=\"2 minutos\" \/>\n<script type=\"application\/ld+json\" class=\"yoast-schema-graph\">{\"@context\":\"https:\/\/schema.org\",\"@graph\":[{\"@type\":\"WebPage\",\"@id\":\"https:\/\/educacaointegral.org.br\/especiais\/seminario-educacao-integral-em-debate-2022\/participantes\/joao-paulo-araujo\/\",\"url\":\"https:\/\/educacaointegral.org.br\/especiais\/seminario-educacao-integral-em-debate-2022\/participantes\/joao-paulo-araujo\/\",\"name\":\"Jo\u00e3o Paulo Ara\u00fajo - Semin\u00e1rio Educa\u00e7\u00e3o Integral em Debate 2022\",\"isPartOf\":{\"@id\":\"https:\/\/educacaointegral.org.br\/especiais\/seminario-educacao-integral-em-debate-2022\/#website\"},\"datePublished\":\"2022-10-20T19:38:49+00:00\",\"dateModified\":\"2022-10-20T21:12:43+00:00\",\"breadcrumb\":{\"@id\":\"https:\/\/educacaointegral.org.br\/especiais\/seminario-educacao-integral-em-debate-2022\/participantes\/joao-paulo-araujo\/#breadcrumb\"},\"inLanguage\":\"pt-BR\",\"potentialAction\":[{\"@type\":\"ReadAction\",\"target\":[\"https:\/\/educacaointegral.org.br\/especiais\/seminario-educacao-integral-em-debate-2022\/participantes\/joao-paulo-araujo\/\"]}]},{\"@type\":\"BreadcrumbList\",\"@id\":\"https:\/\/educacaointegral.org.br\/especiais\/seminario-educacao-integral-em-debate-2022\/participantes\/joao-paulo-araujo\/#breadcrumb\",\"itemListElement\":[{\"@type\":\"ListItem\",\"position\":1,\"name\":\"In\u00edcio\",\"item\":\"https:\/\/educacaointegral.org.br\/especiais\/seminario-educacao-integral-em-debate-2022\/\"},{\"@type\":\"ListItem\",\"position\":2,\"name\":\"Participantes\",\"item\":\"https:\/\/educacaointegral.org.br\/especiais\/seminario-educacao-integral-em-debate-2022\/participantes\/\"},{\"@type\":\"ListItem\",\"position\":3,\"name\":\"Jo\u00e3o Paulo Ara\u00fajo\"}]},{\"@type\":\"WebSite\",\"@id\":\"https:\/\/educacaointegral.org.br\/especiais\/seminario-educacao-integral-em-debate-2022\/#website\",\"url\":\"https:\/\/educacaointegral.org.br\/especiais\/seminario-educacao-integral-em-debate-2022\/\",\"name\":\"Semin\u00e1rio Educa\u00e7\u00e3o Integral em Debate 2022\",\"description\":\"Semin\u00e1rio Educa\u00e7\u00e3o Integral em Debate 2022\",\"potentialAction\":[{\"@type\":\"SearchAction\",\"target\":{\"@type\":\"EntryPoint\",\"urlTemplate\":\"https:\/\/educacaointegral.org.br\/especiais\/seminario-educacao-integral-em-debate-2022\/?s={search_term_string}\"},\"query-input\":\"required name=search_term_string\"}],\"inLanguage\":\"pt-BR\"}]}<\/script>\n<!-- \/ Yoast SEO plugin. -->","yoast_head_json":{"title":"Jo\u00e3o Paulo Ara\u00fajo - Semin\u00e1rio Educa\u00e7\u00e3o Integral em Debate 2022","robots":{"index":"index","follow":"follow","max-snippet":"max-snippet:-1","max-image-preview":"max-image-preview:large","max-video-preview":"max-video-preview:-1"},"canonical":"https:\/\/educacaointegral.org.br\/especiais\/seminario-educacao-integral-em-debate-2022\/participantes\/joao-paulo-araujo\/","og_locale":"pt_BR","og_type":"article","og_title":"Jo\u00e3o Paulo Ara\u00fajo - Semin\u00e1rio Educa\u00e7\u00e3o Integral em Debate 2022","og_description":"Graduado em Hist\u00f3ria pelas Faculdades Integradas de Cataguases, p\u00f3s-graduado em Hist\u00f3ria do Brasil pela Funda\u00e7\u00e3o Educacional de Al\u00e9m Para\u00edba e em Educa\u00e7\u00e3o Tecnol\u00f3gica pelo Centro Federal de Educa\u00e7\u00e3o Tecnol\u00f3gica Celso Suckow da Fonseca (CEFET\/RJ), \u00e9 tamb\u00e9m Engenheiro de Controle e Automa\u00e7\u00e3o pelo CEFET\/MG &#8211; Unidade Leopoldina. Atualmente \u00e9 mestrando em Educa\u00e7\u00e3o pela Universidade Federal de [&hellip;]","og_url":"https:\/\/educacaointegral.org.br\/especiais\/seminario-educacao-integral-em-debate-2022\/participantes\/joao-paulo-araujo\/","og_site_name":"Semin\u00e1rio Educa\u00e7\u00e3o Integral em Debate 2022","article_modified_time":"2022-10-20T21:12:43+00:00","og_image":[{"width":150,"height":150,"url":"https:\/\/educacaointegral.org.br\/especiais\/seminario-educacao-integral-em-debate-2022\/wp-content\/uploads\/sites\/10\/2022\/10\/joaopaulo-1.png","type":"image\/png"}],"twitter_card":"summary_large_image","twitter_misc":{"Est. tempo de leitura":"2 minutos"},"schema":{"@context":"https:\/\/schema.org","@graph":[{"@type":"WebPage","@id":"https:\/\/educacaointegral.org.br\/especiais\/seminario-educacao-integral-em-debate-2022\/participantes\/joao-paulo-araujo\/","url":"https:\/\/educacaointegral.org.br\/especiais\/seminario-educacao-integral-em-debate-2022\/participantes\/joao-paulo-araujo\/","name":"Jo\u00e3o Paulo Ara\u00fajo - Semin\u00e1rio Educa\u00e7\u00e3o Integral em Debate 2022","isPartOf":{"@id":"https:\/\/educacaointegral.org.br\/especiais\/seminario-educacao-integral-em-debate-2022\/#website"},"datePublished":"2022-10-20T19:38:49+00:00","dateModified":"2022-10-20T21:12:43+00:00","breadcrumb":{"@id":"https:\/\/educacaointegral.org.br\/especiais\/seminario-educacao-integral-em-debate-2022\/participantes\/joao-paulo-araujo\/#breadcrumb"},"inLanguage":"pt-BR","potentialAction":[{"@type":"ReadAction","target":["https:\/\/educacaointegral.org.br\/especiais\/seminario-educacao-integral-em-debate-2022\/participantes\/joao-paulo-araujo\/"]}]},{"@type":"BreadcrumbList","@id":"https:\/\/educacaointegral.org.br\/especiais\/seminario-educacao-integral-em-debate-2022\/participantes\/joao-paulo-araujo\/#breadcrumb","itemListElement":[{"@type":"ListItem","position":1,"name":"In\u00edcio","item":"https:\/\/educacaointegral.org.br\/especiais\/seminario-educacao-integral-em-debate-2022\/"},{"@type":"ListItem","position":2,"name":"Participantes","item":"https:\/\/educacaointegral.org.br\/especiais\/seminario-educacao-integral-em-debate-2022\/participantes\/"},{"@type":"ListItem","position":3,"name":"Jo\u00e3o Paulo Ara\u00fajo"}]},{"@type":"WebSite","@id":"https:\/\/educacaointegral.org.br\/especiais\/seminario-educacao-integral-em-debate-2022\/#website","url":"https:\/\/educacaointegral.org.br\/especiais\/seminario-educacao-integral-em-debate-2022\/","name":"Semin\u00e1rio Educa\u00e7\u00e3o Integral em Debate 2022","description":"Semin\u00e1rio Educa\u00e7\u00e3o Integral em Debate 2022","potentialAction":[{"@type":"SearchAction","target":{"@type":"EntryPoint","urlTemplate":"https:\/\/educacaointegral.org.br\/especiais\/seminario-educacao-integral-em-debate-2022\/?s={search_term_string}"},"query-input":"required name=search_term_string"}],"inLanguage":"pt-BR"}]}},"_links":{"self":[{"href":"https:\/\/educacaointegral.org.br\/especiais\/seminario-educacao-integral-em-debate-2022\/wp-json\/wp\/v2\/participantes\/24"}],"collection":[{"href":"https:\/\/educacaointegral.org.br\/especiais\/seminario-educacao-integral-em-debate-2022\/wp-json\/wp\/v2\/participantes"}],"about":[{"href":"https:\/\/educacaointegral.org.br\/especiais\/seminario-educacao-integral-em-debate-2022\/wp-json\/wp\/v2\/types\/participantes"}],"wp:featuredmedia":[{"embeddable":true,"href":"https:\/\/educacaointegral.org.br\/especiais\/seminario-educacao-integral-em-debate-2022\/wp-json\/wp\/v2\/media\/48"}],"wp:attachment":[{"href":"https:\/\/educacaointegral.org.br\/especiais\/seminario-educacao-integral-em-debate-2022\/wp-json\/wp\/v2\/media?parent=24"}],"curies":[{"name":"wp","href":"https:\/\/api.w.org\/{rel}","templated":true}]}}