{"id":9,"date":"2022-06-22T15:02:30","date_gmt":"2022-06-22T18:02:30","guid":{"rendered":"https:\/\/educacaointegral.org.br\/especiais\/rotas-e-redes-literarias-santa-rita\/?page_id=9"},"modified":"2022-09-09T14:45:38","modified_gmt":"2022-09-09T17:45:38","slug":"o-projeto","status":"publish","type":"page","link":"https:\/\/educacaointegral.org.br\/especiais\/rotas-e-redes-literarias-santa-rita\/o-projeto\/","title":{"rendered":"O Projeto"},"content":{"rendered":" <div class=\"is-style-inverter wp-block-create-block-card-video\">    <div class=\"area-video\">        <div class=\"imagem-video\">            <div class=\"background-video\" style=\"background-image: url('https:\/\/educacaointegral.org.br\/especiais\/rotas-e-redes-literarias-santa-rita\/wp-content\/uploads\/sites\/8\/2022\/09\/DSC_8094-scaled.jpg')\" onclick=\"iniciarModalVideo(&#039;&lt;a href=&quot;https:\/\/www.youtube.com\/watch?v=sNK-v1NzPh0&quot;&gt;https:\/\/www.youtube.com\/watch?v=sNK-v1NzPh0&lt;\/a&gt;&#039;)\">                <div class=\"background-linear\">                    <img class=\"icone-play\" src=\"https:\/\/educacaointegral.org.br\/especiais\/rotas-e-redes-literarias-santa-rita\/wp-content\/plugins\/rrl-santa-rita\/\/images\/icone-play.png\" alt=\"Assistir v\u00eddeo\" \/>                <\/div>            <\/div>        <\/div>    <\/div>    <div class=\"area-informacao\">        <h3 class=\"info-nome\">Rotas e Redes Liter\u00e1rias <\/h3>        <span class=\"info-ocupacao\">Santa Rita \/ MA<\/span>        <div class=\"linha-amarela\"><\/div>        <span class=\"info-descricao\">Direito ao livro, leitura e literatura nas escolas<\/span>    <\/div><\/div>\n\n\n<p>O projeto <strong>Rotas e Redes Liter\u00e1rias<\/strong> \u00e9 uma iniciativa da <a href=\"http:\/\/www.fundacaovale.org.br\">Funda\u00e7\u00e3o Vale<\/a>, em parceria com a Secretaria Municipal de Educa\u00e7\u00e3o de Santa Rita e a <a href=\"http:\/\/www.cidadeescolaaprendiz.org.br\">Associa\u00e7\u00e3o Cidade Escola Aprendiz<\/a>, por meio do <a href=\"http:\/\/www.educacaointegral.org.br\">Centro de Refer\u00eancias em Educa\u00e7\u00e3o Integral<\/a>, que tem como objetivo promover o direito ao livro, leitura e literatura na rede municipal de ensino.<\/p>\n\n\n\n<p>Desde 2020, o Rotas e Redes desenvolve estrat\u00e9gias participativas que buscam ampliar e democratizar o acesso ao livro liter\u00e1rio e qualificar a forma\u00e7\u00e3o da comunidade escolar de Santa Rita em media\u00e7\u00e3o de leitura, mobilizando os diferentes atores locais em prol de um <strong>Territ\u00f3rio Leitor<\/strong>. As a\u00e7\u00f5es visam ainda fortalecer as pol\u00edticas p\u00fablicas de leitura, atuando em conson\u00e2ncia com o Plano Nacional do Livro e da Leitura (PNLL).<\/p>\n\n\n\n<div class=\"wp-block-create-block-titulo-pontilhado\"><h2 class=\"titulo-pontilhado\">Premissas<\/h2><img src=\"https:\/\/educacaointegral.org.br\/especiais\/rotas-e-redes-literarias-santa-rita\/wp-content\/plugins\/rrl-santa-rita\/build\/images\/pontilhado-amarelo.ec7fd80e.png\"\/><\/div>\n\n\n\n<p class=\"has-text-align-center\">Orientado pela Educa\u00e7\u00e3o Integral, o projeto compreende o trabalho docente a partir das seguintes premissas:<\/p>\n\n\n\n<div class=\"wp-block-create-block-area-card-premissas\">\n<div class=\"wp-block-create-block-card-premissas\"><div class=\"card-content\"><span class=\"texto1\">Educadores e educadoras como  <\/span><span class=\"texto2\"><strong>sujeitos leitores<\/strong><\/span><svg data-name=\"Grupo 638\" xmlns=\"http:\/\/www.w3.org\/2000\/svg\" width=\"39.333\" height=\"6.245\" class=\"pontilhado-azul\"><path data-name=\"Caminho 486\" d=\"M2.458 0a2.458 2.458 0 0 1 2.459 2.458c0 1.358-1.183 3.786-2.54 3.786S0 3.816 0 2.458A2.458 2.458 0 0 1 2.458 0Z\" fill=\"#007e7a\"><\/path><path data-name=\"Caminho 489\" d=\"M23.108 0a2.458 2.458 0 0 1 2.459 2.458c0 1.358-1.183 3.786-2.54 3.786S20.65 3.816 20.65 2.458A2.458 2.458 0 0 1 23.108 0Z\" fill=\"#007e7a\"><\/path><path data-name=\"Caminho 487\" d=\"M9.341 0A2.458 2.458 0 0 1 11.8 2.458c0 1.358-1.183 3.786-2.54 3.786S6.883 3.816 6.883 2.458A2.458 2.458 0 0 1 9.341 0Z\" fill=\"#007e7a\"><\/path><path data-name=\"Caminho 490\" d=\"M29.991 0a2.458 2.458 0 0 1 2.459 2.458c0 1.358-1.183 3.786-2.54 3.786s-2.377-2.428-2.377-3.786A2.458 2.458 0 0 1 29.991 0Z\" fill=\"#007e7a\"><\/path><path data-name=\"Caminho 488\" d=\"M16.225 0a2.458 2.458 0 0 1 2.459 2.458c0 1.358-1.183 3.786-2.54 3.786s-2.377-2.428-2.377-3.786A2.458 2.458 0 0 1 16.225 0Z\" fill=\"#007e7a\"><\/path><path data-name=\"Caminho 491\" d=\"M36.874 0a2.458 2.458 0 0 1 2.459 2.458c0 1.358-1.183 3.786-2.54 3.786s-2.377-2.428-2.377-3.786A2.458 2.458 0 0 1 36.874 0Z\" fill=\"#007e7a\"><\/path><\/svg><\/div><\/div>\n\n\n\n<div class=\"wp-block-create-block-card-premissas\"><div class=\"card-content\"><span class=\"texto1\"><strong>Educadores e educadoras como<\/strong> <strong>autores das <\/strong><\/span><span class=\"texto2\"><strong>pr\u00e1ticas pedag\u00f3gicas<\/strong><\/span><svg data-name=\"Grupo 638\" xmlns=\"http:\/\/www.w3.org\/2000\/svg\" width=\"39.333\" height=\"6.245\" class=\"pontilhado-azul\"><path data-name=\"Caminho 486\" d=\"M2.458 0a2.458 2.458 0 0 1 2.459 2.458c0 1.358-1.183 3.786-2.54 3.786S0 3.816 0 2.458A2.458 2.458 0 0 1 2.458 0Z\" fill=\"#007e7a\"><\/path><path data-name=\"Caminho 489\" d=\"M23.108 0a2.458 2.458 0 0 1 2.459 2.458c0 1.358-1.183 3.786-2.54 3.786S20.65 3.816 20.65 2.458A2.458 2.458 0 0 1 23.108 0Z\" fill=\"#007e7a\"><\/path><path data-name=\"Caminho 487\" d=\"M9.341 0A2.458 2.458 0 0 1 11.8 2.458c0 1.358-1.183 3.786-2.54 3.786S6.883 3.816 6.883 2.458A2.458 2.458 0 0 1 9.341 0Z\" fill=\"#007e7a\"><\/path><path data-name=\"Caminho 490\" d=\"M29.991 0a2.458 2.458 0 0 1 2.459 2.458c0 1.358-1.183 3.786-2.54 3.786s-2.377-2.428-2.377-3.786A2.458 2.458 0 0 1 29.991 0Z\" fill=\"#007e7a\"><\/path><path data-name=\"Caminho 488\" d=\"M16.225 0a2.458 2.458 0 0 1 2.459 2.458c0 1.358-1.183 3.786-2.54 3.786s-2.377-2.428-2.377-3.786A2.458 2.458 0 0 1 16.225 0Z\" fill=\"#007e7a\"><\/path><path data-name=\"Caminho 491\" d=\"M36.874 0a2.458 2.458 0 0 1 2.459 2.458c0 1.358-1.183 3.786-2.54 3.786s-2.377-2.428-2.377-3.786A2.458 2.458 0 0 1 36.874 0Z\" fill=\"#007e7a\"><\/path><\/svg><\/div><\/div>\n\n\n\n<div class=\"wp-block-create-block-card-premissas\"><div class=\"card-content\"><span class=\"texto1\">Educadores e educadoras como  <\/span><span class=\"texto2\"><strong>formadores da pr\u00f3pria rede<\/strong><\/span><svg data-name=\"Grupo 638\" xmlns=\"http:\/\/www.w3.org\/2000\/svg\" width=\"39.333\" height=\"6.245\" class=\"pontilhado-azul\"><path data-name=\"Caminho 486\" d=\"M2.458 0a2.458 2.458 0 0 1 2.459 2.458c0 1.358-1.183 3.786-2.54 3.786S0 3.816 0 2.458A2.458 2.458 0 0 1 2.458 0Z\" fill=\"#007e7a\"><\/path><path data-name=\"Caminho 489\" d=\"M23.108 0a2.458 2.458 0 0 1 2.459 2.458c0 1.358-1.183 3.786-2.54 3.786S20.65 3.816 20.65 2.458A2.458 2.458 0 0 1 23.108 0Z\" fill=\"#007e7a\"><\/path><path data-name=\"Caminho 487\" d=\"M9.341 0A2.458 2.458 0 0 1 11.8 2.458c0 1.358-1.183 3.786-2.54 3.786S6.883 3.816 6.883 2.458A2.458 2.458 0 0 1 9.341 0Z\" fill=\"#007e7a\"><\/path><path data-name=\"Caminho 490\" d=\"M29.991 0a2.458 2.458 0 0 1 2.459 2.458c0 1.358-1.183 3.786-2.54 3.786s-2.377-2.428-2.377-3.786A2.458 2.458 0 0 1 29.991 0Z\" fill=\"#007e7a\"><\/path><path data-name=\"Caminho 488\" d=\"M16.225 0a2.458 2.458 0 0 1 2.459 2.458c0 1.358-1.183 3.786-2.54 3.786s-2.377-2.428-2.377-3.786A2.458 2.458 0 0 1 16.225 0Z\" fill=\"#007e7a\"><\/path><path data-name=\"Caminho 491\" d=\"M36.874 0a2.458 2.458 0 0 1 2.459 2.458c0 1.358-1.183 3.786-2.54 3.786s-2.377-2.428-2.377-3.786A2.458 2.458 0 0 1 36.874 0Z\" fill=\"#007e7a\"><\/path><\/svg><\/div><\/div>\n\n\n\n<div class=\"wp-block-create-block-card-premissas\"><div class=\"card-content\"><span class=\"texto1\">Educadores e educadoras como  <\/span><span class=\"texto2\"><strong>produtores de conhecimento<\/strong><\/span><svg data-name=\"Grupo 638\" xmlns=\"http:\/\/www.w3.org\/2000\/svg\" width=\"39.333\" height=\"6.245\" class=\"pontilhado-azul\"><path data-name=\"Caminho 486\" d=\"M2.458 0a2.458 2.458 0 0 1 2.459 2.458c0 1.358-1.183 3.786-2.54 3.786S0 3.816 0 2.458A2.458 2.458 0 0 1 2.458 0Z\" fill=\"#007e7a\"><\/path><path data-name=\"Caminho 489\" d=\"M23.108 0a2.458 2.458 0 0 1 2.459 2.458c0 1.358-1.183 3.786-2.54 3.786S20.65 3.816 20.65 2.458A2.458 2.458 0 0 1 23.108 0Z\" fill=\"#007e7a\"><\/path><path data-name=\"Caminho 487\" d=\"M9.341 0A2.458 2.458 0 0 1 11.8 2.458c0 1.358-1.183 3.786-2.54 3.786S6.883 3.816 6.883 2.458A2.458 2.458 0 0 1 9.341 0Z\" fill=\"#007e7a\"><\/path><path data-name=\"Caminho 490\" d=\"M29.991 0a2.458 2.458 0 0 1 2.459 2.458c0 1.358-1.183 3.786-2.54 3.786s-2.377-2.428-2.377-3.786A2.458 2.458 0 0 1 29.991 0Z\" fill=\"#007e7a\"><\/path><path data-name=\"Caminho 488\" d=\"M16.225 0a2.458 2.458 0 0 1 2.459 2.458c0 1.358-1.183 3.786-2.54 3.786s-2.377-2.428-2.377-3.786A2.458 2.458 0 0 1 16.225 0Z\" fill=\"#007e7a\"><\/path><path data-name=\"Caminho 491\" d=\"M36.874 0a2.458 2.458 0 0 1 2.459 2.458c0 1.358-1.183 3.786-2.54 3.786s-2.377-2.428-2.377-3.786A2.458 2.458 0 0 1 36.874 0Z\" fill=\"#007e7a\"><\/path><\/svg><\/div><\/div>\n\n\n\n<div class=\"wp-block-create-block-card-premissas\"><div class=\"card-content\"><span class=\"texto1\">Educadores e educadoras com <strong>saberes e experi\u00eancias relevantes ao<\/strong> <\/span><span class=\"texto2\"><strong>processo formativo<\/strong><\/span><svg data-name=\"Grupo 638\" xmlns=\"http:\/\/www.w3.org\/2000\/svg\" width=\"39.333\" height=\"6.245\" class=\"pontilhado-azul\"><path data-name=\"Caminho 486\" d=\"M2.458 0a2.458 2.458 0 0 1 2.459 2.458c0 1.358-1.183 3.786-2.54 3.786S0 3.816 0 2.458A2.458 2.458 0 0 1 2.458 0Z\" fill=\"#007e7a\"><\/path><path data-name=\"Caminho 489\" d=\"M23.108 0a2.458 2.458 0 0 1 2.459 2.458c0 1.358-1.183 3.786-2.54 3.786S20.65 3.816 20.65 2.458A2.458 2.458 0 0 1 23.108 0Z\" fill=\"#007e7a\"><\/path><path data-name=\"Caminho 487\" d=\"M9.341 0A2.458 2.458 0 0 1 11.8 2.458c0 1.358-1.183 3.786-2.54 3.786S6.883 3.816 6.883 2.458A2.458 2.458 0 0 1 9.341 0Z\" fill=\"#007e7a\"><\/path><path data-name=\"Caminho 490\" d=\"M29.991 0a2.458 2.458 0 0 1 2.459 2.458c0 1.358-1.183 3.786-2.54 3.786s-2.377-2.428-2.377-3.786A2.458 2.458 0 0 1 29.991 0Z\" fill=\"#007e7a\"><\/path><path data-name=\"Caminho 488\" d=\"M16.225 0a2.458 2.458 0 0 1 2.459 2.458c0 1.358-1.183 3.786-2.54 3.786s-2.377-2.428-2.377-3.786A2.458 2.458 0 0 1 16.225 0Z\" fill=\"#007e7a\"><\/path><path data-name=\"Caminho 491\" d=\"M36.874 0a2.458 2.458 0 0 1 2.459 2.458c0 1.358-1.183 3.786-2.54 3.786s-2.377-2.428-2.377-3.786A2.458 2.458 0 0 1 36.874 0Z\" fill=\"#007e7a\"><\/path><\/svg><\/div><\/div>\n\n\n\n<div class=\"wp-block-create-block-card-premissas\"><div class=\"card-content\"><span class=\"texto1\">Educadores e educadoras como agentes que fomentam <\/span><span class=\"texto2\"><strong>Territ\u00f3rios Leitores<\/strong><\/span><svg data-name=\"Grupo 638\" xmlns=\"http:\/\/www.w3.org\/2000\/svg\" width=\"39.333\" height=\"6.245\" class=\"pontilhado-azul\"><path data-name=\"Caminho 486\" d=\"M2.458 0a2.458 2.458 0 0 1 2.459 2.458c0 1.358-1.183 3.786-2.54 3.786S0 3.816 0 2.458A2.458 2.458 0 0 1 2.458 0Z\" fill=\"#007e7a\"><\/path><path data-name=\"Caminho 489\" d=\"M23.108 0a2.458 2.458 0 0 1 2.459 2.458c0 1.358-1.183 3.786-2.54 3.786S20.65 3.816 20.65 2.458A2.458 2.458 0 0 1 23.108 0Z\" fill=\"#007e7a\"><\/path><path data-name=\"Caminho 487\" d=\"M9.341 0A2.458 2.458 0 0 1 11.8 2.458c0 1.358-1.183 3.786-2.54 3.786S6.883 3.816 6.883 2.458A2.458 2.458 0 0 1 9.341 0Z\" fill=\"#007e7a\"><\/path><path data-name=\"Caminho 490\" d=\"M29.991 0a2.458 2.458 0 0 1 2.459 2.458c0 1.358-1.183 3.786-2.54 3.786s-2.377-2.428-2.377-3.786A2.458 2.458 0 0 1 29.991 0Z\" fill=\"#007e7a\"><\/path><path data-name=\"Caminho 488\" d=\"M16.225 0a2.458 2.458 0 0 1 2.459 2.458c0 1.358-1.183 3.786-2.54 3.786s-2.377-2.428-2.377-3.786A2.458 2.458 0 0 1 16.225 0Z\" fill=\"#007e7a\"><\/path><path data-name=\"Caminho 491\" d=\"M36.874 0a2.458 2.458 0 0 1 2.459 2.458c0 1.358-1.183 3.786-2.54 3.786s-2.377-2.428-2.377-3.786A2.458 2.458 0 0 1 36.874 0Z\" fill=\"#007e7a\"><\/path><\/svg><\/div><\/div>\n<\/div>\n\n\n\n<div class=\"wp-block-create-block-titulo-pontilhado\"><h2 class=\"titulo-pontilhado\">Resultados<\/h2><img src=\"https:\/\/educacaointegral.org.br\/especiais\/rotas-e-redes-literarias-santa-rita\/wp-content\/plugins\/rrl-santa-rita\/build\/images\/pontilhado-amarelo.ec7fd80e.png\"\/><\/div>\n\n\n\n<p class=\"has-text-align-center\">Ao longo de dois anos, o Rotas e Redes Liter\u00e1rias contribuiu para fortalecer Santa Rita como Territ\u00f3rio Leitor<\/p>\n\n\n\n<div class=\"wp-block-create-block-area-info-card\">\n<div class=\"wp-block-create-block-info-card\"><div class=\"area-texto\"><span class=\"info-card-quantidade\">62<\/span><span class=\"info-card-primeiro-termo\">Escolas<\/span><span class=\"info-card-segundo-termo\">equipadas<\/span><svg data-name=\"Grupo 638\" xmlns=\"http:\/\/www.w3.org\/2000\/svg\" width=\"39.333\" height=\"6.245\" class=\"pontilhado-azul\"><path data-name=\"Caminho 486\" d=\"M2.458 0a2.458 2.458 0 0 1 2.459 2.458c0 1.358-1.183 3.786-2.54 3.786S0 3.816 0 2.458A2.458 2.458 0 0 1 2.458 0Z\" fill=\"#007e7a\"><\/path><path data-name=\"Caminho 489\" d=\"M23.108 0a2.458 2.458 0 0 1 2.459 2.458c0 1.358-1.183 3.786-2.54 3.786S20.65 3.816 20.65 2.458A2.458 2.458 0 0 1 23.108 0Z\" fill=\"#007e7a\"><\/path><path data-name=\"Caminho 487\" d=\"M9.341 0A2.458 2.458 0 0 1 11.8 2.458c0 1.358-1.183 3.786-2.54 3.786S6.883 3.816 6.883 2.458A2.458 2.458 0 0 1 9.341 0Z\" fill=\"#007e7a\"><\/path><path data-name=\"Caminho 490\" d=\"M29.991 0a2.458 2.458 0 0 1 2.459 2.458c0 1.358-1.183 3.786-2.54 3.786s-2.377-2.428-2.377-3.786A2.458 2.458 0 0 1 29.991 0Z\" fill=\"#007e7a\"><\/path><path data-name=\"Caminho 488\" d=\"M16.225 0a2.458 2.458 0 0 1 2.459 2.458c0 1.358-1.183 3.786-2.54 3.786s-2.377-2.428-2.377-3.786A2.458 2.458 0 0 1 16.225 0Z\" fill=\"#007e7a\"><\/path><path data-name=\"Caminho 491\" d=\"M36.874 0a2.458 2.458 0 0 1 2.459 2.458c0 1.358-1.183 3.786-2.54 3.786s-2.377-2.428-2.377-3.786A2.458 2.458 0 0 1 36.874 0Z\" fill=\"#007e7a\"><\/path><\/svg><\/div><\/div>\n\n\n\n<div class=\"wp-block-create-block-info-card\"><div class=\"area-texto\"><span class=\"info-card-quantidade\">371<\/span><span class=\"info-card-primeiro-termo\">Professores<\/span><span class=\"info-card-segundo-termo\">formados<\/span><svg data-name=\"Grupo 638\" xmlns=\"http:\/\/www.w3.org\/2000\/svg\" width=\"39.333\" height=\"6.245\" class=\"pontilhado-azul\"><path data-name=\"Caminho 486\" d=\"M2.458 0a2.458 2.458 0 0 1 2.459 2.458c0 1.358-1.183 3.786-2.54 3.786S0 3.816 0 2.458A2.458 2.458 0 0 1 2.458 0Z\" fill=\"#007e7a\"><\/path><path data-name=\"Caminho 489\" d=\"M23.108 0a2.458 2.458 0 0 1 2.459 2.458c0 1.358-1.183 3.786-2.54 3.786S20.65 3.816 20.65 2.458A2.458 2.458 0 0 1 23.108 0Z\" fill=\"#007e7a\"><\/path><path data-name=\"Caminho 487\" d=\"M9.341 0A2.458 2.458 0 0 1 11.8 2.458c0 1.358-1.183 3.786-2.54 3.786S6.883 3.816 6.883 2.458A2.458 2.458 0 0 1 9.341 0Z\" fill=\"#007e7a\"><\/path><path data-name=\"Caminho 490\" d=\"M29.991 0a2.458 2.458 0 0 1 2.459 2.458c0 1.358-1.183 3.786-2.54 3.786s-2.377-2.428-2.377-3.786A2.458 2.458 0 0 1 29.991 0Z\" fill=\"#007e7a\"><\/path><path data-name=\"Caminho 488\" d=\"M16.225 0a2.458 2.458 0 0 1 2.459 2.458c0 1.358-1.183 3.786-2.54 3.786s-2.377-2.428-2.377-3.786A2.458 2.458 0 0 1 16.225 0Z\" fill=\"#007e7a\"><\/path><path data-name=\"Caminho 491\" d=\"M36.874 0a2.458 2.458 0 0 1 2.459 2.458c0 1.358-1.183 3.786-2.54 3.786s-2.377-2.428-2.377-3.786A2.458 2.458 0 0 1 36.874 0Z\" fill=\"#007e7a\"><\/path><\/svg><\/div><\/div>\n\n\n\n<div class=\"wp-block-create-block-info-card is-style-default\"><div class=\"area-texto\"><span class=\"info-card-quantidade\">270<\/span><span class=\"info-card-primeiro-termo\">Horas de<\/span><span class=\"info-card-segundo-termo\">forma\u00e7\u00e3o<\/span><svg data-name=\"Grupo 638\" xmlns=\"http:\/\/www.w3.org\/2000\/svg\" width=\"39.333\" height=\"6.245\" class=\"pontilhado-azul\"><path data-name=\"Caminho 486\" d=\"M2.458 0a2.458 2.458 0 0 1 2.459 2.458c0 1.358-1.183 3.786-2.54 3.786S0 3.816 0 2.458A2.458 2.458 0 0 1 2.458 0Z\" fill=\"#007e7a\"><\/path><path data-name=\"Caminho 489\" d=\"M23.108 0a2.458 2.458 0 0 1 2.459 2.458c0 1.358-1.183 3.786-2.54 3.786S20.65 3.816 20.65 2.458A2.458 2.458 0 0 1 23.108 0Z\" fill=\"#007e7a\"><\/path><path data-name=\"Caminho 487\" d=\"M9.341 0A2.458 2.458 0 0 1 11.8 2.458c0 1.358-1.183 3.786-2.54 3.786S6.883 3.816 6.883 2.458A2.458 2.458 0 0 1 9.341 0Z\" fill=\"#007e7a\"><\/path><path data-name=\"Caminho 490\" d=\"M29.991 0a2.458 2.458 0 0 1 2.459 2.458c0 1.358-1.183 3.786-2.54 3.786s-2.377-2.428-2.377-3.786A2.458 2.458 0 0 1 29.991 0Z\" fill=\"#007e7a\"><\/path><path data-name=\"Caminho 488\" d=\"M16.225 0a2.458 2.458 0 0 1 2.459 2.458c0 1.358-1.183 3.786-2.54 3.786s-2.377-2.428-2.377-3.786A2.458 2.458 0 0 1 16.225 0Z\" fill=\"#007e7a\"><\/path><path data-name=\"Caminho 491\" d=\"M36.874 0a2.458 2.458 0 0 1 2.459 2.458c0 1.358-1.183 3.786-2.54 3.786s-2.377-2.428-2.377-3.786A2.458 2.458 0 0 1 36.874 0Z\" fill=\"#007e7a\"><\/path><\/svg><\/div><\/div>\n\n\n\n<div class=\"wp-block-create-block-info-card\"><div class=\"area-texto\"><span class=\"info-card-quantidade\">9068<\/span><span class=\"info-card-primeiro-termo\"> Livros<\/span><span class=\"info-card-segundo-termo\">doados<\/span><svg data-name=\"Grupo 638\" xmlns=\"http:\/\/www.w3.org\/2000\/svg\" width=\"39.333\" height=\"6.245\" class=\"pontilhado-azul\"><path data-name=\"Caminho 486\" d=\"M2.458 0a2.458 2.458 0 0 1 2.459 2.458c0 1.358-1.183 3.786-2.54 3.786S0 3.816 0 2.458A2.458 2.458 0 0 1 2.458 0Z\" fill=\"#007e7a\"><\/path><path data-name=\"Caminho 489\" d=\"M23.108 0a2.458 2.458 0 0 1 2.459 2.458c0 1.358-1.183 3.786-2.54 3.786S20.65 3.816 20.65 2.458A2.458 2.458 0 0 1 23.108 0Z\" fill=\"#007e7a\"><\/path><path data-name=\"Caminho 487\" d=\"M9.341 0A2.458 2.458 0 0 1 11.8 2.458c0 1.358-1.183 3.786-2.54 3.786S6.883 3.816 6.883 2.458A2.458 2.458 0 0 1 9.341 0Z\" fill=\"#007e7a\"><\/path><path data-name=\"Caminho 490\" d=\"M29.991 0a2.458 2.458 0 0 1 2.459 2.458c0 1.358-1.183 3.786-2.54 3.786s-2.377-2.428-2.377-3.786A2.458 2.458 0 0 1 29.991 0Z\" fill=\"#007e7a\"><\/path><path data-name=\"Caminho 488\" d=\"M16.225 0a2.458 2.458 0 0 1 2.459 2.458c0 1.358-1.183 3.786-2.54 3.786s-2.377-2.428-2.377-3.786A2.458 2.458 0 0 1 16.225 0Z\" fill=\"#007e7a\"><\/path><path data-name=\"Caminho 491\" d=\"M36.874 0a2.458 2.458 0 0 1 2.459 2.458c0 1.358-1.183 3.786-2.54 3.786s-2.377-2.428-2.377-3.786A2.458 2.458 0 0 1 36.874 0Z\" fill=\"#007e7a\"><\/path><\/svg><\/div><\/div>\n\n\n\n<div class=\"wp-block-create-block-info-card\"><div class=\"area-texto\"><span class=\"info-card-quantidade\">5414<\/span><span class=\"info-card-primeiro-termo\">Estudantes  <\/span><span class=\"info-card-segundo-termo\">beneficiados <\/span><svg data-name=\"Grupo 638\" xmlns=\"http:\/\/www.w3.org\/2000\/svg\" width=\"39.333\" height=\"6.245\" class=\"pontilhado-azul\"><path data-name=\"Caminho 486\" d=\"M2.458 0a2.458 2.458 0 0 1 2.459 2.458c0 1.358-1.183 3.786-2.54 3.786S0 3.816 0 2.458A2.458 2.458 0 0 1 2.458 0Z\" fill=\"#007e7a\"><\/path><path data-name=\"Caminho 489\" d=\"M23.108 0a2.458 2.458 0 0 1 2.459 2.458c0 1.358-1.183 3.786-2.54 3.786S20.65 3.816 20.65 2.458A2.458 2.458 0 0 1 23.108 0Z\" fill=\"#007e7a\"><\/path><path data-name=\"Caminho 487\" d=\"M9.341 0A2.458 2.458 0 0 1 11.8 2.458c0 1.358-1.183 3.786-2.54 3.786S6.883 3.816 6.883 2.458A2.458 2.458 0 0 1 9.341 0Z\" fill=\"#007e7a\"><\/path><path data-name=\"Caminho 490\" d=\"M29.991 0a2.458 2.458 0 0 1 2.459 2.458c0 1.358-1.183 3.786-2.54 3.786s-2.377-2.428-2.377-3.786A2.458 2.458 0 0 1 29.991 0Z\" fill=\"#007e7a\"><\/path><path data-name=\"Caminho 488\" d=\"M16.225 0a2.458 2.458 0 0 1 2.459 2.458c0 1.358-1.183 3.786-2.54 3.786s-2.377-2.428-2.377-3.786A2.458 2.458 0 0 1 16.225 0Z\" fill=\"#007e7a\"><\/path><path data-name=\"Caminho 491\" d=\"M36.874 0a2.458 2.458 0 0 1 2.459 2.458c0 1.358-1.183 3.786-2.54 3.786s-2.377-2.428-2.377-3.786A2.458 2.458 0 0 1 36.874 0Z\" fill=\"#007e7a\"><\/path><\/svg><\/div><\/div>\n<\/div>\n\n\n\n<div class=\"wp-block-create-block-titulo-pontilhado\"><h2 class=\"titulo-pontilhado\">Metodologia<\/h2><img src=\"https:\/\/educacaointegral.org.br\/especiais\/rotas-e-redes-literarias-santa-rita\/wp-content\/plugins\/rrl-santa-rita\/build\/images\/pontilhado-amarelo.ec7fd80e.png\"\/><\/div>\n\n\n\n<p class=\"has-text-align-center\">O Rotas e Redes Liter\u00e1rias desenvolve uma metodologia que envolve as seguintes estrat\u00e9gias:<\/p>\n\n\n\n<div class=\"wp-block-create-block-area-card-colorido\"> <div class=\"wp-block-create-block-card-colorido is-style-vermelho1 wp-block-create-block-card-colorido\">    <div class=\"card-colorido\">        <div class=\"area-texto\">            <span class=\"texto1\">Diagn\u00f3stico<\/span>            <span class=\"texto2\">da rede<\/span>        <\/div>        <a class=\"botao\" onclick=\"iniciarModalCardColorido(&#039;No in\u00edcio de sua execu\u00e7\u00e3o, o Rotas e Redes compromete-se com um &lt;strong&gt;Diagn\u00f3stico&lt;\/strong&gt; do munic\u00edpio a partir de informa\u00e7\u00f5es coletadas com a Secretaria Municipal de Educa\u00e7\u00e3o acerca das unidades escolares, bem como das pr\u00e1ticas e projetos de leitura desenvolvidos na rede. Complementam esse levantamento as visitas t\u00e9cnicas realizadas pela equipe \u00e0s escolas.&#039;, &#039;&#039;)\"> Saiba+<\/a>    <\/div><\/div>\n\n <div class=\"wp-block-create-block-card-colorido wp-block-create-block-card-colorido\">    <div class=\"card-colorido\">        <div class=\"area-texto\">            <span class=\"texto1\">Forma\u00e7\u00e3o<\/span>            <span class=\"texto2\">docente<\/span>        <\/div>        <a class=\"botao\" onclick=\"iniciarModalCardColorido(&#039;Os\u00a0&lt;strong&gt;processos formativos&lt;\/strong&gt;\u00a0envolvem agentes das bibliotecas locais, mediadores de leitura, equipes t\u00e9cnicas, gestores (as) escolares, professores (as) e estudantes e t\u00eam como foco inicial a constitui\u00e7\u00e3o de um\u00a0&lt;a href=&quot;https:\/\/educacaointegral.org.br\/especiais\/rotas-e-redes-literarias-santa-rita\/estrategias\/acervo-literario\/&quot;&gt;acervo liter\u00e1rio&lt;\/a&gt;\u00a0diversificado e a produ\u00e7\u00e3o de\u00a0&lt;a href=&quot;https:\/\/educacaointegral.org.br\/especiais\/rotas-e-redes-literarias-santa-rita\/estrategias\/mobiliario-de-leitura\/&quot;&gt;mobili\u00e1rio de leitura&lt;\/a&gt;\u00a0das escolas. &lt;br&gt;&lt;br&gt;Com participa\u00e7\u00e3o ativa da comunidade escolar nessas defini\u00e7\u00f5es, os encontros articulam teoria e pr\u00e1tica, culminando na curadoria dos t\u00edtulos que ser\u00e3o adquiridos pela rede e no desenho do m\u00f3vel que ser\u00e1 produzido para as escolas.&lt;br&gt;&lt;br&gt;Para apoiar a forma\u00e7\u00e3o de leitores e leitoras, o projeto realiza\u00a0&lt;a href=&quot;https:\/\/educacaointegral.org.br\/especiais\/rotas-e-redes-literarias-santa-rita\/estrategias\/formacao-de-mediadores\/&quot;&gt;oficinas de media\u00e7\u00e3o de leitura&lt;\/a&gt;\u00a0voltadas aos docentes da Educa\u00e7\u00e3o Infantil, Ensino Fundamental I e II. Nelas, s\u00e3o trabalhados desde aspectos ligados \u00e0s\u00a0&lt;a href=&quot;https:\/\/educacaointegral.org.br\/especiais\/rotas-e-redes-literarias-santa-rita\/estrategias\/politica-publica\/&quot;&gt;pol\u00edticas p\u00fablicas de leitura&lt;\/a&gt;, passando pelos desafios para a forma\u00e7\u00e3o de leitores no Brasil, o papel da escola nesse contexto, at\u00e9 chegar no planejamento das\u00a0&lt;a href=&quot;https:\/\/educacaointegral.org.br\/especiais\/rotas-e-redes-literarias-santa-rita\/estrategias\/praticas-de-mediacao\/&quot;&gt;pr\u00e1ticas de leitura&lt;\/a&gt;\u00a0em sala de aula.&#039;, &#039;&#039;)\"> Saiba+<\/a>    <\/div><\/div>\n\n <div class=\"wp-block-create-block-card-colorido is-style-vermelho1 wp-block-create-block-card-colorido\">    <div class=\"card-colorido\">        <div class=\"area-texto\">            <span class=\"texto1\">Equipagem<\/span>            <span class=\"texto2\">das escolas<\/span>        <\/div>        <a class=\"botao\" onclick=\"iniciarModalCardColorido(&#039;Ap\u00f3s a forma\u00e7\u00e3o com foco na constitui\u00e7\u00e3o do acervo liter\u00e1rio da escola, tem in\u00edcio o processo de curadoria e aquisi\u00e7\u00e3o dos t\u00edtulos, envolvendo profissionais especializados e livrarias locais. Movimentando a cadeia produtiva do livro e da leitura, o projeto realiza o acompanhamento de todo o ciclo de equipagem das escolas at\u00e9 o dia da entrega do acervo em cada unidade. &lt;br&gt;&lt;br&gt;Com rela\u00e7\u00e3o ao mobili\u00e1rio, o desenho \u00e9 consolidado pelo arquiteto Rodrigo Mindlin e enviado a uma marcenaria para sua produ\u00e7\u00e3o. Nesta etapa, o projeto busca garantir que os crit\u00e9rios definidos pelos docentes durante a forma\u00e7\u00e3o se materializem. Em parceria com a Secretaria Municipal de Educa\u00e7\u00e3o, o Rotas estrutura a log\u00edstica de entrega para todas as escolas da rede. &#039;, &#039;&#039;)\"> Saiba+<\/a>    <\/div><\/div><\/div>\n\n\n\n<div class=\"wp-block-create-block-titulo-pontilhado\"><h2 class=\"titulo-pontilhado\">Territ\u00f3rio<\/h2><img src=\"https:\/\/educacaointegral.org.br\/especiais\/rotas-e-redes-literarias-santa-rita\/wp-content\/plugins\/rrl-santa-rita\/build\/images\/pontilhado-amarelo.ec7fd80e.png\"\/><\/div>\n\n\n\n<figure class=\"wp-block-image size-full\"><img loading=\"lazy\" width=\"900\" height=\"394\" src=\"https:\/\/educacaointegral.org.br\/especiais\/rotas-e-redes-literarias-santa-rita\/wp-content\/uploads\/sites\/8\/2022\/09\/Grupo-667.png\" alt=\"\" class=\"wp-image-636\" srcset=\"https:\/\/educacaointegral.org.br\/especiais\/rotas-e-redes-literarias-santa-rita\/wp-content\/uploads\/sites\/8\/2022\/09\/Grupo-667.png 900w, https:\/\/educacaointegral.org.br\/especiais\/rotas-e-redes-literarias-santa-rita\/wp-content\/uploads\/sites\/8\/2022\/09\/Grupo-667-300x131.png 300w, https:\/\/educacaointegral.org.br\/especiais\/rotas-e-redes-literarias-santa-rita\/wp-content\/uploads\/sites\/8\/2022\/09\/Grupo-667-768x336.png 768w\" sizes=\"(max-width: 900px) 100vw, 900px\" \/><\/figure>\n","protected":false},"excerpt":{"rendered":"<p>O projeto Rotas e Redes Liter\u00e1rias \u00e9 uma iniciativa da Funda\u00e7\u00e3o Vale, em parceria com a Secretaria Municipal de Educa\u00e7\u00e3o de Santa Rita e a Associa\u00e7\u00e3o Cidade Escola Aprendiz, por meio do Centro de Refer\u00eancias em Educa\u00e7\u00e3o Integral, que tem como objetivo promover o direito ao livro, leitura e literatura na rede municipal de ensino. [&hellip;]<\/p>\n","protected":false},"author":1,"featured_media":0,"parent":0,"menu_order":0,"comment_status":"closed","ping_status":"closed","template":"","meta":[],"yoast_head":"<!-- This site is optimized with the Yoast SEO plugin v19.13 - https:\/\/yoast.com\/wordpress\/plugins\/seo\/ -->\n<title>O Projeto - Rotas e Redes Liter\u00e1rias Santa Rita<\/title>\n<meta name=\"robots\" content=\"index, follow, max-snippet:-1, max-image-preview:large, max-video-preview:-1\" \/>\n<link rel=\"canonical\" href=\"https:\/\/educacaointegral.org.br\/especiais\/rotas-e-redes-literarias-santa-rita\/o-projeto\/\" \/>\n<meta property=\"og:locale\" content=\"pt_BR\" \/>\n<meta property=\"og:type\" content=\"article\" \/>\n<meta property=\"og:title\" content=\"O Projeto - Rotas e Redes Liter\u00e1rias Santa Rita\" \/>\n<meta property=\"og:description\" content=\"O projeto Rotas e Redes Liter\u00e1rias \u00e9 uma iniciativa da Funda\u00e7\u00e3o Vale, em parceria com a Secretaria Municipal de Educa\u00e7\u00e3o de Santa Rita e a Associa\u00e7\u00e3o Cidade Escola Aprendiz, por meio do Centro de Refer\u00eancias em Educa\u00e7\u00e3o Integral, que tem como objetivo promover o direito ao livro, leitura e literatura na rede municipal de ensino. [&hellip;]\" \/>\n<meta property=\"og:url\" content=\"https:\/\/educacaointegral.org.br\/especiais\/rotas-e-redes-literarias-santa-rita\/o-projeto\/\" \/>\n<meta property=\"og:site_name\" content=\"Rotas e Redes Liter\u00e1rias Santa Rita\" \/>\n<meta property=\"article:modified_time\" content=\"2022-09-09T17:45:38+00:00\" \/>\n<meta property=\"og:image\" content=\"https:\/\/educacaointegral.org.br\/especiais\/rotas-e-redes-literarias-santa-rita\/wp-content\/plugins\/rrl-santa-rita\/build\/images\/pontilhado-amarelo.ec7fd80e.png\" \/>\n<meta name=\"twitter:card\" content=\"summary_large_image\" \/>\n<meta name=\"twitter:label1\" content=\"Est. tempo de leitura\" \/>\n\t<meta name=\"twitter:data1\" content=\"1 minuto\" \/>\n<script type=\"application\/ld+json\" class=\"yoast-schema-graph\">{\"@context\":\"https:\/\/schema.org\",\"@graph\":[{\"@type\":\"WebPage\",\"@id\":\"https:\/\/educacaointegral.org.br\/especiais\/rotas-e-redes-literarias-santa-rita\/o-projeto\/\",\"url\":\"https:\/\/educacaointegral.org.br\/especiais\/rotas-e-redes-literarias-santa-rita\/o-projeto\/\",\"name\":\"O Projeto - Rotas e Redes Liter\u00e1rias Santa Rita\",\"isPartOf\":{\"@id\":\"https:\/\/educacaointegral.org.br\/especiais\/rotas-e-redes-literarias-santa-rita\/#website\"},\"datePublished\":\"2022-06-22T18:02:30+00:00\",\"dateModified\":\"2022-09-09T17:45:38+00:00\",\"breadcrumb\":{\"@id\":\"https:\/\/educacaointegral.org.br\/especiais\/rotas-e-redes-literarias-santa-rita\/o-projeto\/#breadcrumb\"},\"inLanguage\":\"pt-BR\",\"potentialAction\":[{\"@type\":\"ReadAction\",\"target\":[\"https:\/\/educacaointegral.org.br\/especiais\/rotas-e-redes-literarias-santa-rita\/o-projeto\/\"]}]},{\"@type\":\"BreadcrumbList\",\"@id\":\"https:\/\/educacaointegral.org.br\/especiais\/rotas-e-redes-literarias-santa-rita\/o-projeto\/#breadcrumb\",\"itemListElement\":[{\"@type\":\"ListItem\",\"position\":1,\"name\":\"In\u00edcio\",\"item\":\"https:\/\/educacaointegral.org.br\/especiais\/rotas-e-redes-literarias-santa-rita\/\"},{\"@type\":\"ListItem\",\"position\":2,\"name\":\"O Projeto\"}]},{\"@type\":\"WebSite\",\"@id\":\"https:\/\/educacaointegral.org.br\/especiais\/rotas-e-redes-literarias-santa-rita\/#website\",\"url\":\"https:\/\/educacaointegral.org.br\/especiais\/rotas-e-redes-literarias-santa-rita\/\",\"name\":\"Rotas e Redes Liter\u00e1rias Santa Rita\",\"description\":\"S\u00f3 mais um site Centro de Refer\u00eancias em Educa\u00e7\u00e3o Integral | Especiais sites\",\"potentialAction\":[{\"@type\":\"SearchAction\",\"target\":{\"@type\":\"EntryPoint\",\"urlTemplate\":\"https:\/\/educacaointegral.org.br\/especiais\/rotas-e-redes-literarias-santa-rita\/?s={search_term_string}\"},\"query-input\":\"required name=search_term_string\"}],\"inLanguage\":\"pt-BR\"}]}<\/script>\n<!-- \/ Yoast SEO plugin. -->","yoast_head_json":{"title":"O Projeto - Rotas e Redes Liter\u00e1rias Santa Rita","robots":{"index":"index","follow":"follow","max-snippet":"max-snippet:-1","max-image-preview":"max-image-preview:large","max-video-preview":"max-video-preview:-1"},"canonical":"https:\/\/educacaointegral.org.br\/especiais\/rotas-e-redes-literarias-santa-rita\/o-projeto\/","og_locale":"pt_BR","og_type":"article","og_title":"O Projeto - Rotas e Redes Liter\u00e1rias Santa Rita","og_description":"O projeto Rotas e Redes Liter\u00e1rias \u00e9 uma iniciativa da Funda\u00e7\u00e3o Vale, em parceria com a Secretaria Municipal de Educa\u00e7\u00e3o de Santa Rita e a Associa\u00e7\u00e3o Cidade Escola Aprendiz, por meio do Centro de Refer\u00eancias em Educa\u00e7\u00e3o Integral, que tem como objetivo promover o direito ao livro, leitura e literatura na rede municipal de ensino. [&hellip;]","og_url":"https:\/\/educacaointegral.org.br\/especiais\/rotas-e-redes-literarias-santa-rita\/o-projeto\/","og_site_name":"Rotas e Redes Liter\u00e1rias Santa Rita","article_modified_time":"2022-09-09T17:45:38+00:00","og_image":[{"url":"https:\/\/educacaointegral.org.br\/especiais\/rotas-e-redes-literarias-santa-rita\/wp-content\/plugins\/rrl-santa-rita\/build\/images\/pontilhado-amarelo.ec7fd80e.png"}],"twitter_card":"summary_large_image","twitter_misc":{"Est. tempo de leitura":"1 minuto"},"schema":{"@context":"https:\/\/schema.org","@graph":[{"@type":"WebPage","@id":"https:\/\/educacaointegral.org.br\/especiais\/rotas-e-redes-literarias-santa-rita\/o-projeto\/","url":"https:\/\/educacaointegral.org.br\/especiais\/rotas-e-redes-literarias-santa-rita\/o-projeto\/","name":"O Projeto - Rotas e Redes Liter\u00e1rias Santa Rita","isPartOf":{"@id":"https:\/\/educacaointegral.org.br\/especiais\/rotas-e-redes-literarias-santa-rita\/#website"},"datePublished":"2022-06-22T18:02:30+00:00","dateModified":"2022-09-09T17:45:38+00:00","breadcrumb":{"@id":"https:\/\/educacaointegral.org.br\/especiais\/rotas-e-redes-literarias-santa-rita\/o-projeto\/#breadcrumb"},"inLanguage":"pt-BR","potentialAction":[{"@type":"ReadAction","target":["https:\/\/educacaointegral.org.br\/especiais\/rotas-e-redes-literarias-santa-rita\/o-projeto\/"]}]},{"@type":"BreadcrumbList","@id":"https:\/\/educacaointegral.org.br\/especiais\/rotas-e-redes-literarias-santa-rita\/o-projeto\/#breadcrumb","itemListElement":[{"@type":"ListItem","position":1,"name":"In\u00edcio","item":"https:\/\/educacaointegral.org.br\/especiais\/rotas-e-redes-literarias-santa-rita\/"},{"@type":"ListItem","position":2,"name":"O Projeto"}]},{"@type":"WebSite","@id":"https:\/\/educacaointegral.org.br\/especiais\/rotas-e-redes-literarias-santa-rita\/#website","url":"https:\/\/educacaointegral.org.br\/especiais\/rotas-e-redes-literarias-santa-rita\/","name":"Rotas e Redes Liter\u00e1rias Santa Rita","description":"S\u00f3 mais um site Centro de Refer\u00eancias em Educa\u00e7\u00e3o Integral | Especiais sites","potentialAction":[{"@type":"SearchAction","target":{"@type":"EntryPoint","urlTemplate":"https:\/\/educacaointegral.org.br\/especiais\/rotas-e-redes-literarias-santa-rita\/?s={search_term_string}"},"query-input":"required name=search_term_string"}],"inLanguage":"pt-BR"}]}},"_links":{"self":[{"href":"https:\/\/educacaointegral.org.br\/especiais\/rotas-e-redes-literarias-santa-rita\/wp-json\/wp\/v2\/pages\/9"}],"collection":[{"href":"https:\/\/educacaointegral.org.br\/especiais\/rotas-e-redes-literarias-santa-rita\/wp-json\/wp\/v2\/pages"}],"about":[{"href":"https:\/\/educacaointegral.org.br\/especiais\/rotas-e-redes-literarias-santa-rita\/wp-json\/wp\/v2\/types\/page"}],"author":[{"embeddable":true,"href":"https:\/\/educacaointegral.org.br\/especiais\/rotas-e-redes-literarias-santa-rita\/wp-json\/wp\/v2\/users\/1"}],"replies":[{"embeddable":true,"href":"https:\/\/educacaointegral.org.br\/especiais\/rotas-e-redes-literarias-santa-rita\/wp-json\/wp\/v2\/comments?post=9"}],"version-history":[{"count":57,"href":"https:\/\/educacaointegral.org.br\/especiais\/rotas-e-redes-literarias-santa-rita\/wp-json\/wp\/v2\/pages\/9\/revisions"}],"predecessor-version":[{"id":637,"href":"https:\/\/educacaointegral.org.br\/especiais\/rotas-e-redes-literarias-santa-rita\/wp-json\/wp\/v2\/pages\/9\/revisions\/637"}],"wp:attachment":[{"href":"https:\/\/educacaointegral.org.br\/especiais\/rotas-e-redes-literarias-santa-rita\/wp-json\/wp\/v2\/media?parent=9"}],"curies":[{"name":"wp","href":"https:\/\/api.w.org\/{rel}","templated":true}]}}