{"id":649,"date":"2022-10-07T08:09:24","date_gmt":"2022-10-07T11:09:24","guid":{"rendered":"https:\/\/educacaointegral.org.br\/especiais\/rotas-e-redes-literarias-santa-rita\/?page_id=649"},"modified":"2022-10-07T08:17:11","modified_gmt":"2022-10-07T11:17:11","slug":"ficha-tecnica","status":"publish","type":"page","link":"https:\/\/educacaointegral.org.br\/especiais\/rotas-e-redes-literarias-santa-rita\/quem-somos\/ficha-tecnica\/","title":{"rendered":"Ficha T\u00e9cnica"},"content":{"rendered":"\n<p>Esta plataforma \u00e9 uma iniciativa do projeto Rotas e Redes Liter\u00e1rias de Santa Rita (MA) que busca registrar e disseminar os conhecimentos produzidos ao longo de sua implementa\u00e7\u00e3o no munic\u00edpio. Agradecemos aos estudantes, professores e professoras, gestores e gestoras, al\u00e9m da equipe t\u00e9cnica da Secretaria Municipal de Educa\u00e7\u00e3o de Santa Rita pelo engajamento e confian\u00e7a no trabalho realizado. Aos formadores e formadoras que participaram e constru\u00edram conosco essa jornada de aprendizado, nosso profundo agradecimento.<\/p>\n\n\n\n<p><strong>FUNDA\u00c7\u00c3O VALE<\/strong><\/p>\n\n\n\n<p><a href=\"https:\/\/nam10.safelinks.protection.outlook.com\/?url=http%3A%2F%2Fwww.fundacaovale.org%2F&amp;data=05%7C01%7Cclaudia.lopes%40vale.com%7C84e9874e4c374cf0251b08daa32b7443%7C7893571b6c2c4cefb4da7d4b266a0626%7C0%7C0%7C638001704271443452%7CUnknown%7CTWFpbGZsb3d8eyJWIjoiMC4wLjAwMDAiLCJQIjoiV2luMzIiLCJBTiI6Ik1haWwiLCJXVCI6Mn0%3D%7C3000%7C%7C%7C&amp;sdata=yvimgFSwgzmBL3RgxLJhACUZqedMOq9lryD9hqrUR%2FY%3D&amp;reserved=0\">www.fundacaovale.org<\/a><\/p>\n\n\n\n<p>CONSELHO DE CURADORES<\/p>\n\n\n\n<p>Presidente<br>Maria Luiza Paiva<\/p>\n\n\n\n<p>DIRETORIA<\/p>\n\n\n\n<p>Presidente<br>Flavia Constant<\/p>\n\n\n\n<p>DIRETORA-EXECUTIVA<br>P\u00e2mella De-Cnop<\/p>\n\n\n\n<p>EQUIPE<br>Marcus Finco<br>Claudia Lopes<\/p>\n\n\n\n<p><strong>CIDADE ESCOLA APRENDIZ<\/strong><\/p>\n\n\n\n<p><a href=\"https:\/\/www.cidadeescolaaprendiz.org.br\/\">https:\/\/www.cidadeescolaaprendiz.org.br\/<\/a><\/p>\n\n\n\n<p>DIRE\u00c7\u00c3O EXECUTIVA&nbsp;<br>Natacha Costa<\/p>\n\n\n\n<p>COORDENA\u00c7\u00c3O INSTITUCIONAL<br>Paula Patrone<\/p>\n\n\n\n<p>COORDENA\u00c7\u00c3O DE PROGRAMAS&nbsp;<br>Raiana Ribeiro<\/p>\n\n\n\n<p>GEST\u00c3O DO CENTRO DE REFER\u00caNCIAS EM EDUCA\u00c7\u00c3O INTEGRAL&nbsp;<br>Fernando Mendes<\/p>\n\n\n\n<p>GEST\u00c3O DO PROJETO ROTAS E REDES LITER\u00c1RIAS<br>Amanda Leal<\/p>\n\n\n\n<p>ASSIST\u00caNCIA AO PROJETO<br>J\u00e9ssica Kibrit<\/p>\n\n\n\n<p>FORMADORES&nbsp;<br>\u00c2ngela Kim<br>Beto Silva<br>Carolina Moraes<br>Edneia Gon\u00e7alves<br>Narlize Fonseca<br>Rodrigo Mindlin<br>Volnei Can\u00f4nica&nbsp;<\/p>\n\n\n\n<p><strong>SITE<\/strong><\/p>\n\n\n\n<p><a href=\"http:\/\/www.educacaointegral.org.br\">www.educacaointegral.org.br<\/a><\/p>\n\n\n\n<p>CONCEP\u00c7\u00c3O E COORDENA\u00c7\u00c3O\u00a0<br>Raiana Ribeiro<\/p>\n\n\n\n<p>REDA\u00c7\u00c3O&nbsp;<br>Amanda Leal, Angela Kim, Raiana Ribeiro<\/p>\n\n\n\n<p>REVIS\u00c3O E EDI\u00c7\u00c3O&nbsp;<br>Amanda Leal e Raiana Ribeiro<\/p>\n\n\n\n<p>COORDENA\u00c7\u00c3O T\u00c9CNICA&nbsp;<br>Andr\u00e9 Keher<\/p>\n\n\n\n<p>DESIGN E ILUSTRA\u00c7\u00c3O<br>Gl\u00e1ucia Cavalcante<\/p>\n\n\n\n<p>DESENVOLVIMENTO WEB<br>Carlos Souza<\/p>\n\n\n\n<p>FOTOS&nbsp;<br>Veruska Oliveira<\/p>\n\n\n\n<p>PODCASTS&nbsp;<br>Alessa Camarinha<\/p>\n\n\n\n<p>V\u00cdDEOS&nbsp;<br>Veruska Oliveira<br>Wagner Rodrigo Silva<\/p>\n","protected":false},"excerpt":{"rendered":"<p>Esta plataforma \u00e9 uma iniciativa do projeto Rotas e Redes Liter\u00e1rias de Santa Rita (MA) que busca registrar e disseminar os conhecimentos produzidos ao longo de sua implementa\u00e7\u00e3o no munic\u00edpio. Agradecemos aos estudantes, professores e professoras, gestores e gestoras, al\u00e9m da equipe t\u00e9cnica da Secretaria Municipal de Educa\u00e7\u00e3o de Santa Rita pelo engajamento e confian\u00e7a [&hellip;]<\/p>\n","protected":false},"author":5,"featured_media":0,"parent":5,"menu_order":1,"comment_status":"closed","ping_status":"closed","template":"","meta":[],"yoast_head":"<!-- This site is optimized with the Yoast SEO plugin v19.13 - https:\/\/yoast.com\/wordpress\/plugins\/seo\/ -->\n<title>Ficha T\u00e9cnica - Rotas e Redes Liter\u00e1rias Santa Rita<\/title>\n<meta name=\"robots\" content=\"index, follow, max-snippet:-1, max-image-preview:large, max-video-preview:-1\" \/>\n<link rel=\"canonical\" href=\"https:\/\/educacaointegral.org.br\/especiais\/rotas-e-redes-literarias-santa-rita\/quem-somos\/ficha-tecnica\/\" \/>\n<meta property=\"og:locale\" content=\"pt_BR\" \/>\n<meta property=\"og:type\" content=\"article\" \/>\n<meta property=\"og:title\" content=\"Ficha T\u00e9cnica - Rotas e Redes Liter\u00e1rias Santa Rita\" \/>\n<meta property=\"og:description\" content=\"Esta plataforma \u00e9 uma iniciativa do projeto Rotas e Redes Liter\u00e1rias de Santa Rita (MA) que busca registrar e disseminar os conhecimentos produzidos ao longo de sua implementa\u00e7\u00e3o no munic\u00edpio. Agradecemos aos estudantes, professores e professoras, gestores e gestoras, al\u00e9m da equipe t\u00e9cnica da Secretaria Municipal de Educa\u00e7\u00e3o de Santa Rita pelo engajamento e confian\u00e7a [&hellip;]\" \/>\n<meta property=\"og:url\" content=\"https:\/\/educacaointegral.org.br\/especiais\/rotas-e-redes-literarias-santa-rita\/quem-somos\/ficha-tecnica\/\" \/>\n<meta property=\"og:site_name\" content=\"Rotas e Redes Liter\u00e1rias Santa Rita\" \/>\n<meta property=\"article:modified_time\" content=\"2022-10-07T11:17:11+00:00\" \/>\n<meta name=\"twitter:card\" content=\"summary_large_image\" \/>\n<meta name=\"twitter:label1\" content=\"Est. tempo de leitura\" \/>\n\t<meta name=\"twitter:data1\" content=\"2 minutos\" \/>\n<script type=\"application\/ld+json\" class=\"yoast-schema-graph\">{\"@context\":\"https:\/\/schema.org\",\"@graph\":[{\"@type\":\"WebPage\",\"@id\":\"https:\/\/educacaointegral.org.br\/especiais\/rotas-e-redes-literarias-santa-rita\/quem-somos\/ficha-tecnica\/\",\"url\":\"https:\/\/educacaointegral.org.br\/especiais\/rotas-e-redes-literarias-santa-rita\/quem-somos\/ficha-tecnica\/\",\"name\":\"Ficha T\u00e9cnica - Rotas e Redes Liter\u00e1rias Santa Rita\",\"isPartOf\":{\"@id\":\"https:\/\/educacaointegral.org.br\/especiais\/rotas-e-redes-literarias-santa-rita\/#website\"},\"datePublished\":\"2022-10-07T11:09:24+00:00\",\"dateModified\":\"2022-10-07T11:17:11+00:00\",\"breadcrumb\":{\"@id\":\"https:\/\/educacaointegral.org.br\/especiais\/rotas-e-redes-literarias-santa-rita\/quem-somos\/ficha-tecnica\/#breadcrumb\"},\"inLanguage\":\"pt-BR\",\"potentialAction\":[{\"@type\":\"ReadAction\",\"target\":[\"https:\/\/educacaointegral.org.br\/especiais\/rotas-e-redes-literarias-santa-rita\/quem-somos\/ficha-tecnica\/\"]}]},{\"@type\":\"BreadcrumbList\",\"@id\":\"https:\/\/educacaointegral.org.br\/especiais\/rotas-e-redes-literarias-santa-rita\/quem-somos\/ficha-tecnica\/#breadcrumb\",\"itemListElement\":[{\"@type\":\"ListItem\",\"position\":1,\"name\":\"In\u00edcio\",\"item\":\"https:\/\/educacaointegral.org.br\/especiais\/rotas-e-redes-literarias-santa-rita\/\"},{\"@type\":\"ListItem\",\"position\":2,\"name\":\"Quem Somos\",\"item\":\"https:\/\/educacaointegral.org.br\/especiais\/rotas-e-redes-literarias-santa-rita\/quem-somos\/\"},{\"@type\":\"ListItem\",\"position\":3,\"name\":\"Ficha T\u00e9cnica\"}]},{\"@type\":\"WebSite\",\"@id\":\"https:\/\/educacaointegral.org.br\/especiais\/rotas-e-redes-literarias-santa-rita\/#website\",\"url\":\"https:\/\/educacaointegral.org.br\/especiais\/rotas-e-redes-literarias-santa-rita\/\",\"name\":\"Rotas e Redes Liter\u00e1rias Santa Rita\",\"description\":\"S\u00f3 mais um site Centro de Refer\u00eancias em Educa\u00e7\u00e3o Integral | Especiais sites\",\"potentialAction\":[{\"@type\":\"SearchAction\",\"target\":{\"@type\":\"EntryPoint\",\"urlTemplate\":\"https:\/\/educacaointegral.org.br\/especiais\/rotas-e-redes-literarias-santa-rita\/?s={search_term_string}\"},\"query-input\":\"required name=search_term_string\"}],\"inLanguage\":\"pt-BR\"}]}<\/script>\n<!-- \/ Yoast SEO plugin. -->","yoast_head_json":{"title":"Ficha T\u00e9cnica - Rotas e Redes Liter\u00e1rias Santa Rita","robots":{"index":"index","follow":"follow","max-snippet":"max-snippet:-1","max-image-preview":"max-image-preview:large","max-video-preview":"max-video-preview:-1"},"canonical":"https:\/\/educacaointegral.org.br\/especiais\/rotas-e-redes-literarias-santa-rita\/quem-somos\/ficha-tecnica\/","og_locale":"pt_BR","og_type":"article","og_title":"Ficha T\u00e9cnica - Rotas e Redes Liter\u00e1rias Santa Rita","og_description":"Esta plataforma \u00e9 uma iniciativa do projeto Rotas e Redes Liter\u00e1rias de Santa Rita (MA) que busca registrar e disseminar os conhecimentos produzidos ao longo de sua implementa\u00e7\u00e3o no munic\u00edpio. Agradecemos aos estudantes, professores e professoras, gestores e gestoras, al\u00e9m da equipe t\u00e9cnica da Secretaria Municipal de Educa\u00e7\u00e3o de Santa Rita pelo engajamento e confian\u00e7a [&hellip;]","og_url":"https:\/\/educacaointegral.org.br\/especiais\/rotas-e-redes-literarias-santa-rita\/quem-somos\/ficha-tecnica\/","og_site_name":"Rotas e Redes Liter\u00e1rias Santa Rita","article_modified_time":"2022-10-07T11:17:11+00:00","twitter_card":"summary_large_image","twitter_misc":{"Est. tempo de leitura":"2 minutos"},"schema":{"@context":"https:\/\/schema.org","@graph":[{"@type":"WebPage","@id":"https:\/\/educacaointegral.org.br\/especiais\/rotas-e-redes-literarias-santa-rita\/quem-somos\/ficha-tecnica\/","url":"https:\/\/educacaointegral.org.br\/especiais\/rotas-e-redes-literarias-santa-rita\/quem-somos\/ficha-tecnica\/","name":"Ficha T\u00e9cnica - Rotas e Redes Liter\u00e1rias Santa Rita","isPartOf":{"@id":"https:\/\/educacaointegral.org.br\/especiais\/rotas-e-redes-literarias-santa-rita\/#website"},"datePublished":"2022-10-07T11:09:24+00:00","dateModified":"2022-10-07T11:17:11+00:00","breadcrumb":{"@id":"https:\/\/educacaointegral.org.br\/especiais\/rotas-e-redes-literarias-santa-rita\/quem-somos\/ficha-tecnica\/#breadcrumb"},"inLanguage":"pt-BR","potentialAction":[{"@type":"ReadAction","target":["https:\/\/educacaointegral.org.br\/especiais\/rotas-e-redes-literarias-santa-rita\/quem-somos\/ficha-tecnica\/"]}]},{"@type":"BreadcrumbList","@id":"https:\/\/educacaointegral.org.br\/especiais\/rotas-e-redes-literarias-santa-rita\/quem-somos\/ficha-tecnica\/#breadcrumb","itemListElement":[{"@type":"ListItem","position":1,"name":"In\u00edcio","item":"https:\/\/educacaointegral.org.br\/especiais\/rotas-e-redes-literarias-santa-rita\/"},{"@type":"ListItem","position":2,"name":"Quem Somos","item":"https:\/\/educacaointegral.org.br\/especiais\/rotas-e-redes-literarias-santa-rita\/quem-somos\/"},{"@type":"ListItem","position":3,"name":"Ficha T\u00e9cnica"}]},{"@type":"WebSite","@id":"https:\/\/educacaointegral.org.br\/especiais\/rotas-e-redes-literarias-santa-rita\/#website","url":"https:\/\/educacaointegral.org.br\/especiais\/rotas-e-redes-literarias-santa-rita\/","name":"Rotas e Redes Liter\u00e1rias Santa Rita","description":"S\u00f3 mais um site Centro de Refer\u00eancias em Educa\u00e7\u00e3o Integral | Especiais sites","potentialAction":[{"@type":"SearchAction","target":{"@type":"EntryPoint","urlTemplate":"https:\/\/educacaointegral.org.br\/especiais\/rotas-e-redes-literarias-santa-rita\/?s={search_term_string}"},"query-input":"required name=search_term_string"}],"inLanguage":"pt-BR"}]}},"_links":{"self":[{"href":"https:\/\/educacaointegral.org.br\/especiais\/rotas-e-redes-literarias-santa-rita\/wp-json\/wp\/v2\/pages\/649"}],"collection":[{"href":"https:\/\/educacaointegral.org.br\/especiais\/rotas-e-redes-literarias-santa-rita\/wp-json\/wp\/v2\/pages"}],"about":[{"href":"https:\/\/educacaointegral.org.br\/especiais\/rotas-e-redes-literarias-santa-rita\/wp-json\/wp\/v2\/types\/page"}],"author":[{"embeddable":true,"href":"https:\/\/educacaointegral.org.br\/especiais\/rotas-e-redes-literarias-santa-rita\/wp-json\/wp\/v2\/users\/5"}],"replies":[{"embeddable":true,"href":"https:\/\/educacaointegral.org.br\/especiais\/rotas-e-redes-literarias-santa-rita\/wp-json\/wp\/v2\/comments?post=649"}],"version-history":[{"count":6,"href":"https:\/\/educacaointegral.org.br\/especiais\/rotas-e-redes-literarias-santa-rita\/wp-json\/wp\/v2\/pages\/649\/revisions"}],"predecessor-version":[{"id":657,"href":"https:\/\/educacaointegral.org.br\/especiais\/rotas-e-redes-literarias-santa-rita\/wp-json\/wp\/v2\/pages\/649\/revisions\/657"}],"up":[{"embeddable":true,"href":"https:\/\/educacaointegral.org.br\/especiais\/rotas-e-redes-literarias-santa-rita\/wp-json\/wp\/v2\/pages\/5"}],"wp:attachment":[{"href":"https:\/\/educacaointegral.org.br\/especiais\/rotas-e-redes-literarias-santa-rita\/wp-json\/wp\/v2\/media?parent=649"}],"curies":[{"name":"wp","href":"https:\/\/api.w.org\/{rel}","templated":true}]}}