{"id":5,"date":"2022-06-22T14:54:32","date_gmt":"2022-06-22T17:54:32","guid":{"rendered":"https:\/\/educacaointegral.org.br\/especiais\/rotas-e-redes-literarias-santa-rita\/?page_id=5"},"modified":"2022-08-03T11:08:03","modified_gmt":"2022-08-03T14:08:03","slug":"quem-somos","status":"publish","type":"page","link":"https:\/\/educacaointegral.org.br\/especiais\/rotas-e-redes-literarias-santa-rita\/quem-somos\/","title":{"rendered":"Quem Somos"},"content":{"rendered":"\n<div class=\"wp-block-create-block-titulo-pontilhado\"><h2 class=\"titulo-pontilhado\">Funda\u00e7\u00e3o Vale<\/h2><img src=\"https:\/\/educacaointegral.org.br\/especiais\/rotas-e-redes-literarias-santa-rita\/wp-content\/plugins\/rrl-santa-rita\/build\/images\/pontilhado-amarelo.ec7fd80e.png\"\/><\/div>\n\n\n\n<p>A <a href=\"http:\/\/www.fundacaovale.org\" target=\"_blank\" rel=\"noreferrer noopener\">Funda\u00e7\u00e3o Vale<\/a> atua no fortalecimento das pol\u00edticas p\u00fablicas e na promo\u00e7\u00e3o de transforma\u00e7\u00f5es sociais estruturantes nos territ\u00f3rios de atua\u00e7\u00e3o da Vale. Criada h\u00e1 mais de cinco d\u00e9cadas, a institui\u00e7\u00e3o desenvolve e apoia iniciativas que buscam melhorar o acesso da popula\u00e7\u00e3o aos seus direitos, contribuindo para o desenvolvimento social dos territ\u00f3rios e para a constru\u00e7\u00e3o de uma sociedade mais justa e sustent\u00e1vel. Atualmente, est\u00e1 presente no Esp\u00edrito Santo, Maranh\u00e3o, Mato Grosso do Sul, Minas Gerais, Par\u00e1 e Rio de Janeiro.<\/p>\n\n\n\n<p>Dentre as iniciativas realizadas, o Programa Rotas e Redes Liter\u00e1rias atua com o objetivo de fomentar o acesso ao livro e \u00e0 leitura nas redes municipais e estaduais de ensino. Por meio da equipagem das escolas com acervo liter\u00e1rio e mobili\u00e1rio de leitura, o Rotas busca integrar a leitura liter\u00e1ria \u00e0s atividades curriculares, sistematizar boas pr\u00e1ticas e capacitar educadores em media\u00e7\u00e3o de leitura.<\/p>\n\n\n\n<div class=\"wp-block-create-block-titulo-pontilhado\"><h2 class=\"titulo-pontilhado\">Cidade Escola Aprendiz<\/h2><img src=\"https:\/\/educacaointegral.org.br\/especiais\/rotas-e-redes-literarias-santa-rita\/wp-content\/plugins\/rrl-santa-rita\/build\/images\/pontilhado-amarelo.ec7fd80e.png\"\/><\/div>\n\n\n\n<p>Fundada em 1997, a <a href=\"http:\/\/www.cidadeescolaaprendiz.org.br\" target=\"_blank\" rel=\"noreferrer noopener\">Cidade Escola Aprendiz<\/a> \u00e9 uma Organiza\u00e7\u00e3o da Sociedade Civil de Interesse P\u00fablico (OSCIP) que h\u00e1 25 anos contribui para o desenvolvimento dos sujeitos e suas comunidades por meio da promo\u00e7\u00e3o de experi\u00eancias e pol\u00edticas p\u00fablicas orientadas por uma perspectiva integral da educa\u00e7\u00e3o. Desde 2018, a convite da Funda\u00e7\u00e3o Vale, o <a href=\"http:\/\/www.educacaointegral.org.br\" target=\"_blank\" rel=\"noreferrer noopener\">Centro de Refer\u00eancias em Educa\u00e7\u00e3o Integral<\/a> &#8211; iniciativa do Aprendiz em parceria com organiza\u00e7\u00f5es de todo o Brasil &#8211; lan\u00e7ou-se ao desafio de coordenar o projeto Rotas e Redes Liter\u00e1rias no estado do Maranh\u00e3o, orientando as estrat\u00e9gias de promo\u00e7\u00e3o do direito \u00e0 leitura e literaturas aos fundamentos da Educa\u00e7\u00e3o Integral e Territ\u00f3rio Educativo.<\/p>\n","protected":false},"excerpt":{"rendered":"<p>A Funda\u00e7\u00e3o Vale atua no fortalecimento das pol\u00edticas p\u00fablicas e na promo\u00e7\u00e3o de transforma\u00e7\u00f5es sociais estruturantes nos territ\u00f3rios de atua\u00e7\u00e3o da Vale. Criada h\u00e1 mais de cinco d\u00e9cadas, a institui\u00e7\u00e3o desenvolve e apoia iniciativas que buscam melhorar o acesso da popula\u00e7\u00e3o aos seus direitos, contribuindo para o desenvolvimento social dos territ\u00f3rios e para a constru\u00e7\u00e3o [&hellip;]<\/p>\n","protected":false},"author":1,"featured_media":0,"parent":0,"menu_order":0,"comment_status":"closed","ping_status":"closed","template":"","meta":[],"yoast_head":"<!-- This site is optimized with the Yoast SEO plugin v19.13 - https:\/\/yoast.com\/wordpress\/plugins\/seo\/ -->\n<title>Quem Somos - Rotas e Redes Liter\u00e1rias Santa Rita<\/title>\n<meta name=\"robots\" content=\"index, follow, max-snippet:-1, max-image-preview:large, max-video-preview:-1\" \/>\n<link rel=\"canonical\" href=\"https:\/\/educacaointegral.org.br\/especiais\/rotas-e-redes-literarias-santa-rita\/quem-somos\/\" \/>\n<meta property=\"og:locale\" content=\"pt_BR\" \/>\n<meta property=\"og:type\" content=\"article\" \/>\n<meta property=\"og:title\" content=\"Quem Somos - Rotas e Redes Liter\u00e1rias Santa Rita\" \/>\n<meta property=\"og:description\" content=\"A Funda\u00e7\u00e3o Vale atua no fortalecimento das pol\u00edticas p\u00fablicas e na promo\u00e7\u00e3o de transforma\u00e7\u00f5es sociais estruturantes nos territ\u00f3rios de atua\u00e7\u00e3o da Vale. Criada h\u00e1 mais de cinco d\u00e9cadas, a institui\u00e7\u00e3o desenvolve e apoia iniciativas que buscam melhorar o acesso da popula\u00e7\u00e3o aos seus direitos, contribuindo para o desenvolvimento social dos territ\u00f3rios e para a constru\u00e7\u00e3o [&hellip;]\" \/>\n<meta property=\"og:url\" content=\"https:\/\/educacaointegral.org.br\/especiais\/rotas-e-redes-literarias-santa-rita\/quem-somos\/\" \/>\n<meta property=\"og:site_name\" content=\"Rotas e Redes Liter\u00e1rias Santa Rita\" \/>\n<meta property=\"article:modified_time\" content=\"2022-08-03T14:08:03+00:00\" \/>\n<meta property=\"og:image\" content=\"https:\/\/educacaointegral.org.br\/especiais\/rotas-e-redes-literarias-santa-rita\/wp-content\/plugins\/rrl-santa-rita\/build\/images\/pontilhado-amarelo.ec7fd80e.png\" \/>\n<meta name=\"twitter:card\" content=\"summary_large_image\" \/>\n<meta name=\"twitter:label1\" content=\"Est. tempo de leitura\" \/>\n\t<meta name=\"twitter:data1\" content=\"1 minuto\" \/>\n<script type=\"application\/ld+json\" class=\"yoast-schema-graph\">{\"@context\":\"https:\/\/schema.org\",\"@graph\":[{\"@type\":\"WebPage\",\"@id\":\"https:\/\/educacaointegral.org.br\/especiais\/rotas-e-redes-literarias-santa-rita\/quem-somos\/\",\"url\":\"https:\/\/educacaointegral.org.br\/especiais\/rotas-e-redes-literarias-santa-rita\/quem-somos\/\",\"name\":\"Quem Somos - Rotas e Redes Liter\u00e1rias Santa Rita\",\"isPartOf\":{\"@id\":\"https:\/\/educacaointegral.org.br\/especiais\/rotas-e-redes-literarias-santa-rita\/#website\"},\"datePublished\":\"2022-06-22T17:54:32+00:00\",\"dateModified\":\"2022-08-03T14:08:03+00:00\",\"breadcrumb\":{\"@id\":\"https:\/\/educacaointegral.org.br\/especiais\/rotas-e-redes-literarias-santa-rita\/quem-somos\/#breadcrumb\"},\"inLanguage\":\"pt-BR\",\"potentialAction\":[{\"@type\":\"ReadAction\",\"target\":[\"https:\/\/educacaointegral.org.br\/especiais\/rotas-e-redes-literarias-santa-rita\/quem-somos\/\"]}]},{\"@type\":\"BreadcrumbList\",\"@id\":\"https:\/\/educacaointegral.org.br\/especiais\/rotas-e-redes-literarias-santa-rita\/quem-somos\/#breadcrumb\",\"itemListElement\":[{\"@type\":\"ListItem\",\"position\":1,\"name\":\"In\u00edcio\",\"item\":\"https:\/\/educacaointegral.org.br\/especiais\/rotas-e-redes-literarias-santa-rita\/\"},{\"@type\":\"ListItem\",\"position\":2,\"name\":\"Quem Somos\"}]},{\"@type\":\"WebSite\",\"@id\":\"https:\/\/educacaointegral.org.br\/especiais\/rotas-e-redes-literarias-santa-rita\/#website\",\"url\":\"https:\/\/educacaointegral.org.br\/especiais\/rotas-e-redes-literarias-santa-rita\/\",\"name\":\"Rotas e Redes Liter\u00e1rias Santa Rita\",\"description\":\"S\u00f3 mais um site Centro de Refer\u00eancias em Educa\u00e7\u00e3o Integral | Especiais sites\",\"potentialAction\":[{\"@type\":\"SearchAction\",\"target\":{\"@type\":\"EntryPoint\",\"urlTemplate\":\"https:\/\/educacaointegral.org.br\/especiais\/rotas-e-redes-literarias-santa-rita\/?s={search_term_string}\"},\"query-input\":\"required name=search_term_string\"}],\"inLanguage\":\"pt-BR\"}]}<\/script>\n<!-- \/ Yoast SEO plugin. -->","yoast_head_json":{"title":"Quem Somos - Rotas e Redes Liter\u00e1rias Santa Rita","robots":{"index":"index","follow":"follow","max-snippet":"max-snippet:-1","max-image-preview":"max-image-preview:large","max-video-preview":"max-video-preview:-1"},"canonical":"https:\/\/educacaointegral.org.br\/especiais\/rotas-e-redes-literarias-santa-rita\/quem-somos\/","og_locale":"pt_BR","og_type":"article","og_title":"Quem Somos - Rotas e Redes Liter\u00e1rias Santa Rita","og_description":"A Funda\u00e7\u00e3o Vale atua no fortalecimento das pol\u00edticas p\u00fablicas e na promo\u00e7\u00e3o de transforma\u00e7\u00f5es sociais estruturantes nos territ\u00f3rios de atua\u00e7\u00e3o da Vale. Criada h\u00e1 mais de cinco d\u00e9cadas, a institui\u00e7\u00e3o desenvolve e apoia iniciativas que buscam melhorar o acesso da popula\u00e7\u00e3o aos seus direitos, contribuindo para o desenvolvimento social dos territ\u00f3rios e para a constru\u00e7\u00e3o [&hellip;]","og_url":"https:\/\/educacaointegral.org.br\/especiais\/rotas-e-redes-literarias-santa-rita\/quem-somos\/","og_site_name":"Rotas e Redes Liter\u00e1rias Santa Rita","article_modified_time":"2022-08-03T14:08:03+00:00","og_image":[{"url":"https:\/\/educacaointegral.org.br\/especiais\/rotas-e-redes-literarias-santa-rita\/wp-content\/plugins\/rrl-santa-rita\/build\/images\/pontilhado-amarelo.ec7fd80e.png"}],"twitter_card":"summary_large_image","twitter_misc":{"Est. tempo de leitura":"1 minuto"},"schema":{"@context":"https:\/\/schema.org","@graph":[{"@type":"WebPage","@id":"https:\/\/educacaointegral.org.br\/especiais\/rotas-e-redes-literarias-santa-rita\/quem-somos\/","url":"https:\/\/educacaointegral.org.br\/especiais\/rotas-e-redes-literarias-santa-rita\/quem-somos\/","name":"Quem Somos - Rotas e Redes Liter\u00e1rias Santa Rita","isPartOf":{"@id":"https:\/\/educacaointegral.org.br\/especiais\/rotas-e-redes-literarias-santa-rita\/#website"},"datePublished":"2022-06-22T17:54:32+00:00","dateModified":"2022-08-03T14:08:03+00:00","breadcrumb":{"@id":"https:\/\/educacaointegral.org.br\/especiais\/rotas-e-redes-literarias-santa-rita\/quem-somos\/#breadcrumb"},"inLanguage":"pt-BR","potentialAction":[{"@type":"ReadAction","target":["https:\/\/educacaointegral.org.br\/especiais\/rotas-e-redes-literarias-santa-rita\/quem-somos\/"]}]},{"@type":"BreadcrumbList","@id":"https:\/\/educacaointegral.org.br\/especiais\/rotas-e-redes-literarias-santa-rita\/quem-somos\/#breadcrumb","itemListElement":[{"@type":"ListItem","position":1,"name":"In\u00edcio","item":"https:\/\/educacaointegral.org.br\/especiais\/rotas-e-redes-literarias-santa-rita\/"},{"@type":"ListItem","position":2,"name":"Quem Somos"}]},{"@type":"WebSite","@id":"https:\/\/educacaointegral.org.br\/especiais\/rotas-e-redes-literarias-santa-rita\/#website","url":"https:\/\/educacaointegral.org.br\/especiais\/rotas-e-redes-literarias-santa-rita\/","name":"Rotas e Redes Liter\u00e1rias Santa Rita","description":"S\u00f3 mais um site Centro de Refer\u00eancias em Educa\u00e7\u00e3o Integral | Especiais sites","potentialAction":[{"@type":"SearchAction","target":{"@type":"EntryPoint","urlTemplate":"https:\/\/educacaointegral.org.br\/especiais\/rotas-e-redes-literarias-santa-rita\/?s={search_term_string}"},"query-input":"required name=search_term_string"}],"inLanguage":"pt-BR"}]}},"_links":{"self":[{"href":"https:\/\/educacaointegral.org.br\/especiais\/rotas-e-redes-literarias-santa-rita\/wp-json\/wp\/v2\/pages\/5"}],"collection":[{"href":"https:\/\/educacaointegral.org.br\/especiais\/rotas-e-redes-literarias-santa-rita\/wp-json\/wp\/v2\/pages"}],"about":[{"href":"https:\/\/educacaointegral.org.br\/especiais\/rotas-e-redes-literarias-santa-rita\/wp-json\/wp\/v2\/types\/page"}],"author":[{"embeddable":true,"href":"https:\/\/educacaointegral.org.br\/especiais\/rotas-e-redes-literarias-santa-rita\/wp-json\/wp\/v2\/users\/1"}],"replies":[{"embeddable":true,"href":"https:\/\/educacaointegral.org.br\/especiais\/rotas-e-redes-literarias-santa-rita\/wp-json\/wp\/v2\/comments?post=5"}],"version-history":[{"count":9,"href":"https:\/\/educacaointegral.org.br\/especiais\/rotas-e-redes-literarias-santa-rita\/wp-json\/wp\/v2\/pages\/5\/revisions"}],"predecessor-version":[{"id":328,"href":"https:\/\/educacaointegral.org.br\/especiais\/rotas-e-redes-literarias-santa-rita\/wp-json\/wp\/v2\/pages\/5\/revisions\/328"}],"wp:attachment":[{"href":"https:\/\/educacaointegral.org.br\/especiais\/rotas-e-redes-literarias-santa-rita\/wp-json\/wp\/v2\/media?parent=5"}],"curies":[{"name":"wp","href":"https:\/\/api.w.org\/{rel}","templated":true}]}}