{"id":24,"date":"2022-06-22T16:32:50","date_gmt":"2022-06-22T19:32:50","guid":{"rendered":"https:\/\/educacaointegral.org.br\/especiais\/rotas-e-redes-literarias-santa-rita\/?page_id=24"},"modified":"2022-09-14T15:15:10","modified_gmt":"2022-09-14T18:15:10","slug":"acervo-literario","status":"publish","type":"page","link":"https:\/\/educacaointegral.org.br\/especiais\/rotas-e-redes-literarias-santa-rita\/estrategias\/acervo-literario\/","title":{"rendered":"Acervo Liter\u00e1rio"},"content":{"rendered":"\n<p>A comunidade escolar tem direito a um acervo de literatura rico, que contemple a diversidade de textos, temas, g\u00eaneros e autores (as) que comp\u00f5e a literatura, que dialogue com seus interesses e que precisa estar dispon\u00edvel no cotidiano da escola, despertando o interesse de estudantes, professores (as) e fam\u00edlias para o universo da leitura.<\/p>\n\n\n <div class=\"wp-block-create-block-card-video wp-block-create-block-card-video\">    <div class=\"area-video\">        <div class=\"imagem-video\">            <div class=\"background-video\" style=\"background-image: url('https:\/\/educacaointegral.org.br\/especiais\/rotas-e-redes-literarias-santa-rita\/wp-content\/uploads\/sites\/8\/2022\/06\/Grupo-1.png')\" onclick=\"iniciarModalVideo(&#039;https:\/\/www.youtube.com\/watch?v=SUmbeLH9AKc&#039;)\">                <div class=\"background-linear\">                    <img class=\"icone-play\" src=\"https:\/\/educacaointegral.org.br\/especiais\/rotas-e-redes-literarias-santa-rita\/wp-content\/plugins\/rrl-santa-rita\/\/images\/icone-play.png\" alt=\"Assistir v\u00eddeo\" \/>                <\/div>            <\/div>        <\/div>    <\/div>    <div class=\"area-informacao\">        <h3 class=\"info-nome\">Beto Silva<\/h3>        <span class=\"info-ocupacao\">Formador<\/span>        <div class=\"linha-amarela\"><\/div>        <span class=\"info-descricao\">Participa\u00e7\u00e3o da comunidade escolar na defini\u00e7\u00e3o do acervo liter\u00e1rio das escolas<\/span>    <\/div><\/div>\n\n <div class=\"wp-block-create-block-card-video is-style-inverter wp-block-create-block-card-video\">    <div class=\"area-video\">        <div class=\"imagem-video\">            <div class=\"background-video\" style=\"background-image: url('https:\/\/educacaointegral.org.br\/especiais\/rotas-e-redes-literarias-santa-rita\/wp-content\/uploads\/sites\/8\/2022\/06\/Grupo-7.png')\" onclick=\"iniciarModalVideo(&#039;https:\/\/www.youtube.com\/watch?v=-sG509G8-B4&#039;)\">                <div class=\"background-linear\">                    <img class=\"icone-play\" src=\"https:\/\/educacaointegral.org.br\/especiais\/rotas-e-redes-literarias-santa-rita\/wp-content\/plugins\/rrl-santa-rita\/\/images\/icone-play.png\" alt=\"Assistir v\u00eddeo\" \/>                <\/div>            <\/div>        <\/div>    <\/div>    <div class=\"area-informacao\">        <h3 class=\"info-nome\">Edneia Gon\u00e7alves<\/h3>        <span class=\"info-ocupacao\">Formadora<\/span>        <div class=\"linha-amarela\"><\/div>        <span class=\"info-descricao\">Leitura para todas as idades<\/span>    <\/div><\/div>\n\n\n<div class=\"wp-block-create-block-titulo-pontilhado\"><h2 class=\"titulo-pontilhado\">Crit\u00e9rios para a escolha do acervo liter\u00e1rio <\/h2><img src=\"https:\/\/educacaointegral.org.br\/especiais\/rotas-e-redes-literarias-santa-rita\/wp-content\/plugins\/rrl-santa-rita\/build\/images\/pontilhado-amarelo.ec7fd80e.png\" \/><\/div>\n\n\n\n<div class=\"wp-block-create-block-area-card-colorido\"> <div class=\"wp-block-create-block-card-colorido wp-block-create-block-card-colorido\">    <div class=\"card-colorido\">        <div class=\"area-texto\">            <span class=\"texto1\">Representatividade <\/span>            <span class=\"texto2\">da <strong>comunidade escolar<\/strong><br><\/span>        <\/div>        <a class=\"botao\" onclick=\"iniciarModalCardColorido(&#039;O que eles (as) gostam de ler? Quais s\u00e3o suas refer\u00eancias no universo da leitura? H\u00e1 g\u00eaneros, autores, temas e cole\u00e7\u00f5es preferidos?\u00a0A escolha do acervo liter\u00e1rio da escola deve passar pela escuta do interesse dos (as) estudantes, pois assim \u00e9 poss\u00edvel conhecer seus repert\u00f3rios e gostos para, a partir da\u00ed, ampliar suas refer\u00eancias, tornando a sala de leitura cada vez mais viva e significativa. &#039;, &#039;Representatividade da comunidade escolar&#039;)\"> Saiba +<\/a>    <\/div><\/div>\n\n <div class=\"wp-block-create-block-card-colorido is-style-vermelho1 wp-block-create-block-card-colorido\">    <div class=\"card-colorido\">        <div class=\"area-texto\">            <span class=\"texto1\"><strong>Bibliodiversidade<\/strong><\/span>            <span class=\"texto2\">na leitura<br><\/span>        <\/div>        <a class=\"botao\" onclick=\"iniciarModalCardColorido(&#039;O acervo de literatura das escolas deve ser composto por obras de diferentes autores (as), ilustradores (as), editoras, \u00e9pocas, nacionalidades, projetos gr\u00e1ficos e g\u00eaneros liter\u00e1rios, de forma a proporcionar aos estudantes um panorama da literatura brasileira e estrangeira, em sua riqueza e diversidade. H\u00e1 v\u00e1rios g\u00eaneros liter\u00e1rios: biografias, contos, cr\u00f4nicas, poesia, cordel, f\u00e1bulas, lendas, novelas, romances,\u00a0pe\u00e7as de teatro, quadrinhos etc. Garantir o contato com a maior\u00a0diversidade poss\u00edvel de textos, possibilita aos estudantes \u00a0vivenciarem diferentes experi\u00eancias e descobrir seus pr\u00f3prios interesses no universo da leitura e da escrita.&#039;, &#039;Bibliodiversidade na leitura&#039;)\"> Saiba +<\/a>    <\/div><\/div>\n\n <div class=\"wp-block-create-block-card-colorido wp-block-create-block-card-colorido\">    <div class=\"card-colorido\">        <div class=\"area-texto\">            <span class=\"texto1\">Literatura como <\/span>            <span class=\"texto2\">direito humano <br><\/span>        <\/div>        <a class=\"botao\" onclick=\"iniciarModalCardColorido(&#039;O soci\u00f3logo e professor Ant\u00f4nio Candido revolucionou o olhar para a literatura ao conceitu\u00e1-la como a experi\u00eancia de  &quot;ficcionar&quot;, que todas as culturas possuem, mesmo as que n\u00e3o fazem uso da escrita. Nesse sentido, garantir o direito \u00e0 literatura revela-se um direito humano: &quot;&lt;em&gt;Uma sociedade justa pressup\u00f5e o respeito dos direitos humanos e a frui\u00e7\u00e3o da arte e da literatura em todas as modalidades e em todos os n\u00edveis \u00e9 um direito inalien\u00e1vel.\u201d&lt;\/em&gt;  (Candido, A. &lt;em&gt;V\u00e1rios escritos. 3\u00aa ed. Duas Cidades, &lt;em&gt;S\u00e3o Paulo&lt;\/em&gt;&lt;\/em&gt;,&lt;em&gt; 1995.)&lt;\/em&gt;&lt;br&gt;&lt;br&gt;Para contribuir com a garantia desse direito, o Brasil conseguiu instituir leis que, al\u00e9m de procurar assegurar o direito ao livro, \u00e0 leitura, \u00e0 literatura e \u00e0 biblioteca (&lt;strong&gt;&lt;a href=&quot;http:\/\/legislacao.planalto.gov.br\/legisla\/legislacao.nsf\/Viw_Identificacao\/lei%2012.244-2010?OpenDocument&quot;&gt;LEI N\u00ba 12.244 DE\u00a024 DE MAIO DE 2010&lt;\/a&gt;&lt;\/strong&gt; e &lt;strong&gt;&lt;a href=&quot;http:\/\/legislacao.planalto.gov.br\/legisla\/legislacao.nsf\/Viw_Identificacao\/lei%2013.696-2018?OpenDocument&quot;&gt;LEI N\u00ba 13.696, DE 12 DE JULHO DE 2018.&lt;\/a&gt;&lt;\/strong&gt;), tamb\u00e9m visam promover o acesso \u00e0 diferentes fic\u00e7\u00f5es e narrativas: &lt;br&gt;&lt;br&gt;A &lt;strong&gt;&lt;a href=&quot;http:\/\/legislacao.planalto.gov.br\/legisla\/legislacao.nsf\/Viw_Identificacao\/lei%2011.645-2008?OpenDocument&quot;&gt;LEI N\u00ba 11.645, DE 10 MAR\u00c7O DE 2008&lt;\/a&gt;&lt;\/strong&gt;, por exemplo, revela-se crit\u00e9rio fundamental na escolha do acervo liter\u00e1rio das  escolas, ao tornar obrigat\u00f3rio o conhecimento das hist\u00f3rias e culturas ind\u00edgenas e afro-brasileiras nos estabelecimentos de ensino de nosso pa\u00eds.&#039;, &#039;Literatura como direito humano&#039;)\"> Saiba +<\/a>    <\/div><\/div><\/div>\n\n\n <div class=\"is-style-default wp-block-create-block-card-video\">    <div class=\"area-video\">        <div class=\"imagem-video\">            <div class=\"background-video\" style=\"background-image: url('https:\/\/educacaointegral.org.br\/especiais\/rotas-e-redes-literarias-santa-rita\/wp-content\/uploads\/sites\/8\/2022\/09\/DSC_7722-1-scaled.jpg')\" onclick=\"iniciarModalVideo(&#039;&lt;a href=&quot;https:\/\/www.youtube.com\/watch?v=J1Fwrly9Pbk&quot;&gt;https:\/\/www.youtube.com\/watch?v=J1Fwrly9Pbk&lt;\/a&gt;&#039;)\">                <div class=\"background-linear\">                    <img class=\"icone-play\" src=\"https:\/\/educacaointegral.org.br\/especiais\/rotas-e-redes-literarias-santa-rita\/wp-content\/plugins\/rrl-santa-rita\/\/images\/icone-play.png\" alt=\"Assistir v\u00eddeo\" \/>                <\/div>            <\/div>        <\/div>    <\/div>    <div class=\"area-informacao\">        <h3 class=\"info-nome\">Os livros e as crian\u00e7as<\/h3>        <span class=\"info-ocupacao\">Acervo em movimento<\/span>        <div class=\"linha-amarela\"><\/div>        <span class=\"info-descricao\">Explora\u00e7\u00e3o sensorial e investiga\u00e7\u00e3o ativa<\/span>    <\/div><\/div>\n\n\n<div class=\"wp-block-create-block-titulo-pontilhado\"><h2 class=\"titulo-pontilhado\"><br>Acervo Liter\u00e1rio Santa Rita<\/h2><img src=\"https:\/\/educacaointegral.org.br\/especiais\/rotas-e-redes-literarias-santa-rita\/wp-content\/plugins\/rrl-santa-rita\/build\/images\/pontilhado-amarelo.ec7fd80e.png\" \/><\/div>\n\n\n\n<p class=\"has-text-align-center\">Conhe\u00e7a os t\u00edtulos selecionados pela comunidade leitora de Santa Rita<\/p>\n\n\n\n<div class=\"wp-block-create-block-botao-borda-vermelha\"><div class=\"area-botao-borda-vermelha\"><a class=\"botao-borda-vermelha\" href=\"https:\/\/drive.google.com\/file\/d\/1bycVeuq6TYitFwmn4HVam446Q5v8g1Zl\/view\" target=\"_blank\" rel=\"noopener\">Veja a lista de livros<\/a><\/div><\/div>\n","protected":false},"excerpt":{"rendered":"<p>A comunidade escolar tem direito a um acervo de literatura rico, que contemple a diversidade de textos, temas, g\u00eaneros e autores (as) que comp\u00f5e a literatura, que dialogue com seus interesses e que precisa estar dispon\u00edvel no cotidiano da escola, despertando o interesse de estudantes, professores (as) e fam\u00edlias para o universo da leitura. Conhe\u00e7a [&hellip;]<\/p>\n","protected":false},"author":1,"featured_media":56,"parent":19,"menu_order":0,"comment_status":"closed","ping_status":"closed","template":"","meta":[],"yoast_head":"<!-- This site is optimized with the Yoast SEO plugin v19.13 - https:\/\/yoast.com\/wordpress\/plugins\/seo\/ -->\n<title>Acervo Liter\u00e1rio - Rotas e Redes Liter\u00e1rias Santa Rita<\/title>\n<meta name=\"robots\" content=\"index, follow, max-snippet:-1, max-image-preview:large, max-video-preview:-1\" \/>\n<link rel=\"canonical\" href=\"https:\/\/educacaointegral.org.br\/especiais\/rotas-e-redes-literarias-santa-rita\/estrategias\/acervo-literario\/\" \/>\n<meta property=\"og:locale\" content=\"pt_BR\" \/>\n<meta property=\"og:type\" content=\"article\" \/>\n<meta property=\"og:title\" content=\"Acervo Liter\u00e1rio - Rotas e Redes Liter\u00e1rias Santa Rita\" \/>\n<meta property=\"og:description\" content=\"A comunidade escolar tem direito a um acervo de literatura rico, que contemple a diversidade de textos, temas, g\u00eaneros e autores (as) que comp\u00f5e a literatura, que dialogue com seus interesses e que precisa estar dispon\u00edvel no cotidiano da escola, despertando o interesse de estudantes, professores (as) e fam\u00edlias para o universo da leitura. Conhe\u00e7a [&hellip;]\" \/>\n<meta property=\"og:url\" content=\"https:\/\/educacaointegral.org.br\/especiais\/rotas-e-redes-literarias-santa-rita\/estrategias\/acervo-literario\/\" \/>\n<meta property=\"og:site_name\" content=\"Rotas e Redes Liter\u00e1rias Santa Rita\" \/>\n<meta property=\"article:modified_time\" content=\"2022-09-14T18:15:10+00:00\" \/>\n<meta property=\"og:image\" content=\"https:\/\/educacaointegral.org.br\/especiais\/rotas-e-redes-literarias-santa-rita\/wp-content\/uploads\/sites\/8\/2022\/06\/img-acervo.png\" \/>\n\t<meta property=\"og:image:width\" content=\"535\" \/>\n\t<meta property=\"og:image:height\" content=\"269\" \/>\n\t<meta property=\"og:image:type\" content=\"image\/png\" \/>\n<meta name=\"twitter:card\" content=\"summary_large_image\" \/>\n<meta name=\"twitter:label1\" content=\"Est. tempo de leitura\" \/>\n\t<meta name=\"twitter:data1\" content=\"1 minuto\" \/>\n<script type=\"application\/ld+json\" class=\"yoast-schema-graph\">{\"@context\":\"https:\/\/schema.org\",\"@graph\":[{\"@type\":\"WebPage\",\"@id\":\"https:\/\/educacaointegral.org.br\/especiais\/rotas-e-redes-literarias-santa-rita\/estrategias\/acervo-literario\/\",\"url\":\"https:\/\/educacaointegral.org.br\/especiais\/rotas-e-redes-literarias-santa-rita\/estrategias\/acervo-literario\/\",\"name\":\"Acervo Liter\u00e1rio - Rotas e Redes Liter\u00e1rias Santa Rita\",\"isPartOf\":{\"@id\":\"https:\/\/educacaointegral.org.br\/especiais\/rotas-e-redes-literarias-santa-rita\/#website\"},\"datePublished\":\"2022-06-22T19:32:50+00:00\",\"dateModified\":\"2022-09-14T18:15:10+00:00\",\"breadcrumb\":{\"@id\":\"https:\/\/educacaointegral.org.br\/especiais\/rotas-e-redes-literarias-santa-rita\/estrategias\/acervo-literario\/#breadcrumb\"},\"inLanguage\":\"pt-BR\",\"potentialAction\":[{\"@type\":\"ReadAction\",\"target\":[\"https:\/\/educacaointegral.org.br\/especiais\/rotas-e-redes-literarias-santa-rita\/estrategias\/acervo-literario\/\"]}]},{\"@type\":\"BreadcrumbList\",\"@id\":\"https:\/\/educacaointegral.org.br\/especiais\/rotas-e-redes-literarias-santa-rita\/estrategias\/acervo-literario\/#breadcrumb\",\"itemListElement\":[{\"@type\":\"ListItem\",\"position\":1,\"name\":\"In\u00edcio\",\"item\":\"https:\/\/educacaointegral.org.br\/especiais\/rotas-e-redes-literarias-santa-rita\/\"},{\"@type\":\"ListItem\",\"position\":2,\"name\":\"Estrat\u00e9gias\",\"item\":\"https:\/\/educacaointegral.org.br\/especiais\/rotas-e-redes-literarias-santa-rita\/estrategias\/\"},{\"@type\":\"ListItem\",\"position\":3,\"name\":\"Acervo Liter\u00e1rio\"}]},{\"@type\":\"WebSite\",\"@id\":\"https:\/\/educacaointegral.org.br\/especiais\/rotas-e-redes-literarias-santa-rita\/#website\",\"url\":\"https:\/\/educacaointegral.org.br\/especiais\/rotas-e-redes-literarias-santa-rita\/\",\"name\":\"Rotas e Redes Liter\u00e1rias Santa Rita\",\"description\":\"S\u00f3 mais um site Centro de Refer\u00eancias em Educa\u00e7\u00e3o Integral | Especiais sites\",\"potentialAction\":[{\"@type\":\"SearchAction\",\"target\":{\"@type\":\"EntryPoint\",\"urlTemplate\":\"https:\/\/educacaointegral.org.br\/especiais\/rotas-e-redes-literarias-santa-rita\/?s={search_term_string}\"},\"query-input\":\"required name=search_term_string\"}],\"inLanguage\":\"pt-BR\"}]}<\/script>\n<!-- \/ Yoast SEO plugin. -->","yoast_head_json":{"title":"Acervo Liter\u00e1rio - Rotas e Redes Liter\u00e1rias Santa Rita","robots":{"index":"index","follow":"follow","max-snippet":"max-snippet:-1","max-image-preview":"max-image-preview:large","max-video-preview":"max-video-preview:-1"},"canonical":"https:\/\/educacaointegral.org.br\/especiais\/rotas-e-redes-literarias-santa-rita\/estrategias\/acervo-literario\/","og_locale":"pt_BR","og_type":"article","og_title":"Acervo Liter\u00e1rio - Rotas e Redes Liter\u00e1rias Santa Rita","og_description":"A comunidade escolar tem direito a um acervo de literatura rico, que contemple a diversidade de textos, temas, g\u00eaneros e autores (as) que comp\u00f5e a literatura, que dialogue com seus interesses e que precisa estar dispon\u00edvel no cotidiano da escola, despertando o interesse de estudantes, professores (as) e fam\u00edlias para o universo da leitura. Conhe\u00e7a [&hellip;]","og_url":"https:\/\/educacaointegral.org.br\/especiais\/rotas-e-redes-literarias-santa-rita\/estrategias\/acervo-literario\/","og_site_name":"Rotas e Redes Liter\u00e1rias Santa Rita","article_modified_time":"2022-09-14T18:15:10+00:00","og_image":[{"width":535,"height":269,"url":"https:\/\/educacaointegral.org.br\/especiais\/rotas-e-redes-literarias-santa-rita\/wp-content\/uploads\/sites\/8\/2022\/06\/img-acervo.png","type":"image\/png"}],"twitter_card":"summary_large_image","twitter_misc":{"Est. tempo de leitura":"1 minuto"},"schema":{"@context":"https:\/\/schema.org","@graph":[{"@type":"WebPage","@id":"https:\/\/educacaointegral.org.br\/especiais\/rotas-e-redes-literarias-santa-rita\/estrategias\/acervo-literario\/","url":"https:\/\/educacaointegral.org.br\/especiais\/rotas-e-redes-literarias-santa-rita\/estrategias\/acervo-literario\/","name":"Acervo Liter\u00e1rio - Rotas e Redes Liter\u00e1rias Santa Rita","isPartOf":{"@id":"https:\/\/educacaointegral.org.br\/especiais\/rotas-e-redes-literarias-santa-rita\/#website"},"datePublished":"2022-06-22T19:32:50+00:00","dateModified":"2022-09-14T18:15:10+00:00","breadcrumb":{"@id":"https:\/\/educacaointegral.org.br\/especiais\/rotas-e-redes-literarias-santa-rita\/estrategias\/acervo-literario\/#breadcrumb"},"inLanguage":"pt-BR","potentialAction":[{"@type":"ReadAction","target":["https:\/\/educacaointegral.org.br\/especiais\/rotas-e-redes-literarias-santa-rita\/estrategias\/acervo-literario\/"]}]},{"@type":"BreadcrumbList","@id":"https:\/\/educacaointegral.org.br\/especiais\/rotas-e-redes-literarias-santa-rita\/estrategias\/acervo-literario\/#breadcrumb","itemListElement":[{"@type":"ListItem","position":1,"name":"In\u00edcio","item":"https:\/\/educacaointegral.org.br\/especiais\/rotas-e-redes-literarias-santa-rita\/"},{"@type":"ListItem","position":2,"name":"Estrat\u00e9gias","item":"https:\/\/educacaointegral.org.br\/especiais\/rotas-e-redes-literarias-santa-rita\/estrategias\/"},{"@type":"ListItem","position":3,"name":"Acervo Liter\u00e1rio"}]},{"@type":"WebSite","@id":"https:\/\/educacaointegral.org.br\/especiais\/rotas-e-redes-literarias-santa-rita\/#website","url":"https:\/\/educacaointegral.org.br\/especiais\/rotas-e-redes-literarias-santa-rita\/","name":"Rotas e Redes Liter\u00e1rias Santa Rita","description":"S\u00f3 mais um site Centro de Refer\u00eancias em Educa\u00e7\u00e3o Integral | Especiais sites","potentialAction":[{"@type":"SearchAction","target":{"@type":"EntryPoint","urlTemplate":"https:\/\/educacaointegral.org.br\/especiais\/rotas-e-redes-literarias-santa-rita\/?s={search_term_string}"},"query-input":"required name=search_term_string"}],"inLanguage":"pt-BR"}]}},"_links":{"self":[{"href":"https:\/\/educacaointegral.org.br\/especiais\/rotas-e-redes-literarias-santa-rita\/wp-json\/wp\/v2\/pages\/24"}],"collection":[{"href":"https:\/\/educacaointegral.org.br\/especiais\/rotas-e-redes-literarias-santa-rita\/wp-json\/wp\/v2\/pages"}],"about":[{"href":"https:\/\/educacaointegral.org.br\/especiais\/rotas-e-redes-literarias-santa-rita\/wp-json\/wp\/v2\/types\/page"}],"author":[{"embeddable":true,"href":"https:\/\/educacaointegral.org.br\/especiais\/rotas-e-redes-literarias-santa-rita\/wp-json\/wp\/v2\/users\/1"}],"replies":[{"embeddable":true,"href":"https:\/\/educacaointegral.org.br\/especiais\/rotas-e-redes-literarias-santa-rita\/wp-json\/wp\/v2\/comments?post=24"}],"version-history":[{"count":78,"href":"https:\/\/educacaointegral.org.br\/especiais\/rotas-e-redes-literarias-santa-rita\/wp-json\/wp\/v2\/pages\/24\/revisions"}],"predecessor-version":[{"id":647,"href":"https:\/\/educacaointegral.org.br\/especiais\/rotas-e-redes-literarias-santa-rita\/wp-json\/wp\/v2\/pages\/24\/revisions\/647"}],"up":[{"embeddable":true,"href":"https:\/\/educacaointegral.org.br\/especiais\/rotas-e-redes-literarias-santa-rita\/wp-json\/wp\/v2\/pages\/19"}],"wp:featuredmedia":[{"embeddable":true,"href":"https:\/\/educacaointegral.org.br\/especiais\/rotas-e-redes-literarias-santa-rita\/wp-json\/wp\/v2\/media\/56"}],"wp:attachment":[{"href":"https:\/\/educacaointegral.org.br\/especiais\/rotas-e-redes-literarias-santa-rita\/wp-json\/wp\/v2\/media?parent=24"}],"curies":[{"name":"wp","href":"https:\/\/api.w.org\/{rel}","templated":true}]}}