{"id":16,"date":"2021-10-08T11:18:15","date_gmt":"2021-10-08T14:18:15","guid":{"rendered":"https:\/\/educacaointegral.org.br\/especiais\/acesse\/?post_type=experiencia&#038;p=16"},"modified":"2021-11-12T14:27:00","modified_gmt":"2021-11-12T17:27:00","slug":"acesse-inovacao-tecnologia-e-arte-contemporanea-para-a-transformacao-do-ensino-medio","status":"publish","type":"experiencia","link":"https:\/\/educacaointegral.org.br\/especiais\/acesse\/experiencias\/acesse-inovacao-tecnologia-e-arte-contemporanea-para-a-transformacao-do-ensino-medio\/","title":{"rendered":"ACESSE: Inova\u00e7\u00e3o, Tecnologia e Arte Contempor\u00e2nea para a transforma\u00e7\u00e3o do Ensino M\u00e9dio"},"content":{"rendered":"\n<p><strong>Iniciativa do Sesi e do Centro de Refer\u00eancias promove forma\u00e7\u00e3o docente para o desenvolvimento de pr\u00e1ticas pedag\u00f3gicas com \u00eanfase no STEAM<\/strong><\/p>\n\n\n\n<p>Um muro com relatos das viv\u00eancias de refugiados no Brasil, um festival com document\u00e1rios de curta dura\u00e7\u00e3o produzidos por estudantes, cadernos de campo que narram mem\u00f3rias afetivas e do territ\u00f3rio, pontes constru\u00eddas pelas turmas a partir da integra\u00e7\u00e3o da Matem\u00e1tica, da Linguagem e das Ci\u00eancias Humanas, em pesquisa que vai da Engenharia ao Design, passando pela discuss\u00e3o sobre mobilidade urbana e repert\u00f3rio cultural. \u00c9 por meio de projetos como esses que 266 educadores de 31 escolas em 10 estados brasileiros, que j\u00e1 participaram do programa <a rel=\"noreferrer noopener\" href=\"https:\/\/www.portaldaindustria.com.br\/sesi\/canais\/acesse\/\" target=\"_blank\">ACESSE \u2013 Arte Contempor\u00e2nea e Educa\u00e7\u00e3o em Sinergia no SESI<\/a>, conduziram os processos de ensino e aprendizagem com seus estudantes. Agora, os materiais e referenciais do Programa, que visa preparar os educadores para ampliar oportunidades de experimenta\u00e7\u00e3o nas escolas, est\u00e3o dispon\u00edveis para todos os professores do Brasil, de forma gratuita e digital.<\/p>\n\n\n\n<figure class=\"wp-block-image size-large\"><img loading=\"lazy\" width=\"1024\" height=\"768\" src=\"https:\/\/educacaointegral.org.br\/especiais\/acesse\/wp-content\/uploads\/sites\/6\/2021\/11\/IMG-20210820-WA0014-1024x768.jpg\" alt=\"\" class=\"wp-image-71\" srcset=\"https:\/\/educacaointegral.org.br\/especiais\/acesse\/wp-content\/uploads\/sites\/6\/2021\/11\/IMG-20210820-WA0014-1024x768.jpg 1024w, https:\/\/educacaointegral.org.br\/especiais\/acesse\/wp-content\/uploads\/sites\/6\/2021\/11\/IMG-20210820-WA0014-300x225.jpg 300w, https:\/\/educacaointegral.org.br\/especiais\/acesse\/wp-content\/uploads\/sites\/6\/2021\/11\/IMG-20210820-WA0014-768x576.jpg 768w, https:\/\/educacaointegral.org.br\/especiais\/acesse\/wp-content\/uploads\/sites\/6\/2021\/11\/IMG-20210820-WA0014.jpg 1280w\" sizes=\"(max-width: 1024px) 100vw, 1024px\" \/><figcaption>Projeto Muros Invis\u00edveis, que relata experi\u00eancias de refugiados no Brasil<\/figcaption><\/figure>\n\n\n\n<p>Fruto da parceria entre o Servi\u00e7o Social da Ind\u00fastria (<a href=\"https:\/\/www.sesisp.org.br\/\" target=\"_blank\" rel=\"noreferrer noopener\">SESI<\/a>) e o <a href=\"http:\/\/educacaointegral.org.br\" target=\"_blank\" rel=\"noreferrer noopener\">Centro de Refer\u00eancias em Educa\u00e7\u00e3o Integral<\/a>, a forma\u00e7\u00e3o visa apoiar a inova\u00e7\u00e3o pedag\u00f3gica e a implementa\u00e7\u00e3o do STEAM (Ci\u00eancia, Tecnologia, Engenharia, Arte+Design e Matem\u00e1tica) nas escolas de Ensino M\u00e9dio, a partir de metodologias que tenham a arte contempor\u00e2nea como disparadora de articula\u00e7\u00f5es entre as diversas \u00e1reas de conhecimento.&nbsp;<\/p>\n\n\n\n<div class=\"wp-block-image\"><figure class=\"aligncenter size-large\"><img loading=\"lazy\" width=\"416\" height=\"511\" src=\"https:\/\/educacaointegral.org.br\/especiais\/acesse\/wp-content\/uploads\/sites\/6\/2021\/10\/Pilares-do-ACESSE.jpg\" alt=\"\" class=\"wp-image-27\" srcset=\"https:\/\/educacaointegral.org.br\/especiais\/acesse\/wp-content\/uploads\/sites\/6\/2021\/10\/Pilares-do-ACESSE.jpg 416w, https:\/\/educacaointegral.org.br\/especiais\/acesse\/wp-content\/uploads\/sites\/6\/2021\/10\/Pilares-do-ACESSE-244x300.jpg 244w\" sizes=\"(max-width: 416px) 100vw, 416px\" \/><\/figure><\/div>\n\n\n\n<p>\u201cA arte, enquanto \u00e1rea do conhecimento, tem muitas contribui\u00e7\u00f5es, mas no ACESSE ela vem como uma forma de produzir conhecimento em di\u00e1logo com outras \u00e1reas. Isso porque o artista contempor\u00e2neo lida com as tem\u00e1ticas atuais, o que a escola tamb\u00e9m precisa fazer e, a partir disso, ele pesquisa, experimenta e usa t\u00e9cnicas e materialidades para expressar o que quer provocar em rela\u00e7\u00e3o \u00e0quilo. Esse \u00e9 o processo por meio do qual \u00e9 poss\u00edvel ensinar, por ser uma possibilidade de construir conhecimentos plurais, que trazem significado e est\u00e3o em di\u00e1logo com as pessoas e territ\u00f3rios\u201d, explica Maria Antonia Goulart, que integra a equipe de coordena\u00e7\u00e3o do programa.&nbsp;&nbsp;<\/p>\n\n\n\n<p>Em um mundo que exige cada vez mais pensamento cr\u00edtico e a mobiliza\u00e7\u00e3o simult\u00e2nea de diferentes compet\u00eancias e habilidades, outras formas de ensinar e aprender s\u00e3o necess\u00e1rias, ainda mais considerando o desafio brasileiro de implementar o Novo Ensino M\u00e9dio que, orientado pela Base Nacional Comum Curricular (<a href=\"http:\/\/basenacionalcomum.mec.gov.br\/\">BNCC<\/a>), refor\u00e7a a necessidade de uma forma\u00e7\u00e3o humana integral para a constru\u00e7\u00e3o de uma sociedade justa, democr\u00e1tica e inclusiva.<\/p>\n\n\n\n<blockquote class=\"wp-block-quote is-style-large\"><p><em>&#8220;Precisamos estar antenados \u00e0 contemporaneidade para sobreviver no mercado profissional fazendo algo que gosta e acredita, mas tamb\u00e9m para promover uma educa\u00e7\u00e3o que possibilite descobertas e solu\u00e7\u00f5es para os problemas que vivemos hoje&#8221;, afirma Cl\u00e1udia Martins Ramalho, gerente de Cultura do Departamento Nacional do SESI.<\/em><\/p><\/blockquote>\n\n\n\n<p>&#8220;Antes, tudo era na base de decorar conte\u00fados, mas a rela\u00e7\u00e3o entre os conhecimentos, a escola e o mundo mudou. Precisamos estar antenados \u00e0 contemporaneidade para sobreviver no mercado profissional fazendo algo que gosta e acredita, mas tamb\u00e9m para promover uma educa\u00e7\u00e3o que possibilite descobertas e solu\u00e7\u00f5es para os problemas que vivemos hoje. O ACESSE procura trazer isso ao se apropriar da caracter\u00edstica que a arte contempor\u00e2nea tem de desnudar contextos, situa\u00e7\u00f5es e faz pensar sob diferentes l\u00f3gicas\u201d, complementa Cl\u00e1udia Martins Ramalho, gerente de Cultura do Departamento Nacional do SESI.<\/p>\n\n\n\n<p>Lan\u00e7ado em agosto de 2021, o ACESSE tamb\u00e9m pode apoiar as redes educacionais e escolas na miss\u00e3o de olhar para as rupturas causadas pela pandemia de Covid-19 e construir novas conex\u00f5es e possibilidades de futuro, de forma a garantir os direitos de todas e todos os estudantes. \u201cA partir da pandemia teremos uma nova realidade, sobretudo no paradigma do uso das tecnologias digitais, e a arte contempor\u00e2nea ajuda os professores a compreenderem as possibilidades dispon\u00edveis e os estudantes a desenharem esse novo mundo\u201d, observa Wisley Jo\u00e3o Pereira, Gerente Executivo de Educa\u00e7\u00e3o B\u00e1sica do SESI.<\/p>\n\n\n\n<figure class=\"wp-block-embed-youtube wp-block-embed is-type-video is-provider-youtube wp-embed-aspect-16-9 wp-has-aspect-ratio\"><div class=\"wp-block-embed__wrapper\">\n<iframe loading=\"lazy\" title=\"Pr\u00e1ticas pedag\u00f3gicas no Ensino M\u00e9dio\" width=\"640\" height=\"360\" src=\"https:\/\/www.youtube.com\/embed\/n67ARDZYkMk?feature=oembed\" frameborder=\"0\" allow=\"accelerometer; autoplay; clipboard-write; encrypted-media; gyroscope; picture-in-picture\" allowfullscreen><\/iframe>\n<\/div><figcaption>Na conversa, a professora Regina Pinto de Carvalho mostra as conex\u00f5es entre a F\u00edsica e a Arte, a exemplo das articula\u00e7\u00f5es que o ACESSE prop\u00f5e.<\/figcaption><\/figure>\n\n\n\n<p><strong>Como funciona o ACESSE<\/strong><\/p>\n\n\n\n<p>O programa de forma\u00e7\u00e3o de professores possui uma s\u00e9rie de <a href=\"https:\/\/www.portaldaindustria.com.br\/sesi\/canais\/acesse\/#anchor-materiais\" target=\"_blank\" rel=\"noreferrer noopener\">materiais did\u00e1ticos<\/a> disponibilizados no <a href=\"https:\/\/www.portaldaindustria.com.br\/sesi\/canais\/acesse\" target=\"_blank\" rel=\"noreferrer noopener\">site do ACESSE<\/a> de forma gratuita. H\u00e1 um Caderno do Professor, que traz os fundamentos do programa, Cards Tem\u00e1ticos, com refer\u00eancias e assuntos que podem inspirar a\u00e7\u00f5es nas escolas, Cards Metodol\u00f3gicos com o passo a passo das estrat\u00e9gias vivenciadas para que outros educadores possam experimentar, e um banco de experi\u00eancias onde est\u00e3o compartilhadas a\u00e7\u00f5es e desdobramentos do programa nas escolas participantes.&nbsp;<\/p>\n\n\n\n<p>\u201cO professor pode experimentar ser aprendiz dessa forma de aproxima\u00e7\u00e3o do curr\u00edculo com o cotidiano, com a vida, com seus interesses e temas que movem a comunidade, misturando diversas tecnologias, anal\u00f3gicas ou digitais, e explorando possibilidades de pesquisa\u201d, explica Maria Antonia.&nbsp;<\/p>\n\n\n\n<p>Para que todo esse trabalho d\u00ea certo, algumas condi\u00e7\u00f5es s\u00e3o necess\u00e1rias. \u00c9 preciso, por exemplo, que a rede ou escola ofere\u00e7a a forma\u00e7\u00e3o em servi\u00e7o garantindo espa\u00e7os e tempos para trocas de experi\u00eancias, planejamento e trabalho coletivo dos professores.<\/p>\n\n\n\n<div class=\"wp-block-image\"><figure class=\"aligncenter size-large\"><img loading=\"lazy\" width=\"1024\" height=\"699\" src=\"https:\/\/educacaointegral.org.br\/especiais\/acesse\/wp-content\/uploads\/sites\/6\/2021\/10\/44025787225_a748ec5ca7_k-1024x699.jpg\" alt=\"\" class=\"wp-image-29\" srcset=\"https:\/\/educacaointegral.org.br\/especiais\/acesse\/wp-content\/uploads\/sites\/6\/2021\/10\/44025787225_a748ec5ca7_k-1024x699.jpg 1024w, https:\/\/educacaointegral.org.br\/especiais\/acesse\/wp-content\/uploads\/sites\/6\/2021\/10\/44025787225_a748ec5ca7_k-300x205.jpg 300w, https:\/\/educacaointegral.org.br\/especiais\/acesse\/wp-content\/uploads\/sites\/6\/2021\/10\/44025787225_a748ec5ca7_k-768x524.jpg 768w, https:\/\/educacaointegral.org.br\/especiais\/acesse\/wp-content\/uploads\/sites\/6\/2021\/10\/44025787225_a748ec5ca7_k-1536x1048.jpg 1536w, https:\/\/educacaointegral.org.br\/especiais\/acesse\/wp-content\/uploads\/sites\/6\/2021\/10\/44025787225_a748ec5ca7_k.jpg 2047w\" sizes=\"(max-width: 1024px) 100vw, 1024px\" \/><figcaption>Professores que j\u00e1 participaram do programa ACESSE experimentando diferentes materiais e recursos para criarem suas pr\u00f3prias produ\u00e7\u00f5es.<\/figcaption><\/figure><\/div>\n\n\n\n<p>&#8220;A forma\u00e7\u00e3o depende especialmente dos educadores aderirem \u00e0 proposta, porque sen\u00e3o vai ser como cumprir uma receita de bolo. O ACESSE n\u00e3o \u00e9 isso; temos caracter\u00edsticas e premissas importantes, mas quem desenha o novo bolo, que n\u00f3s nem sabemos que existe, s\u00e3o os professores e os estudantes, e muito de acordo com as demandas de cada comunidade e territ\u00f3rio\u201d, destaca Wisley.&nbsp;<\/p>\n\n\n\n<p>O programa tamb\u00e9m considera, com igual relev\u00e2ncia \u00e0 inova\u00e7\u00e3o, a pot\u00eancia que a pr\u00e1tica de cada professor j\u00e1 possui. \u201cN\u00e3o sei se o ACESSE transforma uma pr\u00e1tica ou se favorece que o que j\u00e1 existe ali possa emergir, muito a partir de conversas que v\u00e3o gerando outros caminhos\u201d, pondera Noale Toja, uma das formadoras do programa que est\u00e1 em desenvolvimento em escolas da rede SESI por todo o Brasil.&nbsp;<\/p>\n\n\n\n<p>\u201cNo trabalho com os professores, percebo que a forma\u00e7\u00e3o faz sentido para eles e emociona. Eles contam o quanto passam a escutar mais os estudantes, a olhar para a realidade local\u201d, relata Soraia Melo, tamb\u00e9m formadora do programa. Nas experi\u00eancias em andamento, a formadora Tatiana Martins diz notar, ainda, que as transforma\u00e7\u00f5es n\u00e3o se restringem \u00e0 escola. \u201cMuitos educadores descobriram que criam e passaram a levar isso para fora da escola, para a casa, com os filhos, para sua pr\u00f3pria vida.\u201d&nbsp;<\/p>\n\n\n\n<p><strong>Como surgiu o ACESSE?<\/strong><\/p>\n\n\n\n<p>Em 2004, a artista brasileira Paula Trope venceu a primeira edi\u00e7\u00e3o do Pr\u00eamio Ind\u00fastria Nacional Marcantonio Vila\u00e7a para as Artes Pl\u00e1sticas, uma iniciativa da ind\u00fastria brasileira, com o projeto &#8220;Sem Simpatia&#8221;. Ela fotografou os meninos do Morro do Pereir\u00e3o, no Rio de Janeiro (RJ), ao lado das maquetes que eles constru\u00edram para reproduzir seu entorno, e deu a eles c\u00e2meras fotogr\u00e1ficas <em>pinhole <\/em>para que eles registrassem seus olhares sobre o territ\u00f3rio.&nbsp;<\/p>\n\n\n\n<div class=\"wp-block-image\"><figure class=\"aligncenter size-large\"><img loading=\"lazy\" width=\"780\" height=\"519\" src=\"https:\/\/educacaointegral.org.br\/especiais\/acesse\/wp-content\/uploads\/sites\/6\/2021\/10\/si00004586.jpg__780x519_q85_crop_subsampling-2_upscale.jpg\" alt=\"\" class=\"wp-image-31\" srcset=\"https:\/\/educacaointegral.org.br\/especiais\/acesse\/wp-content\/uploads\/sites\/6\/2021\/10\/si00004586.jpg__780x519_q85_crop_subsampling-2_upscale.jpg 780w, https:\/\/educacaointegral.org.br\/especiais\/acesse\/wp-content\/uploads\/sites\/6\/2021\/10\/si00004586.jpg__780x519_q85_crop_subsampling-2_upscale-300x200.jpg 300w, https:\/\/educacaointegral.org.br\/especiais\/acesse\/wp-content\/uploads\/sites\/6\/2021\/10\/si00004586.jpg__780x519_q85_crop_subsampling-2_upscale-768x511.jpg 768w\" sizes=\"(max-width: 780px) 100vw, 780px\" \/><figcaption>A artista Paula Trope ao lado de uma de suas fotografias do projeto &#8220;Sem Simpatia&#8221;. <\/figcaption><\/figure><\/div>\n\n\n\n<p>A partir disso, o SESI desenvolveu com eles uma s\u00e9rie de debates e atividades envolvendo diferentes \u00e1reas do conhecimento, como a Geografia para leitura de mapas. O engajamento dos meninos foi t\u00e3o grande que demonstrou o potencial de unir arte e educa\u00e7\u00e3o. \u201cAo longo dos anos, fomos reunindo um grupo de especialistas para desenvolver projetos educativos ligados ao Pr\u00eamio e, agora, isso se constitui em uma forma\u00e7\u00e3o para educadores que pode chegar mais longe\u201d, conta Cl\u00e1udia.<\/p>\n","protected":false},"excerpt":{"rendered":"<p>Iniciativa do Sesi e do Centro de Refer\u00eancias promove forma\u00e7\u00e3o docente para o desenvolvimento de pr\u00e1ticas pedag\u00f3gicas com \u00eanfase no STEAM<\/p>\n","protected":false},"featured_media":22,"comment_status":"open","ping_status":"closed","template":"","yoast_head":"<!-- This site is optimized with the Yoast SEO plugin v19.13 - https:\/\/yoast.com\/wordpress\/plugins\/seo\/ -->\n<title>ACESSE: Inova\u00e7\u00e3o, Tecnologia e Arte Contempor\u00e2nea para a transforma\u00e7\u00e3o do Ensino M\u00e9dio - ACESSE<\/title>\n<meta name=\"description\" content=\"Iniciativa do Sesi e do Centro de Refer\u00eancias promove forma\u00e7\u00e3o docente para o desenvolvimento de pr\u00e1ticas pedag\u00f3gicas com \u00eanfase no STEAM\" \/>\n<meta name=\"robots\" content=\"index, follow, max-snippet:-1, max-image-preview:large, max-video-preview:-1\" \/>\n<link rel=\"canonical\" href=\"https:\/\/educacaointegral.org.br\/especiais\/acesse\/experiencias\/acesse-inovacao-tecnologia-e-arte-contemporanea-para-a-transformacao-do-ensino-medio\/\" \/>\n<meta property=\"og:locale\" content=\"pt_BR\" \/>\n<meta property=\"og:type\" content=\"article\" \/>\n<meta property=\"og:title\" content=\"ACESSE: Inova\u00e7\u00e3o, Tecnologia e Arte Contempor\u00e2nea para a transforma\u00e7\u00e3o do Ensino M\u00e9dio - ACESSE\" \/>\n<meta property=\"og:description\" content=\"Iniciativa do Sesi e do Centro de Refer\u00eancias promove forma\u00e7\u00e3o docente para o desenvolvimento de pr\u00e1ticas pedag\u00f3gicas com \u00eanfase no STEAM\" \/>\n<meta property=\"og:url\" content=\"https:\/\/educacaointegral.org.br\/especiais\/acesse\/experiencias\/acesse-inovacao-tecnologia-e-arte-contemporanea-para-a-transformacao-do-ensino-medio\/\" \/>\n<meta property=\"og:site_name\" content=\"ACESSE\" \/>\n<meta property=\"article:modified_time\" content=\"2021-11-12T17:27:00+00:00\" \/>\n<meta property=\"og:image\" content=\"https:\/\/educacaointegral.org.br\/especiais\/acesse\/wp-content\/uploads\/sites\/6\/2021\/10\/3.jpg\" \/>\n\t<meta property=\"og:image:width\" content=\"2048\" \/>\n\t<meta property=\"og:image:height\" content=\"1365\" \/>\n\t<meta property=\"og:image:type\" content=\"image\/jpeg\" \/>\n<meta name=\"twitter:card\" content=\"summary_large_image\" \/>\n<meta name=\"twitter:label1\" content=\"Est. tempo de leitura\" \/>\n\t<meta name=\"twitter:data1\" content=\"7 minutos\" \/>\n<script type=\"application\/ld+json\" class=\"yoast-schema-graph\">{\"@context\":\"https:\/\/schema.org\",\"@graph\":[{\"@type\":\"WebPage\",\"@id\":\"https:\/\/educacaointegral.org.br\/especiais\/acesse\/experiencias\/acesse-inovacao-tecnologia-e-arte-contemporanea-para-a-transformacao-do-ensino-medio\/\",\"url\":\"https:\/\/educacaointegral.org.br\/especiais\/acesse\/experiencias\/acesse-inovacao-tecnologia-e-arte-contemporanea-para-a-transformacao-do-ensino-medio\/\",\"name\":\"ACESSE: Inova\u00e7\u00e3o, Tecnologia e Arte Contempor\u00e2nea para a transforma\u00e7\u00e3o do Ensino M\u00e9dio - ACESSE\",\"isPartOf\":{\"@id\":\"https:\/\/educacaointegral.org.br\/especiais\/acesse\/#website\"},\"datePublished\":\"2021-10-08T14:18:15+00:00\",\"dateModified\":\"2021-11-12T17:27:00+00:00\",\"description\":\"Iniciativa do Sesi e do Centro de Refer\u00eancias promove forma\u00e7\u00e3o docente para o desenvolvimento de pr\u00e1ticas pedag\u00f3gicas com \u00eanfase no STEAM\",\"breadcrumb\":{\"@id\":\"https:\/\/educacaointegral.org.br\/especiais\/acesse\/experiencias\/acesse-inovacao-tecnologia-e-arte-contemporanea-para-a-transformacao-do-ensino-medio\/#breadcrumb\"},\"inLanguage\":\"pt-BR\",\"potentialAction\":[{\"@type\":\"ReadAction\",\"target\":[\"https:\/\/educacaointegral.org.br\/especiais\/acesse\/experiencias\/acesse-inovacao-tecnologia-e-arte-contemporanea-para-a-transformacao-do-ensino-medio\/\"]}]},{\"@type\":\"BreadcrumbList\",\"@id\":\"https:\/\/educacaointegral.org.br\/especiais\/acesse\/experiencias\/acesse-inovacao-tecnologia-e-arte-contemporanea-para-a-transformacao-do-ensino-medio\/#breadcrumb\",\"itemListElement\":[{\"@type\":\"ListItem\",\"position\":1,\"name\":\"In\u00edcio\",\"item\":\"https:\/\/educacaointegral.org.br\/especiais\/acesse\/\"},{\"@type\":\"ListItem\",\"position\":2,\"name\":\"Experi\u00eancias\",\"item\":\"https:\/\/educacaointegral.org.br\/especiais\/acesse\/experiencias\/\"},{\"@type\":\"ListItem\",\"position\":3,\"name\":\"ACESSE: Inova\u00e7\u00e3o, Tecnologia e Arte Contempor\u00e2nea para a transforma\u00e7\u00e3o do Ensino M\u00e9dio\"}]},{\"@type\":\"WebSite\",\"@id\":\"https:\/\/educacaointegral.org.br\/especiais\/acesse\/#website\",\"url\":\"https:\/\/educacaointegral.org.br\/especiais\/acesse\/\",\"name\":\"ACESSE\",\"description\":\"S\u00f3 mais um site Centro de Refer\u00eancias em Educa\u00e7\u00e3o Integral | Especiais sites\",\"potentialAction\":[{\"@type\":\"SearchAction\",\"target\":{\"@type\":\"EntryPoint\",\"urlTemplate\":\"https:\/\/educacaointegral.org.br\/especiais\/acesse\/?s={search_term_string}\"},\"query-input\":\"required name=search_term_string\"}],\"inLanguage\":\"pt-BR\"}]}<\/script>\n<!-- \/ Yoast SEO plugin. -->","yoast_head_json":{"title":"ACESSE: Inova\u00e7\u00e3o, Tecnologia e Arte Contempor\u00e2nea para a transforma\u00e7\u00e3o do Ensino M\u00e9dio - ACESSE","description":"Iniciativa do Sesi e do Centro de Refer\u00eancias promove forma\u00e7\u00e3o docente para o desenvolvimento de pr\u00e1ticas pedag\u00f3gicas com \u00eanfase no STEAM","robots":{"index":"index","follow":"follow","max-snippet":"max-snippet:-1","max-image-preview":"max-image-preview:large","max-video-preview":"max-video-preview:-1"},"canonical":"https:\/\/educacaointegral.org.br\/especiais\/acesse\/experiencias\/acesse-inovacao-tecnologia-e-arte-contemporanea-para-a-transformacao-do-ensino-medio\/","og_locale":"pt_BR","og_type":"article","og_title":"ACESSE: Inova\u00e7\u00e3o, Tecnologia e Arte Contempor\u00e2nea para a transforma\u00e7\u00e3o do Ensino M\u00e9dio - ACESSE","og_description":"Iniciativa do Sesi e do Centro de Refer\u00eancias promove forma\u00e7\u00e3o docente para o desenvolvimento de pr\u00e1ticas pedag\u00f3gicas com \u00eanfase no STEAM","og_url":"https:\/\/educacaointegral.org.br\/especiais\/acesse\/experiencias\/acesse-inovacao-tecnologia-e-arte-contemporanea-para-a-transformacao-do-ensino-medio\/","og_site_name":"ACESSE","article_modified_time":"2021-11-12T17:27:00+00:00","og_image":[{"width":2048,"height":1365,"url":"https:\/\/educacaointegral.org.br\/especiais\/acesse\/wp-content\/uploads\/sites\/6\/2021\/10\/3.jpg","type":"image\/jpeg"}],"twitter_card":"summary_large_image","twitter_misc":{"Est. tempo de leitura":"7 minutos"},"schema":{"@context":"https:\/\/schema.org","@graph":[{"@type":"WebPage","@id":"https:\/\/educacaointegral.org.br\/especiais\/acesse\/experiencias\/acesse-inovacao-tecnologia-e-arte-contemporanea-para-a-transformacao-do-ensino-medio\/","url":"https:\/\/educacaointegral.org.br\/especiais\/acesse\/experiencias\/acesse-inovacao-tecnologia-e-arte-contemporanea-para-a-transformacao-do-ensino-medio\/","name":"ACESSE: Inova\u00e7\u00e3o, Tecnologia e Arte Contempor\u00e2nea para a transforma\u00e7\u00e3o do Ensino M\u00e9dio - ACESSE","isPartOf":{"@id":"https:\/\/educacaointegral.org.br\/especiais\/acesse\/#website"},"datePublished":"2021-10-08T14:18:15+00:00","dateModified":"2021-11-12T17:27:00+00:00","description":"Iniciativa do Sesi e do Centro de Refer\u00eancias promove forma\u00e7\u00e3o docente para o desenvolvimento de pr\u00e1ticas pedag\u00f3gicas com \u00eanfase no STEAM","breadcrumb":{"@id":"https:\/\/educacaointegral.org.br\/especiais\/acesse\/experiencias\/acesse-inovacao-tecnologia-e-arte-contemporanea-para-a-transformacao-do-ensino-medio\/#breadcrumb"},"inLanguage":"pt-BR","potentialAction":[{"@type":"ReadAction","target":["https:\/\/educacaointegral.org.br\/especiais\/acesse\/experiencias\/acesse-inovacao-tecnologia-e-arte-contemporanea-para-a-transformacao-do-ensino-medio\/"]}]},{"@type":"BreadcrumbList","@id":"https:\/\/educacaointegral.org.br\/especiais\/acesse\/experiencias\/acesse-inovacao-tecnologia-e-arte-contemporanea-para-a-transformacao-do-ensino-medio\/#breadcrumb","itemListElement":[{"@type":"ListItem","position":1,"name":"In\u00edcio","item":"https:\/\/educacaointegral.org.br\/especiais\/acesse\/"},{"@type":"ListItem","position":2,"name":"Experi\u00eancias","item":"https:\/\/educacaointegral.org.br\/especiais\/acesse\/experiencias\/"},{"@type":"ListItem","position":3,"name":"ACESSE: Inova\u00e7\u00e3o, Tecnologia e Arte Contempor\u00e2nea para a transforma\u00e7\u00e3o do Ensino M\u00e9dio"}]},{"@type":"WebSite","@id":"https:\/\/educacaointegral.org.br\/especiais\/acesse\/#website","url":"https:\/\/educacaointegral.org.br\/especiais\/acesse\/","name":"ACESSE","description":"S\u00f3 mais um site Centro de Refer\u00eancias em Educa\u00e7\u00e3o Integral | Especiais sites","potentialAction":[{"@type":"SearchAction","target":{"@type":"EntryPoint","urlTemplate":"https:\/\/educacaointegral.org.br\/especiais\/acesse\/?s={search_term_string}"},"query-input":"required name=search_term_string"}],"inLanguage":"pt-BR"}]}},"_links":{"self":[{"href":"https:\/\/educacaointegral.org.br\/especiais\/acesse\/wp-json\/wp\/v2\/experiencia\/16"}],"collection":[{"href":"https:\/\/educacaointegral.org.br\/especiais\/acesse\/wp-json\/wp\/v2\/experiencia"}],"about":[{"href":"https:\/\/educacaointegral.org.br\/especiais\/acesse\/wp-json\/wp\/v2\/types\/experiencia"}],"replies":[{"embeddable":true,"href":"https:\/\/educacaointegral.org.br\/especiais\/acesse\/wp-json\/wp\/v2\/comments?post=16"}],"wp:featuredmedia":[{"embeddable":true,"href":"https:\/\/educacaointegral.org.br\/especiais\/acesse\/wp-json\/wp\/v2\/media\/22"}],"wp:attachment":[{"href":"https:\/\/educacaointegral.org.br\/especiais\/acesse\/wp-json\/wp\/v2\/media?parent=16"}],"curies":[{"name":"wp","href":"https:\/\/api.w.org\/{rel}","templated":true}]}}