{"id":15,"date":"2021-10-08T11:15:39","date_gmt":"2021-10-08T14:15:39","guid":{"rendered":"https:\/\/educacaointegral.org.br\/especiais\/acesse\/?post_type=experiencia&#038;p=15"},"modified":"2021-11-03T19:44:27","modified_gmt":"2021-11-03T22:44:27","slug":"como-o-steam-pode-apoiar-a-inovacao-pedagogica-no-novo-ensino-medio","status":"publish","type":"experiencia","link":"https:\/\/educacaointegral.org.br\/especiais\/acesse\/experiencias\/como-o-steam-pode-apoiar-a-inovacao-pedagogica-no-novo-ensino-medio\/","title":{"rendered":"Como o STEAM pode apoiar a inova\u00e7\u00e3o pedag\u00f3gica no Novo Ensino M\u00e9dio"},"content":{"rendered":"\n<p><strong>A abordagem metodol\u00f3gica do Programa ACESSE prop\u00f5e a articula\u00e7\u00e3o entre Ci\u00eancias, Tecnologia, Engenharia, Arte+Design e Matem\u00e1tica para tornar o aprendizado mais significativo<\/strong><\/p>\n\n\n\n<p>O STEAM une conhecimentos e habilidades das Ci\u00eancias, Tecnologia, Engenharia, Arte+Design e Matem\u00e1tica para tornar o aprendizado mais significativo, trabalhando os objetos de conhecimento de diferentes \u00e1reas de forma integrada e interdisciplinar. \u00c9 essa abordagem metodol\u00f3gica que orienta o programa <a href=\"https:\/\/www.portaldaindustria.com.br\/sesi\/canais\/acesse\/\" target=\"_blank\" rel=\"noreferrer noopener\">ACESSE \u2013 Arte Contempor\u00e2nea e Educa\u00e7\u00e3o em Sinergia no SESI<\/a> (Servi\u00e7o Social da Ind\u00fastria).<\/p>\n\n\n\n<p>O Programa , que j\u00e1 alcan\u00e7ou 266 educadores de 10 estados brasileiros, agora ter\u00e1 seus materiais e referenciais\u00a0 dispon\u00edveis para todos os professores do Brasil, de forma gratuita e digital. O objetivo da iniciativa, elaborada pelo <a href=\"https:\/\/www.sesisp.org.br\/\" target=\"_blank\" rel=\"noreferrer noopener\">SESI<\/a> em parceria com o <a rel=\"noreferrer noopener\" href=\"http:\/\/educacaointegral.org.br\/\" target=\"_blank\">Centro de Refer\u00eancias em Educa\u00e7\u00e3o Integral,<\/a> \u00e9 apoiar a inova\u00e7\u00e3o pedag\u00f3gica nas escolas, ampliando as possibilidades de experimenta\u00e7\u00e3o, sobretudo diante do desafio de implementar o Novo Ensino M\u00e9dio.<\/p>\n\n\n\n<p>Em di\u00e1logo com marcos legais brasileiros, como as Diretrizes Curriculares Nacionais para Educa\u00e7\u00e3o B\u00e1sica (<a href=\"https:\/\/www.in.gov.br\/materia\/-\/asset_publisher\/Kujrw0TZC2Mb\/content\/id\/51281622\" target=\"_blank\" rel=\"noreferrer noopener\">DCN<\/a>) e a Base Nacional Comum Curricular (<a href=\"http:\/\/basenacionalcomum.mec.gov.br\/\" target=\"_blank\" rel=\"noreferrer noopener\">BNCC<\/a>), o ACESSE traz o STEAM para auxiliar na promo\u00e7\u00e3o de compet\u00eancias e habilidades para o s\u00e9culo XXI, como a adapta\u00e7\u00e3o a diferentes situa\u00e7\u00f5es, a criatividade, a cultura digital, a argumenta\u00e7\u00e3o, o pensamento cr\u00edtico e o racioc\u00ednio l\u00f3gico, a partir de atividades colaborativas e aut\u00f4nomas, e que tenham conex\u00e3o com a vida real dos estudantes. Isso \u00e9 fundamental diante de uma sociedade em constante transforma\u00e7\u00e3o, com novas carreiras, desafios tecnol\u00f3gicos, dilemas e demandas surgindo a todo momento.&nbsp;<\/p>\n\n\n\n<p>\u201cA escola costuma ensinar a decorar \u2018verdades\u2019, mas precisamos transformar isso em capacidade de aprender, reaprender, experimentar, errar, criar e adaptar-se \u00e0 mudan\u00e7as. Assim, \u00e9 importante ensinar conhecimentos t\u00e9cnicos, como a programa\u00e7\u00e3o, desde que articuladas a essas compet\u00eancias, para que a cria\u00e7\u00e3o de tecnologias e m\u00e1quinas sirva para tornar o mundo um lugar melhor\u201d, explica Gabriela Agustini, consultora de inova\u00e7\u00e3o, tecnologia e transforma\u00e7\u00e3o social, tamb\u00e9m membro do conselho consultivo do programa ACESSE.<\/p>\n\n\n\n<figure class=\"wp-block-image size-large\"><img loading=\"lazy\" width=\"1024\" height=\"683\" src=\"https:\/\/educacaointegral.org.br\/especiais\/acesse\/wp-content\/uploads\/sites\/6\/2021\/10\/43124941980_0a73afec6c_k-1024x683.jpg\" alt=\"\" class=\"wp-image-32\" srcset=\"https:\/\/educacaointegral.org.br\/especiais\/acesse\/wp-content\/uploads\/sites\/6\/2021\/10\/43124941980_0a73afec6c_k-1024x683.jpg 1024w, https:\/\/educacaointegral.org.br\/especiais\/acesse\/wp-content\/uploads\/sites\/6\/2021\/10\/43124941980_0a73afec6c_k-300x200.jpg 300w, https:\/\/educacaointegral.org.br\/especiais\/acesse\/wp-content\/uploads\/sites\/6\/2021\/10\/43124941980_0a73afec6c_k-768x512.jpg 768w, https:\/\/educacaointegral.org.br\/especiais\/acesse\/wp-content\/uploads\/sites\/6\/2021\/10\/43124941980_0a73afec6c_k-1536x1024.jpg 1536w, https:\/\/educacaointegral.org.br\/especiais\/acesse\/wp-content\/uploads\/sites\/6\/2021\/10\/43124941980_0a73afec6c_k.jpg 2047w\" sizes=\"(max-width: 1024px) 100vw, 1024px\" \/><figcaption>Cria\u00e7\u00e3o de um dos professores que participou do programa ACESSE<\/figcaption><\/figure>\n\n\n\n<p>Do ponto de vista dos educadores, a forma\u00e7\u00e3o visa apoi\u00e1-los a trabalhar com a articula\u00e7\u00e3o entre objetos de conhecimento de \u00e1reas variadas, uma possibilidade que a maior parte dos professores em servi\u00e7o hoje n\u00e3o teve a oportunidade de experimentar durante sua pr\u00f3pria forma\u00e7\u00e3o inicial. \u201cO ACESSE privilegia o exerc\u00edcio do pensamento complexo, uma elabora\u00e7\u00e3o de Edgar Morin que significa levantar diferentes perspectivas sobre um mesmo tema para entender como elas se complementam, analisando, assim, a parte, o todo e as rela\u00e7\u00f5es que se estabelecem entre eles\u201d, explica Maria Antonia Goulart, especialista que comp\u00f5e a equipe de coordena\u00e7\u00e3o do ACESSE.&nbsp;<\/p>\n\n\n\n<p>Isso possibilitaria os professores a realizarem, por exemplo, uma atividade que come\u00e7a com uma discuss\u00e3o sobre a epidemia de Covid-19 e se desdobra em estudos na Biologia sobre o que \u00e9 o v\u00edrus e como ele se comporta; pode-se compreender matematicamente a escalada de sua transmiss\u00e3o; \u00e9 poss\u00edvel um olhar social e geogr\u00e1fico aos impactos de uma pandemia para um pa\u00eds e o mundo, bem como discutir o que o distanciamento social provocou em rela\u00e7\u00e3o ao uso das tecnologias digitais para a comunica\u00e7\u00e3o.<\/p>\n\n\n\n<p><strong>O di\u00e1logo poss\u00edvel entre arte e educa\u00e7\u00e3o<\/strong><\/p>\n\n\n\n<p>Nesse exerc\u00edcio de pensamento complexo para a interdisciplinaridade na escola, o ACESSE destaca na abordagem metodol\u00f3gica STEAM a arte, sobretudo a contempor\u00e2nea, cujos processos de cria\u00e7\u00e3o dialogam com os da aprendizagem. S\u00e3o artistas que olham, pesquisam e questionam o mundo sobre algo que os toca, sistematizam e produzem uma forma expressiva sobre o assunto, ou seja, a obra de arte em si.&nbsp;<\/p>\n\n\n\n<figure class=\"wp-block-gallery columns-3 is-cropped\"><ul class=\"blocks-gallery-grid\"><li class=\"blocks-gallery-item\"><figure><img loading=\"lazy\" width=\"683\" height=\"1024\" src=\"https:\/\/educacaointegral.org.br\/especiais\/acesse\/wp-content\/uploads\/sites\/6\/2021\/10\/44888993702_94c43a5563_k-683x1024.jpg\" alt=\"\" data-id=\"51\" data-full-url=\"https:\/\/educacaointegral.org.br\/especiais\/acesse\/wp-content\/uploads\/sites\/6\/2021\/10\/44888993702_94c43a5563_k.jpg\" data-link=\"https:\/\/educacaointegral.org.br\/especiais\/acesse\/experiencias\/como-o-steam-pode-apoiar-a-inovacao-pedagogica-no-novo-ensino-medio\/44888993702_94c43a5563_k\/\" class=\"wp-image-51\" srcset=\"https:\/\/educacaointegral.org.br\/especiais\/acesse\/wp-content\/uploads\/sites\/6\/2021\/10\/44888993702_94c43a5563_k-683x1024.jpg 683w, https:\/\/educacaointegral.org.br\/especiais\/acesse\/wp-content\/uploads\/sites\/6\/2021\/10\/44888993702_94c43a5563_k-200x300.jpg 200w, https:\/\/educacaointegral.org.br\/especiais\/acesse\/wp-content\/uploads\/sites\/6\/2021\/10\/44888993702_94c43a5563_k-768x1152.jpg 768w, https:\/\/educacaointegral.org.br\/especiais\/acesse\/wp-content\/uploads\/sites\/6\/2021\/10\/44888993702_94c43a5563_k-1024x1536.jpg 1024w, https:\/\/educacaointegral.org.br\/especiais\/acesse\/wp-content\/uploads\/sites\/6\/2021\/10\/44888993702_94c43a5563_k.jpg 1365w\" sizes=\"(max-width: 683px) 100vw, 683px\" \/><\/figure><\/li><li class=\"blocks-gallery-item\"><figure><img loading=\"lazy\" width=\"683\" height=\"1024\" src=\"https:\/\/educacaointegral.org.br\/especiais\/acesse\/wp-content\/uploads\/sites\/6\/2021\/10\/44217469024_707de3adf9_k-683x1024.jpg\" alt=\"\" data-id=\"49\" data-full-url=\"https:\/\/educacaointegral.org.br\/especiais\/acesse\/wp-content\/uploads\/sites\/6\/2021\/10\/44217469024_707de3adf9_k.jpg\" data-link=\"https:\/\/educacaointegral.org.br\/especiais\/acesse\/experiencias\/como-o-steam-pode-apoiar-a-inovacao-pedagogica-no-novo-ensino-medio\/44217469024_707de3adf9_k\/\" class=\"wp-image-49\" srcset=\"https:\/\/educacaointegral.org.br\/especiais\/acesse\/wp-content\/uploads\/sites\/6\/2021\/10\/44217469024_707de3adf9_k-683x1024.jpg 683w, https:\/\/educacaointegral.org.br\/especiais\/acesse\/wp-content\/uploads\/sites\/6\/2021\/10\/44217469024_707de3adf9_k-200x300.jpg 200w, https:\/\/educacaointegral.org.br\/especiais\/acesse\/wp-content\/uploads\/sites\/6\/2021\/10\/44217469024_707de3adf9_k-768x1152.jpg 768w, https:\/\/educacaointegral.org.br\/especiais\/acesse\/wp-content\/uploads\/sites\/6\/2021\/10\/44217469024_707de3adf9_k-1024x1536.jpg 1024w, https:\/\/educacaointegral.org.br\/especiais\/acesse\/wp-content\/uploads\/sites\/6\/2021\/10\/44217469024_707de3adf9_k.jpg 1365w\" sizes=\"(max-width: 683px) 100vw, 683px\" \/><\/figure><\/li><li class=\"blocks-gallery-item\"><figure><img loading=\"lazy\" width=\"683\" height=\"1024\" src=\"https:\/\/educacaointegral.org.br\/especiais\/acesse\/wp-content\/uploads\/sites\/6\/2021\/10\/44217470734_d5efc3bff0_k-683x1024.jpg\" alt=\"\" data-id=\"50\" data-full-url=\"https:\/\/educacaointegral.org.br\/especiais\/acesse\/wp-content\/uploads\/sites\/6\/2021\/10\/44217470734_d5efc3bff0_k.jpg\" data-link=\"https:\/\/educacaointegral.org.br\/especiais\/acesse\/experiencias\/como-o-steam-pode-apoiar-a-inovacao-pedagogica-no-novo-ensino-medio\/44217470734_d5efc3bff0_k\/\" class=\"wp-image-50\" srcset=\"https:\/\/educacaointegral.org.br\/especiais\/acesse\/wp-content\/uploads\/sites\/6\/2021\/10\/44217470734_d5efc3bff0_k-683x1024.jpg 683w, https:\/\/educacaointegral.org.br\/especiais\/acesse\/wp-content\/uploads\/sites\/6\/2021\/10\/44217470734_d5efc3bff0_k-200x300.jpg 200w, https:\/\/educacaointegral.org.br\/especiais\/acesse\/wp-content\/uploads\/sites\/6\/2021\/10\/44217470734_d5efc3bff0_k-768x1152.jpg 768w, https:\/\/educacaointegral.org.br\/especiais\/acesse\/wp-content\/uploads\/sites\/6\/2021\/10\/44217470734_d5efc3bff0_k-1024x1536.jpg 1024w, https:\/\/educacaointegral.org.br\/especiais\/acesse\/wp-content\/uploads\/sites\/6\/2021\/10\/44217470734_d5efc3bff0_k.jpg 1365w\" sizes=\"(max-width: 683px) 100vw, 683px\" \/><\/figure><\/li><\/ul><\/figure>\n\n\n\n<p>\u201cNa escola, olhamos para o mundo e o qu\u00ea mobiliza os estudantes. A partir da\u00ed, identificamos as habilidades e os objetos das \u00e1reas de conhecimento e conectamos \u00e0s propostas de atividades e ao produto final, que pode ser o mais diverso, como um <em>stop-motion<\/em>, uma leitura de imagem ou um aut\u00f4mato\u201d, exemplifica Maria Antonia.<\/p>\n\n\n\n<p>Nas experi\u00eancias em andamento pelo Brasil, a formadora do programa, Luciana Oliveira, diz que o despertar da sensibilidade nos processos de ensino e aprendizagem se sobressai: \u201cTanto para os professores quanto para os estudantes, trabalhar a partir do que realmente mobiliza, afeta a vida deles e faz parte do cotidiano gera aprendizagens muito mais significativas e, portanto, duradouras\u201d.<\/p>\n\n\n\n<blockquote class=\"wp-block-quote is-style-large\"><p>\u201cO grande desafio da escola do s\u00e9culo XXI \u00e9 resolver a pobreza de imagina\u00e7\u00e3o porque ningu\u00e9m cria algo novo que n\u00e3o imaginou&#8221;, diz Maria Antonia Goulart.<\/p><\/blockquote>\n\n\n\n<p>Todo esse processo de ensino e aprendizagem \u00e9 pautado, ainda, por um dos grandes fundamentos da arte contempor\u00e2nea: o deslocamento, ou seja, a capacidade de colocar uma coisa onde ela n\u00e3o est\u00e1, mesmo sem saber no que isso vai resultar.&nbsp;<\/p>\n\n\n\n<p>\u201cO grande desafio da escola do s\u00e9culo XXI \u00e9 resolver a pobreza de imagina\u00e7\u00e3o porque ningu\u00e9m cria algo novo que n\u00e3o imaginou. Para imaginar, \u00e9 preciso estar diante de algo que n\u00e3o se sabe e que n\u00e3o est\u00e1 dado, partindo da premissa de que tudo pode ser porque tudo quase \u00e9. \u00c9 assim que a escola pode ser um espa\u00e7o para deslocar, provocar a imagina\u00e7\u00e3o, o levantamento de possibilidades, a experimenta\u00e7\u00e3o e a pesquisa, para que os estudantes possam entender o mundo de forma criativa e imaginar, cada um \u00e0 sua maneira, uma forma de interferir nele, assumindo uma postura ativa de repensar a vida, as rela\u00e7\u00f5es, os sistemas, o futuro\u201d, finaliza Maria Antonia.<\/p>\n","protected":false},"excerpt":{"rendered":"<p>A abordagem metodol\u00f3gica do Programa ACESSE prop\u00f5e a articula\u00e7\u00e3o entre Ci\u00eancias, Tecnologia, Engenharia, Arte+Design e Matem\u00e1tica para tornar o aprendizado mais significativo<\/p>\n","protected":false},"featured_media":23,"comment_status":"open","ping_status":"closed","template":"","yoast_head":"<!-- This site is optimized with the Yoast SEO plugin v19.13 - https:\/\/yoast.com\/wordpress\/plugins\/seo\/ -->\n<title>Como o STEAM pode apoiar a inova\u00e7\u00e3o pedag\u00f3gica no Novo Ensino M\u00e9dio - ACESSE<\/title>\n<meta name=\"description\" content=\"A abordagem metodol\u00f3gica do Programa ACESSE prop\u00f5e a articula\u00e7\u00e3o entre Ci\u00eancias, Tecnologia, Engenharia, Arte+Design e Matem\u00e1tica para tornar o aprendizado mais significativo\" \/>\n<meta name=\"robots\" content=\"index, follow, max-snippet:-1, max-image-preview:large, max-video-preview:-1\" \/>\n<link rel=\"canonical\" href=\"https:\/\/educacaointegral.org.br\/especiais\/acesse\/experiencias\/como-o-steam-pode-apoiar-a-inovacao-pedagogica-no-novo-ensino-medio\/\" \/>\n<meta property=\"og:locale\" content=\"pt_BR\" \/>\n<meta property=\"og:type\" content=\"article\" \/>\n<meta property=\"og:title\" content=\"Como o STEAM pode apoiar a inova\u00e7\u00e3o pedag\u00f3gica no Novo Ensino M\u00e9dio - ACESSE\" \/>\n<meta property=\"og:description\" content=\"A abordagem metodol\u00f3gica do Programa ACESSE prop\u00f5e a articula\u00e7\u00e3o entre Ci\u00eancias, Tecnologia, Engenharia, Arte+Design e Matem\u00e1tica para tornar o aprendizado mais significativo\" \/>\n<meta property=\"og:url\" content=\"https:\/\/educacaointegral.org.br\/especiais\/acesse\/experiencias\/como-o-steam-pode-apoiar-a-inovacao-pedagogica-no-novo-ensino-medio\/\" \/>\n<meta property=\"og:site_name\" content=\"ACESSE\" \/>\n<meta property=\"article:modified_time\" content=\"2021-11-03T22:44:27+00:00\" \/>\n<meta property=\"og:image\" content=\"https:\/\/educacaointegral.org.br\/especiais\/acesse\/wp-content\/uploads\/sites\/6\/2021\/10\/4.jpg\" \/>\n\t<meta property=\"og:image:width\" content=\"2048\" \/>\n\t<meta property=\"og:image:height\" content=\"1365\" \/>\n\t<meta property=\"og:image:type\" content=\"image\/jpeg\" \/>\n<meta name=\"twitter:card\" content=\"summary_large_image\" \/>\n<meta name=\"twitter:label1\" content=\"Est. tempo de leitura\" \/>\n\t<meta name=\"twitter:data1\" content=\"5 minutos\" \/>\n<script type=\"application\/ld+json\" class=\"yoast-schema-graph\">{\"@context\":\"https:\/\/schema.org\",\"@graph\":[{\"@type\":\"WebPage\",\"@id\":\"https:\/\/educacaointegral.org.br\/especiais\/acesse\/experiencias\/como-o-steam-pode-apoiar-a-inovacao-pedagogica-no-novo-ensino-medio\/\",\"url\":\"https:\/\/educacaointegral.org.br\/especiais\/acesse\/experiencias\/como-o-steam-pode-apoiar-a-inovacao-pedagogica-no-novo-ensino-medio\/\",\"name\":\"Como o STEAM pode apoiar a inova\u00e7\u00e3o pedag\u00f3gica no Novo Ensino M\u00e9dio - ACESSE\",\"isPartOf\":{\"@id\":\"https:\/\/educacaointegral.org.br\/especiais\/acesse\/#website\"},\"datePublished\":\"2021-10-08T14:15:39+00:00\",\"dateModified\":\"2021-11-03T22:44:27+00:00\",\"description\":\"A abordagem metodol\u00f3gica do Programa ACESSE prop\u00f5e a articula\u00e7\u00e3o entre Ci\u00eancias, Tecnologia, Engenharia, Arte+Design e Matem\u00e1tica para tornar o aprendizado mais significativo\",\"breadcrumb\":{\"@id\":\"https:\/\/educacaointegral.org.br\/especiais\/acesse\/experiencias\/como-o-steam-pode-apoiar-a-inovacao-pedagogica-no-novo-ensino-medio\/#breadcrumb\"},\"inLanguage\":\"pt-BR\",\"potentialAction\":[{\"@type\":\"ReadAction\",\"target\":[\"https:\/\/educacaointegral.org.br\/especiais\/acesse\/experiencias\/como-o-steam-pode-apoiar-a-inovacao-pedagogica-no-novo-ensino-medio\/\"]}]},{\"@type\":\"BreadcrumbList\",\"@id\":\"https:\/\/educacaointegral.org.br\/especiais\/acesse\/experiencias\/como-o-steam-pode-apoiar-a-inovacao-pedagogica-no-novo-ensino-medio\/#breadcrumb\",\"itemListElement\":[{\"@type\":\"ListItem\",\"position\":1,\"name\":\"In\u00edcio\",\"item\":\"https:\/\/educacaointegral.org.br\/especiais\/acesse\/\"},{\"@type\":\"ListItem\",\"position\":2,\"name\":\"Experi\u00eancias\",\"item\":\"https:\/\/educacaointegral.org.br\/especiais\/acesse\/experiencias\/\"},{\"@type\":\"ListItem\",\"position\":3,\"name\":\"Como o STEAM pode apoiar a inova\u00e7\u00e3o pedag\u00f3gica no Novo Ensino M\u00e9dio\"}]},{\"@type\":\"WebSite\",\"@id\":\"https:\/\/educacaointegral.org.br\/especiais\/acesse\/#website\",\"url\":\"https:\/\/educacaointegral.org.br\/especiais\/acesse\/\",\"name\":\"ACESSE\",\"description\":\"S\u00f3 mais um site Centro de Refer\u00eancias em Educa\u00e7\u00e3o Integral | Especiais sites\",\"potentialAction\":[{\"@type\":\"SearchAction\",\"target\":{\"@type\":\"EntryPoint\",\"urlTemplate\":\"https:\/\/educacaointegral.org.br\/especiais\/acesse\/?s={search_term_string}\"},\"query-input\":\"required name=search_term_string\"}],\"inLanguage\":\"pt-BR\"}]}<\/script>\n<!-- \/ Yoast SEO plugin. -->","yoast_head_json":{"title":"Como o STEAM pode apoiar a inova\u00e7\u00e3o pedag\u00f3gica no Novo Ensino M\u00e9dio - ACESSE","description":"A abordagem metodol\u00f3gica do Programa ACESSE prop\u00f5e a articula\u00e7\u00e3o entre Ci\u00eancias, Tecnologia, Engenharia, Arte+Design e Matem\u00e1tica para tornar o aprendizado mais significativo","robots":{"index":"index","follow":"follow","max-snippet":"max-snippet:-1","max-image-preview":"max-image-preview:large","max-video-preview":"max-video-preview:-1"},"canonical":"https:\/\/educacaointegral.org.br\/especiais\/acesse\/experiencias\/como-o-steam-pode-apoiar-a-inovacao-pedagogica-no-novo-ensino-medio\/","og_locale":"pt_BR","og_type":"article","og_title":"Como o STEAM pode apoiar a inova\u00e7\u00e3o pedag\u00f3gica no Novo Ensino M\u00e9dio - ACESSE","og_description":"A abordagem metodol\u00f3gica do Programa ACESSE prop\u00f5e a articula\u00e7\u00e3o entre Ci\u00eancias, Tecnologia, Engenharia, Arte+Design e Matem\u00e1tica para tornar o aprendizado mais significativo","og_url":"https:\/\/educacaointegral.org.br\/especiais\/acesse\/experiencias\/como-o-steam-pode-apoiar-a-inovacao-pedagogica-no-novo-ensino-medio\/","og_site_name":"ACESSE","article_modified_time":"2021-11-03T22:44:27+00:00","og_image":[{"width":2048,"height":1365,"url":"https:\/\/educacaointegral.org.br\/especiais\/acesse\/wp-content\/uploads\/sites\/6\/2021\/10\/4.jpg","type":"image\/jpeg"}],"twitter_card":"summary_large_image","twitter_misc":{"Est. tempo de leitura":"5 minutos"},"schema":{"@context":"https:\/\/schema.org","@graph":[{"@type":"WebPage","@id":"https:\/\/educacaointegral.org.br\/especiais\/acesse\/experiencias\/como-o-steam-pode-apoiar-a-inovacao-pedagogica-no-novo-ensino-medio\/","url":"https:\/\/educacaointegral.org.br\/especiais\/acesse\/experiencias\/como-o-steam-pode-apoiar-a-inovacao-pedagogica-no-novo-ensino-medio\/","name":"Como o STEAM pode apoiar a inova\u00e7\u00e3o pedag\u00f3gica no Novo Ensino M\u00e9dio - ACESSE","isPartOf":{"@id":"https:\/\/educacaointegral.org.br\/especiais\/acesse\/#website"},"datePublished":"2021-10-08T14:15:39+00:00","dateModified":"2021-11-03T22:44:27+00:00","description":"A abordagem metodol\u00f3gica do Programa ACESSE prop\u00f5e a articula\u00e7\u00e3o entre Ci\u00eancias, Tecnologia, Engenharia, Arte+Design e Matem\u00e1tica para tornar o aprendizado mais significativo","breadcrumb":{"@id":"https:\/\/educacaointegral.org.br\/especiais\/acesse\/experiencias\/como-o-steam-pode-apoiar-a-inovacao-pedagogica-no-novo-ensino-medio\/#breadcrumb"},"inLanguage":"pt-BR","potentialAction":[{"@type":"ReadAction","target":["https:\/\/educacaointegral.org.br\/especiais\/acesse\/experiencias\/como-o-steam-pode-apoiar-a-inovacao-pedagogica-no-novo-ensino-medio\/"]}]},{"@type":"BreadcrumbList","@id":"https:\/\/educacaointegral.org.br\/especiais\/acesse\/experiencias\/como-o-steam-pode-apoiar-a-inovacao-pedagogica-no-novo-ensino-medio\/#breadcrumb","itemListElement":[{"@type":"ListItem","position":1,"name":"In\u00edcio","item":"https:\/\/educacaointegral.org.br\/especiais\/acesse\/"},{"@type":"ListItem","position":2,"name":"Experi\u00eancias","item":"https:\/\/educacaointegral.org.br\/especiais\/acesse\/experiencias\/"},{"@type":"ListItem","position":3,"name":"Como o STEAM pode apoiar a inova\u00e7\u00e3o pedag\u00f3gica no Novo Ensino M\u00e9dio"}]},{"@type":"WebSite","@id":"https:\/\/educacaointegral.org.br\/especiais\/acesse\/#website","url":"https:\/\/educacaointegral.org.br\/especiais\/acesse\/","name":"ACESSE","description":"S\u00f3 mais um site Centro de Refer\u00eancias em Educa\u00e7\u00e3o Integral | Especiais sites","potentialAction":[{"@type":"SearchAction","target":{"@type":"EntryPoint","urlTemplate":"https:\/\/educacaointegral.org.br\/especiais\/acesse\/?s={search_term_string}"},"query-input":"required name=search_term_string"}],"inLanguage":"pt-BR"}]}},"_links":{"self":[{"href":"https:\/\/educacaointegral.org.br\/especiais\/acesse\/wp-json\/wp\/v2\/experiencia\/15"}],"collection":[{"href":"https:\/\/educacaointegral.org.br\/especiais\/acesse\/wp-json\/wp\/v2\/experiencia"}],"about":[{"href":"https:\/\/educacaointegral.org.br\/especiais\/acesse\/wp-json\/wp\/v2\/types\/experiencia"}],"replies":[{"embeddable":true,"href":"https:\/\/educacaointegral.org.br\/especiais\/acesse\/wp-json\/wp\/v2\/comments?post=15"}],"wp:featuredmedia":[{"embeddable":true,"href":"https:\/\/educacaointegral.org.br\/especiais\/acesse\/wp-json\/wp\/v2\/media\/23"}],"wp:attachment":[{"href":"https:\/\/educacaointegral.org.br\/especiais\/acesse\/wp-json\/wp\/v2\/media?parent=15"}],"curies":[{"name":"wp","href":"https:\/\/api.w.org\/{rel}","templated":true}]}}