{"id":59,"date":"2019-10-22T11:26:51","date_gmt":"2019-10-22T14:26:51","guid":{"rendered":"https:\/\/educacaointegral.org.br\/especiais\/5-anos-do-pne\/?post_type=reportagem&#038;p=59"},"modified":"2019-11-21T12:31:04","modified_gmt":"2019-11-21T14:31:04","slug":"como-garantir-a-implementacao-do-pne","status":"publish","type":"reportagem","link":"https:\/\/educacaointegral.org.br\/especiais\/5-anos-do-pne\/reportagens\/como-garantir-a-implementacao-do-pne\/","title":{"rendered":"Como garantir a implementa\u00e7\u00e3o do PNE ap\u00f3s 5 anos de descumprimento"},"content":{"rendered":"\n<p>O Brasil chegou \u00e0 metade do prazo para implementa\u00e7\u00e3o do <strong>Plano Nacional de Educa\u00e7\u00e3o (PNE)<\/strong> e pouco ou quase nada foi feito. Mas, daqui em diante, quais s\u00e3o os caminhos para n\u00e3o fazer do plano uma lei morta?<br><\/p>\n\n\n\n<p>Para Cl\u00e1udia Bandeira, assessora da iniciativa <a href=\"http:\/\/www.deolhonosplanos.org.br\/\">De Olho nos Planos<\/a>, n\u00e3o adianta tentar priorizar apenas algumas das metas para serem implementadas. \u201cIsso s\u00f3 serve de estrat\u00e9gia para seu total esvaziamento como pol\u00edtica de Estado e para o sufocamento de seu financiamento.\u201d<br><\/p>\n\n\n\n<p>A especialista defende garantir uma <a href=\"https:\/\/educacaointegral.org.br\/reportagens\/teto-de-gastos-e-entrave-para-educacao\/\">s\u00e9rie de condi\u00e7\u00f5es <\/a>para que o PNE avance, como tornar o <a href=\"https:\/\/educacaointegral.org.br\/reportagens\/15-e-insuficiente-para-uma-educacao-de-qualidade-diz-deputado-bacelar-sobre-novo-fundeb\/\">Fundeb permanente<\/a>, constitucionalizar o Custo Aluno-Qualidade Inicial (CAQi) e revogar a Emenda Constitucional (EC) 95, que congelou os investimentos em educa\u00e7\u00e3o por 20 anos. <\/p>\n\n\n\n<p>Claudia destaca tamb\u00e9m a necessidade de fortalecer a liberdade de aprender e de ensinar e o pluralismo de ideias e concep\u00e7\u00f5es pedag\u00f3gicas, princ\u00edpios da Constitui\u00e7\u00e3o Federal de 1988. <br><\/p>\n\n\n\n<blockquote class=\"wp-block-quote is-style-default\"><p><em>\u201cGarantir um financiamento educacional adequado, por meio do Custo Aluno-Qualidade (CAQ) e o Sistema Nacional de Educa\u00e7\u00e3o (SNE), em articula\u00e7\u00e3o com o regime de colabora\u00e7\u00e3o entre os entes federados, s\u00e3o condi\u00e7\u00f5es para que metas vinculadas a outras regulamenta\u00e7\u00f5es sejam implementadas e, assim, garantir o<\/em><a href=\"https:\/\/educacaointegral.org.br\/glossario\/direito-a-educacao\/\"><em> direito \u00e0 educa\u00e7\u00e3o<\/em><\/a><em> a todas e todos.\u201d<\/em><br><\/p><\/blockquote>\n\n\n\n<p>Outro caminho, que pode ser trilhado paralelamente, \u00e9 o de olhar para os <a href=\"https:\/\/educacaointegral.org.br\/especiais\/5-anos-do-pne\/reportagens\/planos-municipais-regionais-de-educacao\/\">Planos Estaduais e Municipais de Educa\u00e7\u00e3o<\/a> e, a partir das pr\u00e1ticas exitosas j\u00e1 em curso nas redes, implementar o PNE. <\/p>\n\n\n\n<p>Para Juliana Yade, especialista em educa\u00e7\u00e3o do Ita\u00fa Social, outra possibilidade est\u00e1 em colocar a educa\u00e7\u00e3o no centro dos debates, mostrando que o avan\u00e7o econ\u00f4mico e social de um pa\u00eds depende de melhorias na qualidade da educa\u00e7\u00e3o. &#8220;Singapura, China, Jap\u00e3o e muitos outros pa\u00edses s\u00f3 cresceram ap\u00f3s colocarem a educa\u00e7\u00e3o como centro da discuss\u00e3o pol\u00edtica n\u00e3o-partid\u00e1ria.&#8221;&nbsp;<br><\/p>\n\n\n\n<p><strong>Leia+<\/strong>  <a href=\"https:\/\/educacaointegral.org.br\/reportagens\/desvendando-pne-professores-necessitam-de-plano-de-carreira-formacao-boas-condicoes-trabalho\/\">Professores necessitam de plano de carreira, forma\u00e7\u00e3o e boas condi\u00e7\u00f5es de trabalho  <\/a><\/p>\n\n\n\n<p>Al\u00e9m das esferas pol\u00edticas e de movimentos sociais, Roberto Catelli Jr., coordenador-executivo da A\u00e7\u00e3o Educativa, tamb\u00e9m indica que \u00e9 preciso engajar os educadores que est\u00e3o envolvidos diretamente nas escolas.&nbsp;<br><\/p>\n\n\n\n<p>Nestes casos, o desafio se deve ao fato de que o cotidiano escolar costuma ser bastante complexo e com <a href=\"https:\/\/educacaointegral.org.br\/rede-de-noticias\/alunos-professores-estao-adoecendo-avalia-helena-singer\/\">condi\u00e7\u00f5es de trabalho prec\u00e1rias<\/a>, comprometendo a disponibilidade dos professores de acompanharem as pol\u00edticas p\u00fablicas mais amplas.&nbsp;<br><\/p>\n\n\n\n<blockquote class=\"wp-block-quote is-style-default\"><p><em>&#8220;O descumprimento do PNE possibilita que a sociedade civil exer\u00e7a um controle social sobre isso, como abrir processos e considerar improbidade administrativa certos atos. A quest\u00e3o \u00e9 que a capacidade de rea\u00e7\u00e3o da sociedade n\u00e3o surgiu ainda&#8221;, diz Catelli.<\/em><br><\/p><\/blockquote>\n\n\n\n<p>Cl\u00e1udia Bandeira lembra tamb\u00e9m que \u00e9 necess\u00e1rio <a href=\"https:\/\/educacaointegral.org.br\/glossario\/intersetorialidade-na-educacao-integral\/\">atua\u00e7\u00f5es intersetoriais<\/a> entre Educa\u00e7\u00e3o, Sa\u00fade, Assist\u00eancia Social, e movimentos e organiza\u00e7\u00f5es que defendem os direitos humanos. \u201cNesse momento de resist\u00eancia \u00e9 preciso construir alian\u00e7as.\u201d<br><\/p>\n\n\n\n<p>H\u00e1, ainda, a necessidade de retomar e fortalecer as inst\u00e2ncias de participa\u00e7\u00e3o e monitoramento do plano dentro do pr\u00f3prio governo. \u201cO PNE baliza a forma\u00e7\u00e3o pol\u00edtica e cidad\u00e3 a partir da educa\u00e7\u00e3o. Ent\u00e3o, se quisermos pensar em estado democr\u00e1tico e de direito, com pleno exerc\u00edcio da cidadania, n\u00e3o podemos deixar que o Plano seja esvaziado\u201d, conclui Juliana.<br><\/p>\n","protected":false},"excerpt":{"rendered":"<p>O Brasil chegou \u00e0 metade do prazo para implementa\u00e7\u00e3o do PNE e pouco ou quase nada foi feito. Mas, daqui em diante, quais os caminhos para sua efetiva\u00e7\u00e3o?<\/p>\n","protected":false},"featured_media":150,"comment_status":"open","ping_status":"closed","template":"","yoast_head":"<!-- This site is optimized with the Yoast SEO plugin v19.13 - https:\/\/yoast.com\/wordpress\/plugins\/seo\/ -->\n<title>Como garantir a implementa\u00e7\u00e3o do PNE ap\u00f3s 5 anos de descumprimento - 5 Anos do PNE<\/title>\n<meta name=\"description\" content=\"O Brasil chegou \u00e0 metade do prazo para implementa\u00e7\u00e3o do PNE e pouco ou quase nada foi feito. Mas, daqui em diante, quais os caminhos para sua efetiva\u00e7\u00e3o?\" \/>\n<meta name=\"robots\" content=\"index, follow, max-snippet:-1, max-image-preview:large, max-video-preview:-1\" \/>\n<link rel=\"canonical\" href=\"https:\/\/educacaointegral.org.br\/especiais\/5-anos-do-pne\/reportagens\/como-garantir-a-implementacao-do-pne\/\" \/>\n<meta property=\"og:locale\" content=\"pt_BR\" \/>\n<meta property=\"og:type\" content=\"article\" \/>\n<meta property=\"og:title\" content=\"Como garantir a implementa\u00e7\u00e3o do PNE ap\u00f3s 5 anos de descumprimento - 5 Anos do PNE\" \/>\n<meta property=\"og:description\" content=\"O Brasil chegou \u00e0 metade do prazo para implementa\u00e7\u00e3o do PNE e pouco ou quase nada foi feito. Mas, daqui em diante, quais os caminhos para sua efetiva\u00e7\u00e3o?\" \/>\n<meta property=\"og:url\" content=\"https:\/\/educacaointegral.org.br\/especiais\/5-anos-do-pne\/reportagens\/como-garantir-a-implementacao-do-pne\/\" \/>\n<meta property=\"og:site_name\" content=\"5 Anos do PNE\" \/>\n<meta property=\"article:modified_time\" content=\"2019-11-21T14:31:04+00:00\" \/>\n<meta property=\"og:image\" content=\"https:\/\/educacaointegral.org.br\/especiais\/5-anos-do-pne\/wp-content\/uploads\/sites\/2\/2019\/10\/iStock-1149149232.jpg\" \/>\n\t<meta property=\"og:image:width\" content=\"1254\" \/>\n\t<meta property=\"og:image:height\" content=\"837\" \/>\n\t<meta property=\"og:image:type\" content=\"image\/jpeg\" \/>\n<meta name=\"twitter:card\" content=\"summary_large_image\" \/>\n<meta name=\"twitter:label1\" content=\"Est. tempo de leitura\" \/>\n\t<meta name=\"twitter:data1\" content=\"3 minutos\" \/>\n<script type=\"application\/ld+json\" class=\"yoast-schema-graph\">{\"@context\":\"https:\/\/schema.org\",\"@graph\":[{\"@type\":\"WebPage\",\"@id\":\"https:\/\/educacaointegral.org.br\/especiais\/5-anos-do-pne\/reportagens\/como-garantir-a-implementacao-do-pne\/\",\"url\":\"https:\/\/educacaointegral.org.br\/especiais\/5-anos-do-pne\/reportagens\/como-garantir-a-implementacao-do-pne\/\",\"name\":\"Como garantir a implementa\u00e7\u00e3o do PNE ap\u00f3s 5 anos de descumprimento - 5 Anos do PNE\",\"isPartOf\":{\"@id\":\"https:\/\/educacaointegral.org.br\/especiais\/5-anos-do-pne\/#website\"},\"datePublished\":\"2019-10-22T14:26:51+00:00\",\"dateModified\":\"2019-11-21T14:31:04+00:00\",\"description\":\"O Brasil chegou \u00e0 metade do prazo para implementa\u00e7\u00e3o do PNE e pouco ou quase nada foi feito. Mas, daqui em diante, quais os caminhos para sua efetiva\u00e7\u00e3o?\",\"breadcrumb\":{\"@id\":\"https:\/\/educacaointegral.org.br\/especiais\/5-anos-do-pne\/reportagens\/como-garantir-a-implementacao-do-pne\/#breadcrumb\"},\"inLanguage\":\"pt-BR\",\"potentialAction\":[{\"@type\":\"ReadAction\",\"target\":[\"https:\/\/educacaointegral.org.br\/especiais\/5-anos-do-pne\/reportagens\/como-garantir-a-implementacao-do-pne\/\"]}]},{\"@type\":\"BreadcrumbList\",\"@id\":\"https:\/\/educacaointegral.org.br\/especiais\/5-anos-do-pne\/reportagens\/como-garantir-a-implementacao-do-pne\/#breadcrumb\",\"itemListElement\":[{\"@type\":\"ListItem\",\"position\":1,\"name\":\"Home\",\"item\":\"https:\/\/educacaointegral.org.br\/especiais\/5-anos-do-pne\/\"},{\"@type\":\"ListItem\",\"position\":2,\"name\":\"Reportagens\",\"item\":\"https:\/\/educacaointegral.org.br\/especiais\/5-anos-do-pne\/reportagens\/\"},{\"@type\":\"ListItem\",\"position\":3,\"name\":\"Como garantir a implementa\u00e7\u00e3o do PNE ap\u00f3s 5 anos de descumprimento\"}]},{\"@type\":\"WebSite\",\"@id\":\"https:\/\/educacaointegral.org.br\/especiais\/5-anos-do-pne\/#website\",\"url\":\"https:\/\/educacaointegral.org.br\/especiais\/5-anos-do-pne\/\",\"name\":\"5 Anos do PNE\",\"description\":\"S\u00f3 mais um site Centro de Refer\u00eancias em Educa\u00e7\u00e3o Integral | Especiais sites\",\"potentialAction\":[{\"@type\":\"SearchAction\",\"target\":{\"@type\":\"EntryPoint\",\"urlTemplate\":\"https:\/\/educacaointegral.org.br\/especiais\/5-anos-do-pne\/?s={search_term_string}\"},\"query-input\":\"required name=search_term_string\"}],\"inLanguage\":\"pt-BR\"}]}<\/script>\n<!-- \/ Yoast SEO plugin. -->","yoast_head_json":{"title":"Como garantir a implementa\u00e7\u00e3o do PNE ap\u00f3s 5 anos de descumprimento - 5 Anos do PNE","description":"O Brasil chegou \u00e0 metade do prazo para implementa\u00e7\u00e3o do PNE e pouco ou quase nada foi feito. Mas, daqui em diante, quais os caminhos para sua efetiva\u00e7\u00e3o?","robots":{"index":"index","follow":"follow","max-snippet":"max-snippet:-1","max-image-preview":"max-image-preview:large","max-video-preview":"max-video-preview:-1"},"canonical":"https:\/\/educacaointegral.org.br\/especiais\/5-anos-do-pne\/reportagens\/como-garantir-a-implementacao-do-pne\/","og_locale":"pt_BR","og_type":"article","og_title":"Como garantir a implementa\u00e7\u00e3o do PNE ap\u00f3s 5 anos de descumprimento - 5 Anos do PNE","og_description":"O Brasil chegou \u00e0 metade do prazo para implementa\u00e7\u00e3o do PNE e pouco ou quase nada foi feito. Mas, daqui em diante, quais os caminhos para sua efetiva\u00e7\u00e3o?","og_url":"https:\/\/educacaointegral.org.br\/especiais\/5-anos-do-pne\/reportagens\/como-garantir-a-implementacao-do-pne\/","og_site_name":"5 Anos do PNE","article_modified_time":"2019-11-21T14:31:04+00:00","og_image":[{"width":1254,"height":837,"url":"https:\/\/educacaointegral.org.br\/especiais\/5-anos-do-pne\/wp-content\/uploads\/sites\/2\/2019\/10\/iStock-1149149232.jpg","type":"image\/jpeg"}],"twitter_card":"summary_large_image","twitter_misc":{"Est. tempo de leitura":"3 minutos"},"schema":{"@context":"https:\/\/schema.org","@graph":[{"@type":"WebPage","@id":"https:\/\/educacaointegral.org.br\/especiais\/5-anos-do-pne\/reportagens\/como-garantir-a-implementacao-do-pne\/","url":"https:\/\/educacaointegral.org.br\/especiais\/5-anos-do-pne\/reportagens\/como-garantir-a-implementacao-do-pne\/","name":"Como garantir a implementa\u00e7\u00e3o do PNE ap\u00f3s 5 anos de descumprimento - 5 Anos do PNE","isPartOf":{"@id":"https:\/\/educacaointegral.org.br\/especiais\/5-anos-do-pne\/#website"},"datePublished":"2019-10-22T14:26:51+00:00","dateModified":"2019-11-21T14:31:04+00:00","description":"O Brasil chegou \u00e0 metade do prazo para implementa\u00e7\u00e3o do PNE e pouco ou quase nada foi feito. Mas, daqui em diante, quais os caminhos para sua efetiva\u00e7\u00e3o?","breadcrumb":{"@id":"https:\/\/educacaointegral.org.br\/especiais\/5-anos-do-pne\/reportagens\/como-garantir-a-implementacao-do-pne\/#breadcrumb"},"inLanguage":"pt-BR","potentialAction":[{"@type":"ReadAction","target":["https:\/\/educacaointegral.org.br\/especiais\/5-anos-do-pne\/reportagens\/como-garantir-a-implementacao-do-pne\/"]}]},{"@type":"BreadcrumbList","@id":"https:\/\/educacaointegral.org.br\/especiais\/5-anos-do-pne\/reportagens\/como-garantir-a-implementacao-do-pne\/#breadcrumb","itemListElement":[{"@type":"ListItem","position":1,"name":"Home","item":"https:\/\/educacaointegral.org.br\/especiais\/5-anos-do-pne\/"},{"@type":"ListItem","position":2,"name":"Reportagens","item":"https:\/\/educacaointegral.org.br\/especiais\/5-anos-do-pne\/reportagens\/"},{"@type":"ListItem","position":3,"name":"Como garantir a implementa\u00e7\u00e3o do PNE ap\u00f3s 5 anos de descumprimento"}]},{"@type":"WebSite","@id":"https:\/\/educacaointegral.org.br\/especiais\/5-anos-do-pne\/#website","url":"https:\/\/educacaointegral.org.br\/especiais\/5-anos-do-pne\/","name":"5 Anos do PNE","description":"S\u00f3 mais um site Centro de Refer\u00eancias em Educa\u00e7\u00e3o Integral | Especiais sites","potentialAction":[{"@type":"SearchAction","target":{"@type":"EntryPoint","urlTemplate":"https:\/\/educacaointegral.org.br\/especiais\/5-anos-do-pne\/?s={search_term_string}"},"query-input":"required name=search_term_string"}],"inLanguage":"pt-BR"}]}},"_links":{"self":[{"href":"https:\/\/educacaointegral.org.br\/especiais\/5-anos-do-pne\/wp-json\/wp\/v2\/reportagem\/59"}],"collection":[{"href":"https:\/\/educacaointegral.org.br\/especiais\/5-anos-do-pne\/wp-json\/wp\/v2\/reportagem"}],"about":[{"href":"https:\/\/educacaointegral.org.br\/especiais\/5-anos-do-pne\/wp-json\/wp\/v2\/types\/reportagem"}],"replies":[{"embeddable":true,"href":"https:\/\/educacaointegral.org.br\/especiais\/5-anos-do-pne\/wp-json\/wp\/v2\/comments?post=59"}],"wp:featuredmedia":[{"embeddable":true,"href":"https:\/\/educacaointegral.org.br\/especiais\/5-anos-do-pne\/wp-json\/wp\/v2\/media\/150"}],"wp:attachment":[{"href":"https:\/\/educacaointegral.org.br\/especiais\/5-anos-do-pne\/wp-json\/wp\/v2\/media?parent=59"}],"curies":[{"name":"wp","href":"https:\/\/api.w.org\/{rel}","templated":true}]}}