{"id":56,"date":"2019-10-22T11:22:36","date_gmt":"2019-10-22T14:22:36","guid":{"rendered":"https:\/\/educacaointegral.org.br\/especiais\/5-anos-do-pne\/?post_type=reportagem&#038;p=56"},"modified":"2019-11-05T16:31:48","modified_gmt":"2019-11-05T18:31:48","slug":"pne-e-os-estudantes","status":"publish","type":"reportagem","link":"https:\/\/educacaointegral.org.br\/especiais\/5-anos-do-pne\/reportagens\/pne-e-os-estudantes\/","title":{"rendered":"Os estudantes que est\u00e3o inspirando pol\u00edticas p\u00fablicas"},"content":{"rendered":"\n<p>Crian\u00e7as e adolescentes s\u00e3o produtoras de cultura e conhecimentos, e tamb\u00e9m podem contribuir para a constru\u00e7\u00e3o de pol\u00edticas p\u00fablicas, seja por meio da escuta ativa do que pensam e desejam, como tamb\u00e9m a partir do do que efetivamente produzem, ou realizam.<br><\/p>\n\n\n\n<p>Um exemplo desta colabora\u00e7\u00e3o reside nos projetos criados por estudantes que, at\u00e9 mesmo sem que soubessem, v\u00e3o na dire\u00e7\u00e3o da implementa\u00e7\u00e3o das <a href=\"https:\/\/educacaointegral.org.br\/materiais\/conhecendo-as-20-metas-do-plano-nacional-de-educacao\/\">metas<\/a> do <strong>Plano Nacional de Educa\u00e7\u00e3o (PNE)<\/strong>. <br><\/p>\n\n\n\n<p style=\"background-color:#e4610f\" class=\"has-text-color has-background has-very-light-gray-color\">O PNE, que completou metade de sua vig\u00eancia em 2019, teve avan\u00e7os parciais em apenas <a href=\"https:\/\/educacaointegral.org.br\/materiais\/plano-nacional-de-educacao-5-anos-de-descumprimento\/\">4 de suas 20 metas<\/a>, e as perspectivas de que seja cumprido at\u00e9 o fim de 2024 se tornam cada vez mais distantes.<br><\/p>\n\n\n\n<p>Ainda que a responsabilidade pelo cumprimento do PNE n\u00e3o seja dos alunos, olhar para a forma como eles estruturam e realizaram esses projetos pode fornecer pistas importantes sobre como criar e executar pol\u00edticas de maneira significativa, contextualizada e democr\u00e1tica.<br><\/p>\n\n\n\n<h3><strong>Educa\u00e7\u00e3o inclusiva<\/strong><\/h3>\n\n\n\n<p><\/p>\n\n\n\n<p style=\"color:#e4610f\" class=\"has-text-color has-background has-very-light-gray-background-color\"><a href=\"https:\/\/educacaointegral.org.br\/reportagens\/desvendando-pne-inclusao-pode-ajudar-na-construcao-de-uma-sociedade-mais-tolerante\/\">Meta 4<\/a> &#8211; Universalizar, para a popula\u00e7\u00e3o de quatro a 17 anos, o atendimento escolar aos estudantes com defici\u00eancia, transtornos globais do desenvolvimento e altas habilidades ou superdota\u00e7\u00e3o na rede regular de ensino.<br><\/p>\n\n\n\n<p>Gabriel Santos tinha 11 anos quando chegou \u00e0 Escola Municipal Dom S\u00edlvio Maria D\u00e1rio, em Itapeva (SP). Na tentativa de fazer amigos, se aproximou de Rafael Pereira, um menino da sua turma, e puxou assunto. \u201cEu tentava falar com ele, mas ele n\u00e3o me respondia\u201d, conta. <br><\/p>\n\n\n\n<p>Do outro lado, n\u00e3o era falta de vontade de conversar. Rafael, na verdade, \u00e9 surdo e se viu im\u00f3vel diante da situa\u00e7\u00e3o. Apesar de contar com uma int\u00e9rprete de Libras que traduzia as aulas, a intera\u00e7\u00e3o direta com os colegas ficava prejudicada. <br><\/p>\n\n\n\n<p><strong>Leia<\/strong>+: <a href=\"https:\/\/educacaointegral.org.br\/reportagens\/o-que-falta-para-a-escola-brasileira-praticar-a-educacao-inclusiva\/\">O que falta para a escola brasileira praticar a educa\u00e7\u00e3o inclusiva<\/a><\/p>\n\n\n\n<p>No recreio, comia sozinho. Durante o jogo de futebol, n\u00e3o conseguia acompanhar as estrat\u00e9gias que os amigos gritavam na quadra. \u201cN\u00f3s percebemos que ele ficava muito sozinho, e quer\u00edamos que o Rafael participasse das coisas com a gente\u201d, lembra Gabriel, agora com 14 anos.<br><\/p>\n\n\n\n<p>Conversando com outras crian\u00e7as da sala, que tamb\u00e9m manifestaram essa mesma preocupa\u00e7\u00e3o, os estudantes come\u00e7aram a pedir para a int\u00e9rprete ensinar os sinais b\u00e1sicos. Aos poucos, a turma inteira foi se envolvendo. O sucesso foi tanto que pediram por um hor\u00e1rio semanal espec\u00edfico para as aulas de Libras. <br><\/p>\n\n\n\n<p>\u201cEu s\u00f3 tinha contato com o meu pai e a minha m\u00e3e. Fiquei feliz quando comecei a conversar mais com os meus amigos e professores\u201d, conta Rafael.<br><\/p>\n\n\n\n<p>Atualmente, a escola possui um curso de Libras permanente, ap\u00f3s o hor\u00e1rio de aula, em que qualquer aluno matriculado pode se inscrever. Eles tamb\u00e9m promovem<a href=\"https:\/\/portal.aprendiz.uol.com.br\/2017\/12\/08\/teatro-em-libras-arte-como-ponte-entre-os-mundos-surdo-e-ouvinte\/\">  pe\u00e7as de teatro<\/a> e coral para a comunidade. A iniciativa venceu o <a href=\"https:\/\/criativosdaescola.com.br\/libras-voz-do-silencio\/\">Pr\u00eamio Criativos da Escola,<\/a> em 2016, e agora j\u00e1 h\u00e1 outras unidades aderindo ao projeto iniciado por Gabriel e seus amigos.<br><\/p>\n\n\n\n<blockquote class=\"wp-block-quote is-style-default\"><p><em>&#8220;Antes, a gente entendia que \u00e9ramos um tipo de pessoa e ele outro. Ter o Rafael mais pr\u00f3ximo nos ensinou que ele \u00e9 capaz de fazer tudo o que n\u00f3s fazemos. E isso foi transformando nosso jeito de olhar para outros alunos, para a diversidade, e para incluir a todos. Depois disso tudo, sei que somos capazes de transforma\u00e7\u00f5es para incluir cada vez mais pessoas\u201d, afirma Gabriel. <\/em><br><\/p><\/blockquote>\n\n\n\n<p>Em 2017 chegou \u00e0 escola Victor Hugo Rodrigues Alves, outro aluno surdo, que atesta o ambiente mais acolhedor. &#8220;Na minha escola anterior n\u00e3o era assim. Aqui eu consigo participar dos jogos e tenho muito mais intera\u00e7\u00e3o com os estudantes e professores&#8221;, diz.<br><\/p>\n\n\n\n<h3><strong>Alfabetiza\u00e7\u00e3o e analfabetismo funcional de jovens e adultos<\/strong><\/h3>\n\n\n\n<p><\/p>\n\n\n\n<p style=\"color:#e4610f\" class=\"has-text-color has-background has-very-light-gray-background-color\"><a href=\"https:\/\/educacaointegral.org.br\/noticias\/desvendando-pne-educacao-de-jovens-adultos-e-mais-um-capitulo-da-divida-social-pais\/\">Meta 9<\/a> &#8211; Erradicar o analfabetismo absoluto e reduzir em 50% a taxa de analfabetismo funcional.<br><\/p>\n\n\n\n<p>Foi em um ponto de \u00f4nibus que um grupo de estudantes viu de perto as dificuldades de quem n\u00e3o sabe ler. \u201cUma senhora perguntou para um mo\u00e7o qual era o \u00f4nibus vindo, e ele foi grosseiro\u201d, conta L\u00edvia dos Reis. Na \u00e9poca tinha 15 anos e ficou comovida com a cena. Junto a outros colegas, decidiram fazer algo para mudar essa realidade. <br><\/p>\n\n\n\n<p>Ap\u00f3s conduzirem uma pesquisa, descobriram que quase 60% das pessoas da comunidade onde viviam, em Andrequic\u00e9, em Tr\u00eas Marias (MG), n\u00e3o tinham terminado o Ensino Fundamental. E, destas, muitas eram analfabetas.<br><\/p>\n\n\n\n<p><strong>+:<\/strong> <a href=\"https:\/\/educacaointegral.org.br\/reportagens\/os-desafios-da-eja-para-incluir-quem-a-escola-abandonou\/\">Os desafios da EJA para incluir quem a escola abandonou<\/a><\/p>\n\n\n\n<p>\u201cEles diziam que era comum passarem por situa\u00e7\u00f5es como essas e que, frequentemente, se sentiam constrangidos e dependentes. Ent\u00e3o decidimos criar o projeto, porque eles t\u00eam esse direito, n\u00e3o depende da idade\u201d, diz L\u00edvia. <br><\/p>\n\n\n\n<p>Com a ajuda de professores da Escola Estadual Carlos Alexandre de Oliveira, onde estudavam, os adolescentes deram in\u00edcio ao projeto <em>Ensinando e Aprendendo<\/em>. Tr\u00eas vezes por semana, durante uma hora, iam \u00e0 casa de pessoas da comunidade para ensin\u00e1-los a <a href=\"https:\/\/educacaointegral.org.br\/reportagens\/nao-temos-um-unico-metodo-de-alfabetizacao-diz-professora-de-sobral\/\">ler e a escrever<\/a>.<br><\/p>\n\n\n\n<figure class=\"wp-block-image\"><img loading=\"lazy\" width=\"720\" height=\"404\" src=\"https:\/\/educacaointegral.org.br\/especiais\/5-anos-do-pne\/wp-content\/uploads\/sites\/2\/2019\/10\/Ensinando-e-Aprendendo-PNE-1.jpg\" alt=\"\" class=\"wp-image-84\" srcset=\"https:\/\/educacaointegral.org.br\/especiais\/5-anos-do-pne\/wp-content\/uploads\/sites\/2\/2019\/10\/Ensinando-e-Aprendendo-PNE-1.jpg 720w, https:\/\/educacaointegral.org.br\/especiais\/5-anos-do-pne\/wp-content\/uploads\/sites\/2\/2019\/10\/Ensinando-e-Aprendendo-PNE-1-300x168.jpg 300w\" sizes=\"(max-width: 720px) 100vw, 720px\" \/><figcaption><em>A turma durante uma das aulas. Cr\u00e9dito: Arquivo pessoal\/L\u00edvia dos Reis<\/em><\/figcaption><\/figure>\n\n\n\n<p>O projeto, que ocorreu nos anos de 2016 e 2017, com a atua\u00e7\u00e3o de cinco alunos, conseguiu promover avan\u00e7os significativos na alfabetiza\u00e7\u00e3o de 15 pessoas. \u201cEu nunca vou me esquecer da alegria que eu senti, e da pessoa, quando aprendia a escrever o pr\u00f3prio nome\u201d, rememora a jovem. <br><\/p>\n\n\n\n<p>Em 2018, o grupo se desfez. Alguns foram morar em outra cidade, e as atribula\u00e7\u00f5es do <a href=\"https:\/\/educacaointegral.org.br\/reportagens\/o-gargalo-do-ensino-medio-em-busca-da-escola-com-sentido-para-as-juventudes\/\">Ensino M\u00e9dio<\/a> fizeram com que tivessem menos tempo para se dedicarem a iniciativa. Hoje, aos 18 anos, L\u00edvia est\u00e1 terminando o ensino b\u00e1sico e j\u00e1 tem planos para retomar o projeto. Em breve ela conduzir\u00e1 uma forma\u00e7\u00e3o para instigar outros estudantes a ensinarem outras pessoas. <br><\/p>\n\n\n\n<blockquote class=\"wp-block-quote\"><p><em>\u201cMe incomoda deixar o projeto parado porque vi o bem que fez quando compartilhamos o pouquinho que sab\u00edamos, e quanto n\u00f3s aprendemos com eles. Tamb\u00e9m j\u00e1 estou desenvolvendo um projeto para cobrar do poder p\u00fablico que aqui tenha oferta de EJA.\u201d<\/em><br><\/p><\/blockquote>\n\n\n\n<h3><strong>Gest\u00e3o democr\u00e1tica&nbsp;<\/strong><\/h3>\n\n\n\n<p><\/p>\n\n\n\n<p style=\"color:#fe4610\" class=\"has-text-color has-background has-very-light-gray-background-color\"><a href=\"https:\/\/educacaointegral.org.br\/noticias\/desvendando-pne-gestao-democratica-pressupoe-participacao-qualificada\/\">Meta 19<\/a> &#8211; Garantir, em leis espec\u00edficas aprovadas no \u00e2mbito da Uni\u00e3o, dos estados, do Distrito Federal e dos munic\u00edpios, a efetiva\u00e7\u00e3o da gest\u00e3o democr\u00e1tica na educa\u00e7\u00e3o b\u00e1sica e superior p\u00fablica, informada pela preval\u00eancia de decis\u00f5es colegiadas nos \u00f3rg\u00e3os dos sistemas de ensino e nas institui\u00e7\u00f5es de educa\u00e7\u00e3o, e forma de acesso \u00e0s fun\u00e7\u00f5es de dire\u00e7\u00e3o que conjuguem m\u00e9rito e desempenho \u00e0 participa\u00e7\u00e3o das comunidades escolar e acad\u00eamica, observada a autonomia federativa e das universidades.<br><\/p>\n\n\n\n<p>&#8220;O gr\u00eamio permite incluir os alunos nos processos de decis\u00e3o, o que faz com que a gente exercite nossa cidadania, que se reflete na sociedade. Isso importa porque a escola deve formar os indiv\u00edduos por completo, n\u00e3o s\u00f3 na parte te\u00f3rica&#8221;, afirma a aluna de 3\u00ba ano do Ensino M\u00e9dio, D\u00e9bora Nascimento, 18 anos.<br><\/p>\n\n\n\n<p>Essa foi a compreens\u00e3o que levou a estudante e seus colegas a decidirem implementar um gr\u00eamio onde estudam, no Col\u00e9gio Dom Eug\u00eanio Salles, localizado na Cidade de Deus (RJ).<br><\/p>\n\n\n\n<p><strong>Leia+<\/strong>: <a href=\"https:\/\/educacaointegral.org.br\/metodologias\/gestao-democratica-como-ouvir-jovens-na-escola\/\">Gest\u00e3o democr\u00e1tica: como ouvir jovens na escola?<\/a><\/p>\n\n\n\n<p>O grupo ganhou for\u00e7a quando conheceram, em um <a href=\"https:\/\/portal.aprendiz.uol.com.br\/2019\/05\/09\/cursinhos-populares-sao-aliados-para-estudantes-das-periferias\/\">Cursinho Popular<\/a> da regi\u00e3o, Salvino Oliveira Barbosa, 21 anos, que estuda Gest\u00e3o P\u00fablica na Universidade Federal do Rio de Janeiro (UFRJ). Barbosa estava, por acaso, desenvolvendo um projeto que deveria incidir em uma escola do Ensino M\u00e9dio.<\/p>\n\n\n\n<p>&#8220;Ter espa\u00e7o de debate na Cidade de Deus cria um sentimento de pertencimento ao lugar. E isso \u00e9 importante, porque s\u00f3 se \u00e9 capaz de preservar aquilo que se entende como seu. A atua\u00e7\u00e3o do gr\u00eamio aumentou a conex\u00e3o com o bairro, as fam\u00edlias e a comunidade. E tudo isso precisa estar conectado para melhorar a qualidade da educa\u00e7\u00e3o&#8221;, diz Salvino.<br><\/p>\n\n\n\n<p>Dentre as atividades que o gr\u00eamio j\u00e1 desenvolveu est\u00e1 a parceria com o posto de sa\u00fade, e a Companhia Municipal de Limpeza Urbana (Comlurb) para reformar pra\u00e7as da Cidade de Deus, com instala\u00e7\u00e3o de bibliotecas comunit\u00e1rias, a realiza\u00e7\u00e3o de cine-debates, e a constru\u00e7\u00e3o de uma horta comunit\u00e1ria na parte externa do col\u00e9gio.<br><\/p>\n\n\n\n<blockquote class=\"wp-block-quote\"><p><em>&#8220;Queremos articular escola e territ\u00f3rio, trazer novos projetos culturais, e as demandas da nossa comunidade. Por tudo isso, e pelo que ela representa, nomeamos nosso gr\u00eamio de Marielle Franco&#8221;, conta D\u00e9bora.<\/em><br><\/p><\/blockquote>\n\n\n\n<p><strong>Participa\u00e7\u00e3o itinerante<\/strong><br><\/p>\n\n\n\n<p>Em outra parte do Rio de Janeiro, em Campo Grande, cinco jovens se mobilizaram com um intuito parecido, e fundaram a Caravana Itinerante da Juventude, conhecida como <a href=\"https:\/\/www.facebook.com\/CIJogarj\/\">CIJoga<\/a>.&nbsp;<br><\/p>\n\n\n\n<p>O projeto busca estimular a <a href=\"https:\/\/cidadeseducadoras.org.br\/reportagens\/constituicao-de-88-e-a-escola-democratica-como-horizonte\/\">participa\u00e7\u00e3o pol\u00edtica e social de jovens<\/a>, e consiste em ouvir os estudantes sobre quest\u00f5es relacionadas \u00e0 escola e \u00e0 comunidade e, depois, construir coletivamente solu\u00e7\u00f5es para os problemas apresentados, tamb\u00e9m propondo parcerias com o poder p\u00fablico e o <a href=\"https:\/\/educacaointegral.org.br\/reportagens\/qual-vocacao-educativa-das-organizacoes-da-sociedade-civil-oscs\/\">terceiro setor<\/a>.&nbsp;<br><\/p>\n\n\n\n<figure class=\"wp-block-embed-instagram wp-block-embed is-type-rich is-provider-instagram\"><div class=\"wp-block-embed__wrapper\">\n<blockquote class=\"instagram-media\" data-instgrm-captioned data-instgrm-permalink=\"https:\/\/www.instagram.com\/p\/B3VJkiGpBhN\/?utm_source=ig_embed&amp;utm_campaign=loading\" data-instgrm-version=\"12\" style=\" background:#FFF; border:0; border-radius:3px; box-shadow:0 0 1px 0 rgba(0,0,0,0.5),0 1px 10px 0 rgba(0,0,0,0.15); margin: 1px; max-width:640px; min-width:326px; padding:0; width:99.375%; width:-webkit-calc(100% - 2px); width:calc(100% - 2px);\"><div style=\"padding:16px;\"> <a href=\"https:\/\/www.instagram.com\/p\/B3VJkiGpBhN\/?utm_source=ig_embed&amp;utm_campaign=loading\" style=\" background:#FFFFFF; line-height:0; padding:0 0; text-align:center; text-decoration:none; width:100%;\" target=\"_blank\"> <div style=\" display: flex; flex-direction: row; align-items: center;\"> <div style=\"background-color: #F4F4F4; border-radius: 50%; flex-grow: 0; height: 40px; margin-right: 14px; width: 40px;\"><\/div> <div style=\"display: flex; flex-direction: column; flex-grow: 1; justify-content: center;\"> <div style=\" background-color: #F4F4F4; border-radius: 4px; flex-grow: 0; height: 14px; margin-bottom: 6px; width: 100px;\"><\/div> <div style=\" background-color: #F4F4F4; border-radius: 4px; flex-grow: 0; height: 14px; width: 60px;\"><\/div><\/div><\/div><div style=\"padding: 19% 0;\"><\/div> <div style=\"display:block; height:50px; margin:0 auto 12px; width:50px;\"><svg width=\"50px\" height=\"50px\" viewBox=\"0 0 60 60\" version=\"1.1\" xmlns=\"https:\/\/www.w3.org\/2000\/svg\" xmlns:xlink=\"https:\/\/www.w3.org\/1999\/xlink\"><g stroke=\"none\" stroke-width=\"1\" fill=\"none\" fill-rule=\"evenodd\"><g transform=\"translate(-511.000000, -20.000000)\" fill=\"#000000\"><g><path d=\"M556.869,30.41 C554.814,30.41 553.148,32.076 553.148,34.131 C553.148,36.186 554.814,37.852 556.869,37.852 C558.924,37.852 560.59,36.186 560.59,34.131 C560.59,32.076 558.924,30.41 556.869,30.41 M541,60.657 C535.114,60.657 530.342,55.887 530.342,50 C530.342,44.114 535.114,39.342 541,39.342 C546.887,39.342 551.658,44.114 551.658,50 C551.658,55.887 546.887,60.657 541,60.657 M541,33.886 C532.1,33.886 524.886,41.1 524.886,50 C524.886,58.899 532.1,66.113 541,66.113 C549.9,66.113 557.115,58.899 557.115,50 C557.115,41.1 549.9,33.886 541,33.886 M565.378,62.101 C565.244,65.022 564.756,66.606 564.346,67.663 C563.803,69.06 563.154,70.057 562.106,71.106 C561.058,72.155 560.06,72.803 558.662,73.347 C557.607,73.757 556.021,74.244 553.102,74.378 C549.944,74.521 548.997,74.552 541,74.552 C533.003,74.552 532.056,74.521 528.898,74.378 C525.979,74.244 524.393,73.757 523.338,73.347 C521.94,72.803 520.942,72.155 519.894,71.106 C518.846,70.057 518.197,69.06 517.654,67.663 C517.244,66.606 516.755,65.022 516.623,62.101 C516.479,58.943 516.448,57.996 516.448,50 C516.448,42.003 516.479,41.056 516.623,37.899 C516.755,34.978 517.244,33.391 517.654,32.338 C518.197,30.938 518.846,29.942 519.894,28.894 C520.942,27.846 521.94,27.196 523.338,26.654 C524.393,26.244 525.979,25.756 528.898,25.623 C532.057,25.479 533.004,25.448 541,25.448 C548.997,25.448 549.943,25.479 553.102,25.623 C556.021,25.756 557.607,26.244 558.662,26.654 C560.06,27.196 561.058,27.846 562.106,28.894 C563.154,29.942 563.803,30.938 564.346,32.338 C564.756,33.391 565.244,34.978 565.378,37.899 C565.522,41.056 565.552,42.003 565.552,50 C565.552,57.996 565.522,58.943 565.378,62.101 M570.82,37.631 C570.674,34.438 570.167,32.258 569.425,30.349 C568.659,28.377 567.633,26.702 565.965,25.035 C564.297,23.368 562.623,22.342 560.652,21.575 C558.743,20.834 556.562,20.326 553.369,20.18 C550.169,20.033 549.148,20 541,20 C532.853,20 531.831,20.033 528.631,20.18 C525.438,20.326 523.257,20.834 521.349,21.575 C519.376,22.342 517.703,23.368 516.035,25.035 C514.368,26.702 513.342,28.377 512.574,30.349 C511.834,32.258 511.326,34.438 511.181,37.631 C511.035,40.831 511,41.851 511,50 C511,58.147 511.035,59.17 511.181,62.369 C511.326,65.562 511.834,67.743 512.574,69.651 C513.342,71.625 514.368,73.296 516.035,74.965 C517.703,76.634 519.376,77.658 521.349,78.425 C523.257,79.167 525.438,79.673 528.631,79.82 C531.831,79.965 532.853,80.001 541,80.001 C549.148,80.001 550.169,79.965 553.369,79.82 C556.562,79.673 558.743,79.167 560.652,78.425 C562.623,77.658 564.297,76.634 565.965,74.965 C567.633,73.296 568.659,71.625 569.425,69.651 C570.167,67.743 570.674,65.562 570.82,62.369 C570.966,59.17 571,58.147 571,50 C571,41.851 570.966,40.831 570.82,37.631\"><\/path><\/g><\/g><\/g><\/svg><\/div><div style=\"padding-top: 8px;\"> <div style=\" color:#3897f0; font-family:Arial,sans-serif; font-size:14px; font-style:normal; font-weight:550; line-height:18px;\"> View this post on Instagram<\/div><\/div><div style=\"padding: 12.5% 0;\"><\/div> <div style=\"display: flex; flex-direction: row; margin-bottom: 14px; align-items: center;\"><div> <div style=\"background-color: #F4F4F4; border-radius: 50%; height: 12.5px; width: 12.5px; transform: translateX(0px) translateY(7px);\"><\/div> <div style=\"background-color: #F4F4F4; height: 12.5px; transform: rotate(-45deg) translateX(3px) translateY(1px); width: 12.5px; flex-grow: 0; margin-right: 14px; margin-left: 2px;\"><\/div> <div style=\"background-color: #F4F4F4; border-radius: 50%; height: 12.5px; width: 12.5px; transform: translateX(9px) translateY(-18px);\"><\/div><\/div><div style=\"margin-left: 8px;\"> <div style=\" background-color: #F4F4F4; border-radius: 50%; flex-grow: 0; height: 20px; width: 20px;\"><\/div> <div style=\" width: 0; height: 0; border-top: 2px solid transparent; border-left: 6px solid #f4f4f4; border-bottom: 2px solid transparent; transform: translateX(16px) translateY(-4px) rotate(30deg)\"><\/div><\/div><div style=\"margin-left: auto;\"> <div style=\" width: 0px; border-top: 8px solid #F4F4F4; border-right: 8px solid transparent; transform: translateY(16px);\"><\/div> <div style=\" background-color: #F4F4F4; flex-grow: 0; height: 12px; width: 16px; transform: translateY(-4px);\"><\/div> <div style=\" width: 0; height: 0; border-top: 8px solid #F4F4F4; border-left: 8px solid transparent; transform: translateY(-4px) translateX(8px);\"><\/div><\/div><\/div><\/a> <p style=\" margin:8px 0 0 0; padding:0 4px;\"> <a href=\"https:\/\/www.instagram.com\/p\/B3VJkiGpBhN\/?utm_source=ig_embed&amp;utm_campaign=loading\" style=\" color:#000; font-family:Arial,sans-serif; font-size:14px; font-style:normal; font-weight:normal; line-height:17px; text-decoration:none; word-wrap:break-word;\" target=\"_blank\">E a\u00ed galera!! Esses s\u00e3o os jovens do M\u00e1rio Quintana falando como foi nosso encontro hoje. Se liga nos nossos stories pra ver mais como foi!<\/a><\/p> <p style=\" color:#c9c8cd; font-family:Arial,sans-serif; font-size:14px; line-height:17px; margin-bottom:0; margin-top:8px; overflow:hidden; padding:8px 0 7px; text-align:center; text-overflow:ellipsis; white-space:nowrap;\">A post shared by <a href=\"https:\/\/www.instagram.com\/cijogarj\/?utm_source=ig_embed&amp;utm_campaign=loading\" style=\" color:#c9c8cd; font-family:Arial,sans-serif; font-size:14px; font-style:normal; font-weight:normal; line-height:17px;\" target=\"_blank\"> CIJoga<\/a> (@cijogarj) on <time style=\" font-family:Arial,sans-serif; font-size:14px; line-height:17px;\" datetime=\"2019-10-07T20:37:30+00:00\">Oct 7, 2019 at 1:37pm PDT<\/time><\/p><\/div><\/blockquote><script async src=\"\/\/www.instagram.com\/embed.js\"><\/script>\n<\/div><\/figure>\n\n\n\n<p>&#8220;N\u00f3s procuramos mostrar que eles vivem pol\u00edtica p\u00fablica, que ela n\u00e3o \u00e9 algo distante. Tamb\u00e9m temos muito claro que n\u00f3s n\u00e3o vamos dar voz a ningu\u00e9m. Eles t\u00eam voz, s\u00f3 mostramos que eles podem e sabem falar&#8221;, explica Gelson Henrique Silva da Silva, 20 anos, estudante da Faculdade de Ci\u00eancias Sociais da Universidade Federal Rural do Rio de Janeiro (UFRRJ) e um dos integrantes da CIJoga.&nbsp; <br><\/p>\n\n\n\n<p>Gelson tamb\u00e9m afirma que essa maneira coletiva de debater e construir \u00e9 crucial. Do contr\u00e1rio, &#8220;seria mais do mesmo, como j\u00e1 s\u00e3o feitas e implementadas boa parte das pol\u00edticas p\u00fablicas no pa\u00eds&#8221; \u2014 sem ouvir os jovens.<br><\/p>\n\n\n\n<blockquote class=\"wp-block-quote\"><p><em>&#8220;Os jovens sabem o que querem e t\u00eam interesse por pol\u00edtica e por atuar, seja na escola ou na comunidade. E dentro do ambiente escolar, especificamente, essa participa\u00e7\u00e3o dos estudantes ajuda a combater a evas\u00e3o e a melhorar as rela\u00e7\u00f5es, porque a escola passa a fazer mais sentido para eles, e professores, alunos e diretores conseguem construir caminhos coletivamente&#8221;, diz Gelson.<\/em><br><\/p><\/blockquote>\n","protected":false},"excerpt":{"rendered":"<p>Conhe\u00e7a projetos de educa\u00e7\u00e3o inclusiva, alfabetiza\u00e7\u00e3o e gest\u00e3o democr\u00e1tica constru\u00eddos e implementados por estudantes de escolas e universidades p\u00fablicas<\/p>\n","protected":false},"featured_media":85,"comment_status":"open","ping_status":"closed","template":"","yoast_head":"<!-- This site is optimized with the Yoast SEO plugin v19.13 - https:\/\/yoast.com\/wordpress\/plugins\/seo\/ -->\n<title>Os estudantes que est\u00e3o inspirando pol\u00edticas p\u00fablicas - 5 Anos do PNE<\/title>\n<meta name=\"description\" content=\"Conhe\u00e7a projetos de educa\u00e7\u00e3o inclusiva, alfabetiza\u00e7\u00e3o e gest\u00e3o democr\u00e1tica constru\u00eddos e implementados por estudantes de escolas p\u00fablicas brasileiras\" \/>\n<meta name=\"robots\" content=\"index, follow, max-snippet:-1, max-image-preview:large, max-video-preview:-1\" \/>\n<link rel=\"canonical\" href=\"https:\/\/educacaointegral.org.br\/especiais\/5-anos-do-pne\/reportagens\/pne-e-os-estudantes\/\" \/>\n<meta property=\"og:locale\" content=\"pt_BR\" \/>\n<meta property=\"og:type\" content=\"article\" \/>\n<meta property=\"og:title\" content=\"Os estudantes que est\u00e3o inspirando pol\u00edticas p\u00fablicas - 5 Anos do PNE\" \/>\n<meta property=\"og:description\" content=\"Conhe\u00e7a projetos de educa\u00e7\u00e3o inclusiva, alfabetiza\u00e7\u00e3o e gest\u00e3o democr\u00e1tica constru\u00eddos e implementados por estudantes de escolas p\u00fablicas brasileiras\" \/>\n<meta property=\"og:url\" content=\"https:\/\/educacaointegral.org.br\/especiais\/5-anos-do-pne\/reportagens\/pne-e-os-estudantes\/\" \/>\n<meta property=\"og:site_name\" content=\"5 Anos do PNE\" \/>\n<meta property=\"article:modified_time\" content=\"2019-11-05T18:31:48+00:00\" \/>\n<meta property=\"og:image\" content=\"https:\/\/educacaointegral.org.br\/especiais\/5-anos-do-pne\/wp-content\/uploads\/sites\/2\/2019\/10\/iStock-537311780.jpg\" \/>\n\t<meta property=\"og:image:width\" content=\"1254\" \/>\n\t<meta property=\"og:image:height\" content=\"836\" \/>\n\t<meta property=\"og:image:type\" content=\"image\/jpeg\" \/>\n<meta name=\"twitter:card\" content=\"summary_large_image\" \/>\n<meta name=\"twitter:label1\" content=\"Est. tempo de leitura\" \/>\n\t<meta name=\"twitter:data1\" content=\"8 minutos\" \/>\n<script type=\"application\/ld+json\" class=\"yoast-schema-graph\">{\"@context\":\"https:\/\/schema.org\",\"@graph\":[{\"@type\":\"WebPage\",\"@id\":\"https:\/\/educacaointegral.org.br\/especiais\/5-anos-do-pne\/reportagens\/pne-e-os-estudantes\/\",\"url\":\"https:\/\/educacaointegral.org.br\/especiais\/5-anos-do-pne\/reportagens\/pne-e-os-estudantes\/\",\"name\":\"Os estudantes que est\u00e3o inspirando pol\u00edticas p\u00fablicas - 5 Anos do PNE\",\"isPartOf\":{\"@id\":\"https:\/\/educacaointegral.org.br\/especiais\/5-anos-do-pne\/#website\"},\"datePublished\":\"2019-10-22T14:22:36+00:00\",\"dateModified\":\"2019-11-05T18:31:48+00:00\",\"description\":\"Conhe\u00e7a projetos de educa\u00e7\u00e3o inclusiva, alfabetiza\u00e7\u00e3o e gest\u00e3o democr\u00e1tica constru\u00eddos e implementados por estudantes de escolas p\u00fablicas brasileiras\",\"breadcrumb\":{\"@id\":\"https:\/\/educacaointegral.org.br\/especiais\/5-anos-do-pne\/reportagens\/pne-e-os-estudantes\/#breadcrumb\"},\"inLanguage\":\"pt-BR\",\"potentialAction\":[{\"@type\":\"ReadAction\",\"target\":[\"https:\/\/educacaointegral.org.br\/especiais\/5-anos-do-pne\/reportagens\/pne-e-os-estudantes\/\"]}]},{\"@type\":\"BreadcrumbList\",\"@id\":\"https:\/\/educacaointegral.org.br\/especiais\/5-anos-do-pne\/reportagens\/pne-e-os-estudantes\/#breadcrumb\",\"itemListElement\":[{\"@type\":\"ListItem\",\"position\":1,\"name\":\"Home\",\"item\":\"https:\/\/educacaointegral.org.br\/especiais\/5-anos-do-pne\/\"},{\"@type\":\"ListItem\",\"position\":2,\"name\":\"Reportagens\",\"item\":\"https:\/\/educacaointegral.org.br\/especiais\/5-anos-do-pne\/reportagens\/\"},{\"@type\":\"ListItem\",\"position\":3,\"name\":\"Os estudantes que est\u00e3o inspirando pol\u00edticas p\u00fablicas\"}]},{\"@type\":\"WebSite\",\"@id\":\"https:\/\/educacaointegral.org.br\/especiais\/5-anos-do-pne\/#website\",\"url\":\"https:\/\/educacaointegral.org.br\/especiais\/5-anos-do-pne\/\",\"name\":\"5 Anos do PNE\",\"description\":\"S\u00f3 mais um site Centro de Refer\u00eancias em Educa\u00e7\u00e3o Integral | Especiais sites\",\"potentialAction\":[{\"@type\":\"SearchAction\",\"target\":{\"@type\":\"EntryPoint\",\"urlTemplate\":\"https:\/\/educacaointegral.org.br\/especiais\/5-anos-do-pne\/?s={search_term_string}\"},\"query-input\":\"required name=search_term_string\"}],\"inLanguage\":\"pt-BR\"}]}<\/script>\n<!-- \/ Yoast SEO plugin. -->","yoast_head_json":{"title":"Os estudantes que est\u00e3o inspirando pol\u00edticas p\u00fablicas - 5 Anos do PNE","description":"Conhe\u00e7a projetos de educa\u00e7\u00e3o inclusiva, alfabetiza\u00e7\u00e3o e gest\u00e3o democr\u00e1tica constru\u00eddos e implementados por estudantes de escolas p\u00fablicas brasileiras","robots":{"index":"index","follow":"follow","max-snippet":"max-snippet:-1","max-image-preview":"max-image-preview:large","max-video-preview":"max-video-preview:-1"},"canonical":"https:\/\/educacaointegral.org.br\/especiais\/5-anos-do-pne\/reportagens\/pne-e-os-estudantes\/","og_locale":"pt_BR","og_type":"article","og_title":"Os estudantes que est\u00e3o inspirando pol\u00edticas p\u00fablicas - 5 Anos do PNE","og_description":"Conhe\u00e7a projetos de educa\u00e7\u00e3o inclusiva, alfabetiza\u00e7\u00e3o e gest\u00e3o democr\u00e1tica constru\u00eddos e implementados por estudantes de escolas p\u00fablicas brasileiras","og_url":"https:\/\/educacaointegral.org.br\/especiais\/5-anos-do-pne\/reportagens\/pne-e-os-estudantes\/","og_site_name":"5 Anos do PNE","article_modified_time":"2019-11-05T18:31:48+00:00","og_image":[{"width":1254,"height":836,"url":"https:\/\/educacaointegral.org.br\/especiais\/5-anos-do-pne\/wp-content\/uploads\/sites\/2\/2019\/10\/iStock-537311780.jpg","type":"image\/jpeg"}],"twitter_card":"summary_large_image","twitter_misc":{"Est. tempo de leitura":"8 minutos"},"schema":{"@context":"https:\/\/schema.org","@graph":[{"@type":"WebPage","@id":"https:\/\/educacaointegral.org.br\/especiais\/5-anos-do-pne\/reportagens\/pne-e-os-estudantes\/","url":"https:\/\/educacaointegral.org.br\/especiais\/5-anos-do-pne\/reportagens\/pne-e-os-estudantes\/","name":"Os estudantes que est\u00e3o inspirando pol\u00edticas p\u00fablicas - 5 Anos do PNE","isPartOf":{"@id":"https:\/\/educacaointegral.org.br\/especiais\/5-anos-do-pne\/#website"},"datePublished":"2019-10-22T14:22:36+00:00","dateModified":"2019-11-05T18:31:48+00:00","description":"Conhe\u00e7a projetos de educa\u00e7\u00e3o inclusiva, alfabetiza\u00e7\u00e3o e gest\u00e3o democr\u00e1tica constru\u00eddos e implementados por estudantes de escolas p\u00fablicas brasileiras","breadcrumb":{"@id":"https:\/\/educacaointegral.org.br\/especiais\/5-anos-do-pne\/reportagens\/pne-e-os-estudantes\/#breadcrumb"},"inLanguage":"pt-BR","potentialAction":[{"@type":"ReadAction","target":["https:\/\/educacaointegral.org.br\/especiais\/5-anos-do-pne\/reportagens\/pne-e-os-estudantes\/"]}]},{"@type":"BreadcrumbList","@id":"https:\/\/educacaointegral.org.br\/especiais\/5-anos-do-pne\/reportagens\/pne-e-os-estudantes\/#breadcrumb","itemListElement":[{"@type":"ListItem","position":1,"name":"Home","item":"https:\/\/educacaointegral.org.br\/especiais\/5-anos-do-pne\/"},{"@type":"ListItem","position":2,"name":"Reportagens","item":"https:\/\/educacaointegral.org.br\/especiais\/5-anos-do-pne\/reportagens\/"},{"@type":"ListItem","position":3,"name":"Os estudantes que est\u00e3o inspirando pol\u00edticas p\u00fablicas"}]},{"@type":"WebSite","@id":"https:\/\/educacaointegral.org.br\/especiais\/5-anos-do-pne\/#website","url":"https:\/\/educacaointegral.org.br\/especiais\/5-anos-do-pne\/","name":"5 Anos do PNE","description":"S\u00f3 mais um site Centro de Refer\u00eancias em Educa\u00e7\u00e3o Integral | Especiais sites","potentialAction":[{"@type":"SearchAction","target":{"@type":"EntryPoint","urlTemplate":"https:\/\/educacaointegral.org.br\/especiais\/5-anos-do-pne\/?s={search_term_string}"},"query-input":"required name=search_term_string"}],"inLanguage":"pt-BR"}]}},"_links":{"self":[{"href":"https:\/\/educacaointegral.org.br\/especiais\/5-anos-do-pne\/wp-json\/wp\/v2\/reportagem\/56"}],"collection":[{"href":"https:\/\/educacaointegral.org.br\/especiais\/5-anos-do-pne\/wp-json\/wp\/v2\/reportagem"}],"about":[{"href":"https:\/\/educacaointegral.org.br\/especiais\/5-anos-do-pne\/wp-json\/wp\/v2\/types\/reportagem"}],"replies":[{"embeddable":true,"href":"https:\/\/educacaointegral.org.br\/especiais\/5-anos-do-pne\/wp-json\/wp\/v2\/comments?post=56"}],"wp:featuredmedia":[{"embeddable":true,"href":"https:\/\/educacaointegral.org.br\/especiais\/5-anos-do-pne\/wp-json\/wp\/v2\/media\/85"}],"wp:attachment":[{"href":"https:\/\/educacaointegral.org.br\/especiais\/5-anos-do-pne\/wp-json\/wp\/v2\/media?parent=56"}],"curies":[{"name":"wp","href":"https:\/\/api.w.org\/{rel}","templated":true}]}}